{"id":458846,"date":"2018-05-25T15:39:53","date_gmt":"2018-05-25T14:39:53","guid":{"rendered":"https:\/\/www.classiccar-auctions.com\/?page_id=458846"},"modified":"2023-02-09T15:20:19","modified_gmt":"2023-02-09T14:20:19","slug":"auction-68892","status":"publish","type":"page","link":"https:\/\/archive.classiccar-auctions.com\/fr\/auction-68892\/","title":{"rendered":"Vente aux ench\u00e8res 68892"},"content":{"rendered":"<div id=\"fws_69ef520f91719\"  data-column-margin=\"default\" data-midnight=\"light\"  class=\"wpb_row vc_row-fluid vc_row full-width-section\"  style=\"padding-top: 150px; padding-bottom: 150px; \"><div class=\"row-bg-wrap\" data-bg-animation=\"none\" data-bg-animation-delay=\"\" data-bg-overlay=\"false\"><div class=\"inner-wrap row-bg-layer using-image\" ><div class=\"row-bg viewport-desktop using-image\"  style=\"background-image: url(https:\/\/archive.classiccar-auctions.com\/wp-content\/uploads\/2021\/11\/header-website-november2021-eibergen-2-scaled.jpg); background-position: center bottom; background-repeat: no-repeat; \"><\/div><\/div><div class=\"row-bg-overlay row-bg-layer\" style=\"background:linear-gradient(0deg, rgb(20,20,20) 10%, rgba(20,20,20,0.512) 90%);\"><\/div><\/div><div class=\"row_col_wrap_12 col span_12 light left\">\n\t<div  class=\"vc_col-sm-2 wpb_column column_container vc_column_container col no-extra-padding inherit_tablet inherit_phone\"  data-padding-pos=\"all\" data-has-bg-color=\"false\" data-bg-color=\"\" data-bg-opacity=\"1\" data-animation=\"\" data-delay=\"0\" >\n\t\t<div class=\"vc_column-inner\" >\n\t\t\t<div class=\"wpb_wrapper\">\n\t\t\t\t\n\t\t\t<\/div> \n\t\t<\/div>\n\t<\/div> \n\n\t<div  class=\"vc_col-sm-8 wpb_column column_container vc_column_container col centered-text padding-1-percent inherit_tablet inherit_phone\"  data-padding-pos=\"all\" data-has-bg-color=\"false\" data-bg-color=\"\" data-bg-opacity=\"1\" data-animation=\"\" data-delay=\"0\" >\n\t\t<div class=\"vc_column-inner\" >\n\t\t\t<div class=\"wpb_wrapper\">\n\t\t\t\t\n<div class=\"wpb_text_column wpb_content_element\" >\n\t<div class=\"wpb_wrapper\">\n\t\t<h2 style=\"text-align: center;\">Voitures classiques, sportives et Youngtimers \u00e0 Eibergen<\/h2>\n\t<\/div>\n<\/div>\n\n\n\n<div class=\"nectar-next-section-wrap minimal-arrow alignment_tablet_default alignment_phone_default display_tablet_inherit display_phone_inherit\"  data-align=\"center\" data-custom-color=\"true\">\n    <a href=\"#\" class=\"nectar-next-section skip-hash\">\n      <span class=\"screen-reader-text\">Acc\u00e9der \u00e0 la section suivante<\/span>\n      <svg class=\"next-arrow\" width=\"40px\" height=\"68px\" viewbox=\"0 0 40 50\" xml:space=\"preserve\">\n      <path stroke=\"#ffffff\" stroke-width=\"2\" fill=\"none\" d=\"M 20 0 L 20 51\"><\/path>\n      <polyline stroke=\"#ffffff\" stroke-width=\"2\" fill=\"none\" points=\"12, 44 20, 52 28, 44\"><\/polyline>\n      <\/svg>\n    <\/a>\n  <\/div>\n\t\t\t<\/div> \n\t\t<\/div>\n\t<\/div> \n\n\t<div  class=\"vc_col-sm-2 wpb_column column_container vc_column_container col no-extra-padding inherit_tablet inherit_phone\"  data-padding-pos=\"all\" data-has-bg-color=\"false\" data-bg-color=\"\" data-bg-opacity=\"1\" data-animation=\"\" data-delay=\"0\" >\n\t\t<div class=\"vc_column-inner\" >\n\t\t\t<div class=\"wpb_wrapper\">\n\t\t\t\t\n\t\t\t<\/div> \n\t\t<\/div>\n\t<\/div> \n<\/div><\/div>\n\t\t<div id=\"fws_69ef520f92257\"  data-column-margin=\"default\" data-midnight=\"dark\" data-top-percent=\"3%\"  class=\"wpb_row vc_row-fluid vc_row\"  style=\"padding-top: calc(100vw * 0.03); padding-bottom: 0px; \"><div class=\"row-bg-wrap\" data-bg-animation=\"none\" data-bg-animation-delay=\"\" data-bg-overlay=\"false\"><div class=\"inner-wrap row-bg-layer\" ><div class=\"row-bg viewport-desktop\"  style=\"\"><\/div><\/div><\/div><div class=\"row_col_wrap_12 col span_12 dark left\">\n\t<div  class=\"vc_col-sm-6 wpb_column column_container vc_column_container col no-extra-padding inherit_tablet inherit_phone\"  data-padding-pos=\"all\" data-has-bg-color=\"false\" data-bg-color=\"\" data-bg-opacity=\"1\" data-animation=\"\" data-delay=\"0\" >\n\t\t<div class=\"vc_column-inner\" >\n\t\t\t<div class=\"wpb_wrapper\">\n\t\t\t\t\n<div class=\"wpb_text_column wpb_content_element\" >\n\t<div class=\"wpb_wrapper\">\n\t\t<h3><span class=\"inner\">Dates des ench\u00e8res<\/span><\/h3>\n\t<\/div>\n<\/div>\n\n\n\n<div class=\"divider-wrap\" data-alignment=\"default\"><div style=\"height: 10px;\" class=\"divider\"><\/div><\/div>\n<div class=\"wpb_text_column wpb_content_element\" >\n\t<div class=\"wpb_wrapper\">\n\t\t<p><strong>Lancer l&#039;ench\u00e8re\u00a0:<\/strong> vendredi 10 f\u00e9vrier 2023 \u00e0 17:00<br \/>\n<strong>Fermeture:<\/strong> mercredi 1 mars 2023 \u00e0 partir de 20h00<\/p>\n<p><strong>Jour de visionnage :<br \/>\n<\/strong>jeudi 16 f\u00e9vrier 2023 de 11:00 \u00e0 15:00<\/p>\n<p><strong>Jour de collecte :<br \/>\n<\/strong>Jeudi 9 mars 2023 de 11h00 \u00e0 15h00<\/p>\n<p><strong>Lieu:<\/strong><br \/>\nOlden Eibergsedijk 1A<br \/>\n7151 NB Eibergen<br \/>\nles Pays-Bas<\/p>\n<p>En tant que service suppl\u00e9mentaire, nous vous proposons de livrer la voiture gagn\u00e9e aux Pays-Bas pour 150 \u20ac (hors TVA). Si vous habitez \u00e0 l&#039;\u00e9tranger, nous pouvons organiser le transport en concertation au meilleur tarif possible. <a href=\"https:\/\/archive.classiccar-auctions.com\/fr\/transportprijzen\/\">Plus d&#039;information.<\/a><\/p>\n\t<\/div>\n<\/div>\n\n\n\n\n\t\t\t<\/div> \n\t\t<\/div>\n\t<\/div> \n\n\t<div  class=\"vc_col-sm-6 wpb_column column_container vc_column_container col no-extra-padding inherit_tablet inherit_phone\"  data-padding-pos=\"all\" data-has-bg-color=\"false\" data-bg-color=\"\" data-bg-opacity=\"1\" data-animation=\"\" data-delay=\"0\" >\n\t\t<div class=\"vc_column-inner\" >\n\t\t\t<div class=\"wpb_wrapper\">\n\t\t\t\t\n<div class=\"wpb_text_column wpb_content_element\" >\n\t<div class=\"wpb_wrapper\">\n\t\t<h3><span class=\"inner\">Suppl\u00e9mentaire<\/span>\u00a0<span class=\"inner\">informations<\/span><\/h3>\n\t<\/div>\n<\/div>\n\n\n\n<div class=\"divider-wrap\" data-alignment=\"default\"><div style=\"height: 10px;\" class=\"divider\"><\/div><\/div>\n<div class=\"wpb_text_column wpb_content_element\" >\n\t<div class=\"wpb_wrapper\">\n\t\t<p>Pour le compte de divers vendeurs priv\u00e9s et professionnels, Classic Car Auctions organise cette vente aux ench\u00e8res en ligne en collaboration avec BVA Auctions. Vous pouvez ench\u00e9rir sur une voiture en cliquant sur le bouton &quot;Ench\u00e9rir&quot;, apr\u00e8s quoi vous serez redirig\u00e9 vers la section des ench\u00e8res du site Web de BVA Auctions.<\/p>\n<p>Il est toujours possible d&#039;inscrire des voitures pour la prochaine vente aux ench\u00e8res. Pour conna\u00eetre les conditions, contactez-nous au\u00a0<a href=\"https:\/\/archive.classiccar-auctions.com\/fr\/contact\/\">notre formulaire de contact<\/a>.<\/p>\n<p>\u00c9tant donn\u00e9 que les voitures de la vente aux ench\u00e8res sont vendues sans garantie, nous vous conseillons d&#039;inspecter personnellement les voitures les jours de visite. Il est \u00e9galement possible de le faire r\u00e9aliser par un expert. Si vous le souhaitez, un rendez-vous sp\u00e9cial peut \u00eatre pris \u00e0 cet effet. Veuillez v\u00e9rifier les lois locales sur l&#039;immatriculation des v\u00e9hicules avant d&#039;ench\u00e9rir. Ni le vendeur, ni Classic Car Auctions, ni BVA Auctions ne sont responsables de l&#039;immatriculation du v\u00e9hicule dans votre pays.<\/p>\n<p>La description du lot sur le site Web est bas\u00e9e sur les informations connues de Classic Car Auctions. Classic Car Auctions n&#039;est pas un garage ou une entreprise de r\u00e9paration et ne v\u00e9rifie pas si tout fonctionne correctement.<\/p>\n\t<\/div>\n<\/div>\n\n\n\n\n\t\t\t<\/div> \n\t\t<\/div>\n\t<\/div> \n<\/div><\/div>\n\t\t<div id=\"fws_69ef520f92acd\"  data-column-margin=\"default\" data-midnight=\"dark\"  class=\"wpb_row vc_row-fluid vc_row\"  style=\"padding-top: 0px; padding-bottom: 0px; \"><div class=\"row-bg-wrap\" data-bg-animation=\"none\" data-bg-animation-delay=\"\" data-bg-overlay=\"false\"><div class=\"inner-wrap row-bg-layer\" ><div class=\"row-bg viewport-desktop\"  style=\"\"><\/div><\/div><\/div><div class=\"row_col_wrap_12 col span_12 dark left\">\n\t<div  class=\"vc_col-sm-12 wpb_column column_container vc_column_container col centered-text no-extra-padding inherit_tablet inherit_phone\"  data-padding-pos=\"all\" data-has-bg-color=\"false\" data-bg-color=\"\" data-bg-opacity=\"1\" data-animation=\"\" data-delay=\"0\" >\n\t\t<div class=\"vc_column-inner\" >\n\t\t\t<div class=\"wpb_wrapper\">\n\t\t\t\t<div class=\"divider-wrap\" data-alignment=\"default\"><div style=\"margin-top: 12.5px; width: 60px; height: 1px; margin-bottom: 12.5px;\" data-width=\"60px\" data-animate=\"yes\" data-animation-delay=\"\" data-color=\"extra-color-gradient-1\" class=\"divider-small-border\"><\/div><\/div>\n\t\t\t<\/div> \n\t\t<\/div>\n\t<\/div> \n<\/div><\/div>\n\t\t<div id=\"fws_69ef520f92e34\"  data-column-margin=\"default\" data-midnight=\"dark\"  class=\"wpb_row vc_row-fluid vc_row\"  style=\"padding-top: 0px; padding-bottom: 40px; \"><div class=\"row-bg-wrap\" data-bg-animation=\"none\" data-bg-animation-delay=\"\" data-bg-overlay=\"false\"><div class=\"inner-wrap row-bg-layer\" ><div class=\"row-bg viewport-desktop\"  style=\"\"><\/div><\/div><\/div><div class=\"row_col_wrap_12 col span_12 dark left\">\n\t<div  class=\"vc_col-sm-12 wpb_column column_container vc_column_container col no-extra-padding inherit_tablet inherit_phone\"  data-padding-pos=\"all\" data-has-bg-color=\"false\" data-bg-color=\"\" data-bg-opacity=\"1\" data-animation=\"\" data-delay=\"0\" >\n\t\t<div class=\"vc_column-inner\" >\n\t\t\t<div class=\"wpb_wrapper\">\n\t\t\t\t\n<div class=\"wpb_text_column wpb_content_element\" >\n\t<div class=\"wpb_wrapper\">\n\t\t<h2><span class=\"inner\">Lots<\/span><\/h2>\n\t<\/div>\n<\/div>\n\n\n\n<div class=\"divider-wrap\" data-alignment=\"default\"><div style=\"margin-top: 12.5px; width: 60px; height: 1px; margin-bottom: 12.5px;\" data-width=\"60px\" data-animate=\"yes\" data-animation-delay=\"\" data-color=\"extra-color-gradient-1\" class=\"divider-small-border\"><\/div><\/div>\n    <div class=\"row blog-recent columns-3\" data-style=\"classic_enhanced\" data-color-scheme=\"light\" data-remove-post-date=\"1\" data-remove-post-author=\"1\" data-remove-post-comment-number=\"1\" data-remove-post-nectar-love=\"1\">\n\n      \n      <div class=\"col span_4 post-459448 post type-post status-publish format-standard has-post-thumbnail category-649 tag-jeep\" >\n\n        \n            <div class=\"inner-wrap post-459448 post type-post status-publish format-standard has-post-thumbnail category-649 tag-jeep\">\n\n            <a href=\"https:\/\/archive.classiccar-auctions.com\/fr\/jeep-cj7-renegade-5-0-v8-1981\/\"  class=\"img-link\"><span class=\"post-featured-img\"><img loading=\"lazy\" decoding=\"async\" width=\"1600\" height=\"1200\" src=\"https:\/\/archive.classiccar-auctions.com\/wp-content\/uploads\/2023\/02\/EI-2023-99-1-1.jpg\" class=\"attachment-portfolio-thumb size-portfolio-thumb wp-post-image\" alt=\"\" title=\"\" sizes=\"auto, (min-width: 1300px) 33vw, (min-width: 1000px) 33vw, (min-width: 690px) 100vw, 100vw\" \/><\/span><\/a><span class=\"meta-category\"><a class=\"68892\" href=\"https:\/\/archive.classiccar-auctions.com\/fr\/category\/68892\/\">68892<\/a><\/span><a class=\"entire-meta-link\" href=\"https:\/\/archive.classiccar-auctions.com\/fr\/jeep-cj7-renegade-5-0-v8-1981\/\" ><span class=\"screen-reader-text\">Jeep CJ7 Renegade 5.0 V8 1981<\/span><\/a>\n            <div class=\"article-content-wrap\">\n              <div class=\"post-header\">\n                <span class=\"meta\"> 8 f\u00e9vrier 2023 <\/span>\n                <h3 class=\"title\">Jeep CJ7 Renegade 5.0 V8 1981<\/h3>\n              <\/div><!--\/post-header-->\n              <div class=\"excerpt\">\n                68892-1 | 29 000-35 000 \u20ac | lire plus              <\/div>\n            <\/div>\n\n            <div class=\"post-meta\">\n              <span class=\"meta-author\"> <a href=\"https:\/\/archive.classiccar-auctions.com\/fr\/author\/administrator\/\"> <i class=\"icon-default-style icon-salient-m-user\"><\/i> administrateur<\/a> <\/span>\n\n              \n              <div class=\"nectar-love-wrap\">\n                <a href=\"#\" class=\"nectar-love\" id=\"nectar-love-459448\" title=\"aime \u00e7a\"> <i class=\"icon-salient-heart-2\"><\/i><span class=\"love-text\">aimer<\/span><span class=\"total_loves\"><span class=\"nectar-love-count\">0<\/span><\/span><\/a>              <\/div><!--\/nectar-love-wrap-->\n            <\/div>\n\n          <\/div>\n\n        \n      <\/div><!--\/col-->\n\n      \n      <div class=\"col span_4 post-459450 post type-post status-publish format-standard has-post-thumbnail category-649 tag-bmw\" >\n\n        \n            <div class=\"inner-wrap post-459450 post type-post status-publish format-standard has-post-thumbnail category-649 tag-bmw\">\n\n            <a href=\"https:\/\/archive.classiccar-auctions.com\/fr\/bmw-326-roadster-1937-3\/\"  class=\"img-link\"><span class=\"post-featured-img\"><img loading=\"lazy\" decoding=\"async\" width=\"1600\" height=\"1067\" src=\"https:\/\/archive.classiccar-auctions.com\/wp-content\/uploads\/2023\/02\/2022-E10-5-1-1.jpg\" class=\"attachment-portfolio-thumb size-portfolio-thumb wp-post-image\" alt=\"\" title=\"\" sizes=\"auto, (min-width: 1300px) 33vw, (min-width: 1000px) 33vw, (min-width: 690px) 100vw, 100vw\" \/><\/span><\/a><span class=\"meta-category\"><a class=\"68892\" href=\"https:\/\/archive.classiccar-auctions.com\/fr\/category\/68892\/\">68892<\/a><\/span><a class=\"entire-meta-link\" href=\"https:\/\/archive.classiccar-auctions.com\/fr\/bmw-326-roadster-1937-3\/\" ><span class=\"screen-reader-text\">BMW 326 Roadster 1937<\/span><\/a>\n            <div class=\"article-content-wrap\">\n              <div class=\"post-header\">\n                <span class=\"meta\"> 8 f\u00e9vrier 2023 <\/span>\n                <h3 class=\"title\">BMW 326 Roadster 1937<\/h3>\n              <\/div><!--\/post-header-->\n              <div class=\"excerpt\">\n                68892-2 | 135 000-155 000 \u20ac | lire plus              <\/div>\n            <\/div>\n\n            <div class=\"post-meta\">\n              <span class=\"meta-author\"> <a href=\"https:\/\/archive.classiccar-auctions.com\/fr\/author\/administrator\/\"> <i class=\"icon-default-style icon-salient-m-user\"><\/i> administrateur<\/a> <\/span>\n\n              \n              <div class=\"nectar-love-wrap\">\n                <a href=\"#\" class=\"nectar-love\" id=\"nectar-love-459450\" title=\"aime \u00e7a\"> <i class=\"icon-salient-heart-2\"><\/i><span class=\"love-text\">aimer<\/span><span class=\"total_loves\"><span class=\"nectar-love-count\">0<\/span><\/span><\/a>              <\/div><!--\/nectar-love-wrap-->\n            <\/div>\n\n          <\/div>\n\n        \n      <\/div><!--\/col-->\n\n      \n      <div class=\"col span_4 post-459452 post type-post status-publish format-standard has-post-thumbnail category-649 tag-maserati\" >\n\n        \n            <div class=\"inner-wrap post-459452 post type-post status-publish format-standard has-post-thumbnail category-649 tag-maserati\">\n\n            <a href=\"https:\/\/archive.classiccar-auctions.com\/fr\/maserati-m139-quattroporte-v-2004\/\"  class=\"img-link\"><span class=\"post-featured-img\"><img loading=\"lazy\" decoding=\"async\" width=\"1600\" height=\"1200\" src=\"https:\/\/archive.classiccar-auctions.com\/wp-content\/uploads\/2023\/02\/EI-2023-104-1-1.jpg\" class=\"attachment-portfolio-thumb size-portfolio-thumb wp-post-image\" alt=\"\" title=\"\" sizes=\"auto, (min-width: 1300px) 33vw, (min-width: 1000px) 33vw, (min-width: 690px) 100vw, 100vw\" \/><\/span><\/a><span class=\"meta-category\"><a class=\"68892\" href=\"https:\/\/archive.classiccar-auctions.com\/fr\/category\/68892\/\">68892<\/a><\/span><a class=\"entire-meta-link\" href=\"https:\/\/archive.classiccar-auctions.com\/fr\/maserati-m139-quattroporte-v-2004\/\" ><span class=\"screen-reader-text\">Maserati M139 Quattroporte V 2004<\/span><\/a>\n            <div class=\"article-content-wrap\">\n              <div class=\"post-header\">\n                <span class=\"meta\"> 8 f\u00e9vrier 2023 <\/span>\n                <h3 class=\"title\">Maserati M139 Quattroporte V 2004<\/h3>\n              <\/div><!--\/post-header-->\n              <div class=\"excerpt\">\n                68892-3 | 17 500-19 500 \u20ac | lire plus              <\/div>\n            <\/div>\n\n            <div class=\"post-meta\">\n              <span class=\"meta-author\"> <a href=\"https:\/\/archive.classiccar-auctions.com\/fr\/author\/administrator\/\"> <i class=\"icon-default-style icon-salient-m-user\"><\/i> administrateur<\/a> <\/span>\n\n              \n              <div class=\"nectar-love-wrap\">\n                <a href=\"#\" class=\"nectar-love\" id=\"nectar-love-459452\" title=\"aime \u00e7a\"> <i class=\"icon-salient-heart-2\"><\/i><span class=\"love-text\">aimer<\/span><span class=\"total_loves\"><span class=\"nectar-love-count\">0<\/span><\/span><\/a>              <\/div><!--\/nectar-love-wrap-->\n            <\/div>\n\n          <\/div>\n\n        \n      <\/div><!--\/col-->\n\n      \n      <div class=\"col span_4 post-459454 post type-post status-publish format-standard has-post-thumbnail category-649 tag-mercedes-benz\" >\n\n        \n            <div class=\"inner-wrap post-459454 post type-post status-publish format-standard has-post-thumbnail category-649 tag-mercedes-benz\">\n\n            <a href=\"https:\/\/archive.classiccar-auctions.com\/fr\/mercedes-benz-280c-1978-2\/\"  class=\"img-link\"><span class=\"post-featured-img\"><img loading=\"lazy\" decoding=\"async\" width=\"1600\" height=\"1200\" src=\"https:\/\/archive.classiccar-auctions.com\/wp-content\/uploads\/2023\/02\/EI-2023-115-1-1.jpg\" class=\"attachment-portfolio-thumb size-portfolio-thumb wp-post-image\" alt=\"\" title=\"\" sizes=\"auto, (min-width: 1300px) 33vw, (min-width: 1000px) 33vw, (min-width: 690px) 100vw, 100vw\" \/><\/span><\/a><span class=\"meta-category\"><a class=\"68892\" href=\"https:\/\/archive.classiccar-auctions.com\/fr\/category\/68892\/\">68892<\/a><\/span><a class=\"entire-meta-link\" href=\"https:\/\/archive.classiccar-auctions.com\/fr\/mercedes-benz-280c-1978-2\/\" ><span class=\"screen-reader-text\">Mercedes-Benz 280C 1978<\/span><\/a>\n            <div class=\"article-content-wrap\">\n              <div class=\"post-header\">\n                <span class=\"meta\"> 8 f\u00e9vrier 2023 <\/span>\n                <h3 class=\"title\">Mercedes-Benz 280C 1978<\/h3>\n              <\/div><!--\/post-header-->\n              <div class=\"excerpt\">\n                68892-4 | 8 500-11 000 \u20ac | lire plus              <\/div>\n            <\/div>\n\n            <div class=\"post-meta\">\n              <span class=\"meta-author\"> <a href=\"https:\/\/archive.classiccar-auctions.com\/fr\/author\/administrator\/\"> <i class=\"icon-default-style icon-salient-m-user\"><\/i> administrateur<\/a> <\/span>\n\n              \n              <div class=\"nectar-love-wrap\">\n                <a href=\"#\" class=\"nectar-love\" id=\"nectar-love-459454\" title=\"aime \u00e7a\"> <i class=\"icon-salient-heart-2\"><\/i><span class=\"love-text\">aimer<\/span><span class=\"total_loves\"><span class=\"nectar-love-count\">0<\/span><\/span><\/a>              <\/div><!--\/nectar-love-wrap-->\n            <\/div>\n\n          <\/div>\n\n        \n      <\/div><!--\/col-->\n\n      \n      <div class=\"col span_4 post-459458 post type-post status-publish format-standard has-post-thumbnail category-649 tag-volkswagen\" >\n\n        \n            <div class=\"inner-wrap post-459458 post type-post status-publish format-standard has-post-thumbnail category-649 tag-volkswagen\">\n\n            <a href=\"https:\/\/archive.classiccar-auctions.com\/fr\/volkswagen-kever-cabriolet-1976\/\"  class=\"img-link\"><span class=\"post-featured-img\"><img loading=\"lazy\" decoding=\"async\" width=\"1600\" height=\"1200\" src=\"https:\/\/archive.classiccar-auctions.com\/wp-content\/uploads\/2023\/02\/EI-2023-118-1.jpg\" class=\"attachment-portfolio-thumb size-portfolio-thumb wp-post-image\" alt=\"\" title=\"\" sizes=\"auto, (min-width: 1300px) 33vw, (min-width: 1000px) 33vw, (min-width: 690px) 100vw, 100vw\" \/><\/span><\/a><span class=\"meta-category\"><a class=\"68892\" href=\"https:\/\/archive.classiccar-auctions.com\/fr\/category\/68892\/\">68892<\/a><\/span><a class=\"entire-meta-link\" href=\"https:\/\/archive.classiccar-auctions.com\/fr\/volkswagen-kever-cabriolet-1976\/\" ><span class=\"screen-reader-text\">Volkswagen Coccinelle Cabriolet 1976<\/span><\/a>\n            <div class=\"article-content-wrap\">\n              <div class=\"post-header\">\n                <span class=\"meta\"> 8 f\u00e9vrier 2023 <\/span>\n                <h3 class=\"title\">Volkswagen Coccinelle Cabriolet 1976<\/h3>\n              <\/div><!--\/post-header-->\n              <div class=\"excerpt\">\n                68892-6 | 15 500-17 500 \u20ac | lire plus              <\/div>\n            <\/div>\n\n            <div class=\"post-meta\">\n              <span class=\"meta-author\"> <a href=\"https:\/\/archive.classiccar-auctions.com\/fr\/author\/administrator\/\"> <i class=\"icon-default-style icon-salient-m-user\"><\/i> administrateur<\/a> <\/span>\n\n              \n              <div class=\"nectar-love-wrap\">\n                <a href=\"#\" class=\"nectar-love\" id=\"nectar-love-459458\" title=\"aime \u00e7a\"> <i class=\"icon-salient-heart-2\"><\/i><span class=\"love-text\">aimer<\/span><span class=\"total_loves\"><span class=\"nectar-love-count\">0<\/span><\/span><\/a>              <\/div><!--\/nectar-love-wrap-->\n            <\/div>\n\n          <\/div>\n\n        \n      <\/div><!--\/col-->\n\n      \n      <div class=\"col span_4 post-459460 post type-post status-publish format-standard has-post-thumbnail category-649 tag-porsche\" >\n\n        \n            <div class=\"inner-wrap post-459460 post type-post status-publish format-standard has-post-thumbnail category-649 tag-porsche\">\n\n            <a href=\"https:\/\/archive.classiccar-auctions.com\/fr\/porsche-944-turbo-1986-3\/\"  class=\"img-link\"><span class=\"post-featured-img\"><img loading=\"lazy\" decoding=\"async\" width=\"1600\" height=\"1200\" src=\"https:\/\/archive.classiccar-auctions.com\/wp-content\/uploads\/2023\/02\/EI-2023-116-1-1.jpg\" class=\"attachment-portfolio-thumb size-portfolio-thumb wp-post-image\" alt=\"\" title=\"\" sizes=\"auto, (min-width: 1300px) 33vw, (min-width: 1000px) 33vw, (min-width: 690px) 100vw, 100vw\" \/><\/span><\/a><span class=\"meta-category\"><a class=\"68892\" href=\"https:\/\/archive.classiccar-auctions.com\/fr\/category\/68892\/\">68892<\/a><\/span><a class=\"entire-meta-link\" href=\"https:\/\/archive.classiccar-auctions.com\/fr\/porsche-944-turbo-1986-3\/\" ><span class=\"screen-reader-text\">Porsche 944 Turbo 1986<\/span><\/a>\n            <div class=\"article-content-wrap\">\n              <div class=\"post-header\">\n                <span class=\"meta\"> 8 f\u00e9vrier 2023 <\/span>\n                <h3 class=\"title\">Porsche 944 Turbo 1986<\/h3>\n              <\/div><!--\/post-header-->\n              <div class=\"excerpt\">\n                68892-7 | 21 500-24 500 \u20ac | lire plus              <\/div>\n            <\/div>\n\n            <div class=\"post-meta\">\n              <span class=\"meta-author\"> <a href=\"https:\/\/archive.classiccar-auctions.com\/fr\/author\/administrator\/\"> <i class=\"icon-default-style icon-salient-m-user\"><\/i> administrateur<\/a> <\/span>\n\n              \n              <div class=\"nectar-love-wrap\">\n                <a href=\"#\" class=\"nectar-love\" id=\"nectar-love-459460\" title=\"aime \u00e7a\"> <i class=\"icon-salient-heart-2\"><\/i><span class=\"love-text\">aimer<\/span><span class=\"total_loves\"><span class=\"nectar-love-count\">0<\/span><\/span><\/a>              <\/div><!--\/nectar-love-wrap-->\n            <\/div>\n\n          <\/div>\n\n        \n      <\/div><!--\/col-->\n\n      \n      <div class=\"col span_4 post-459462 post type-post status-publish format-standard has-post-thumbnail category-649 tag-jaguar\" >\n\n        \n            <div class=\"inner-wrap post-459462 post type-post status-publish format-standard has-post-thumbnail category-649 tag-jaguar\">\n\n            <a href=\"https:\/\/archive.classiccar-auctions.com\/fr\/jaguar-xj-3-0-v6-2011\/\"  class=\"img-link\"><span class=\"post-featured-img\"><img loading=\"lazy\" decoding=\"async\" width=\"1600\" height=\"1200\" src=\"https:\/\/archive.classiccar-auctions.com\/wp-content\/uploads\/2023\/02\/EI-2023-120-1-1.jpg\" class=\"attachment-portfolio-thumb size-portfolio-thumb wp-post-image\" alt=\"\" title=\"\" sizes=\"auto, (min-width: 1300px) 33vw, (min-width: 1000px) 33vw, (min-width: 690px) 100vw, 100vw\" \/><\/span><\/a><span class=\"meta-category\"><a class=\"68892\" href=\"https:\/\/archive.classiccar-auctions.com\/fr\/category\/68892\/\">68892<\/a><\/span><a class=\"entire-meta-link\" href=\"https:\/\/archive.classiccar-auctions.com\/fr\/jaguar-xj-3-0-v6-2011\/\" ><span class=\"screen-reader-text\">Jaguar XJ 3.0 V6 2011<\/span><\/a>\n            <div class=\"article-content-wrap\">\n              <div class=\"post-header\">\n                <span class=\"meta\"> 8 f\u00e9vrier 2023 <\/span>\n                <h3 class=\"title\">Jaguar XJ 3.0 V6 2011<\/h3>\n              <\/div><!--\/post-header-->\n              <div class=\"excerpt\">\n                68892-8 | 17 500-21 000 \u20ac | lire plus              <\/div>\n            <\/div>\n\n            <div class=\"post-meta\">\n              <span class=\"meta-author\"> <a href=\"https:\/\/archive.classiccar-auctions.com\/fr\/author\/administrator\/\"> <i class=\"icon-default-style icon-salient-m-user\"><\/i> administrateur<\/a> <\/span>\n\n              \n              <div class=\"nectar-love-wrap\">\n                <a href=\"#\" class=\"nectar-love\" id=\"nectar-love-459462\" title=\"aime \u00e7a\"> <i class=\"icon-salient-heart-2\"><\/i><span class=\"love-text\">aimer<\/span><span class=\"total_loves\"><span class=\"nectar-love-count\">0<\/span><\/span><\/a>              <\/div><!--\/nectar-love-wrap-->\n            <\/div>\n\n          <\/div>\n\n        \n      <\/div><!--\/col-->\n\n      \n      <div class=\"col span_4 post-459464 post type-post status-publish format-standard has-post-thumbnail category-649 tag-lamborghini\" >\n\n        \n            <div class=\"inner-wrap post-459464 post type-post status-publish format-standard has-post-thumbnail category-649 tag-lamborghini\">\n\n            <a href=\"https:\/\/archive.classiccar-auctions.com\/fr\/lamborghini-jarama-400-gt-1971-2\/\"  class=\"img-link\"><span class=\"post-featured-img\"><img loading=\"lazy\" decoding=\"async\" width=\"1600\" height=\"1200\" src=\"https:\/\/archive.classiccar-auctions.com\/wp-content\/uploads\/2023\/02\/A-EI-2022-11-1-1.jpg\" class=\"attachment-portfolio-thumb size-portfolio-thumb wp-post-image\" alt=\"\" title=\"\" sizes=\"auto, (min-width: 1300px) 33vw, (min-width: 1000px) 33vw, (min-width: 690px) 100vw, 100vw\" \/><\/span><\/a><span class=\"meta-category\"><a class=\"68892\" href=\"https:\/\/archive.classiccar-auctions.com\/fr\/category\/68892\/\">68892<\/a><\/span><a class=\"entire-meta-link\" href=\"https:\/\/archive.classiccar-auctions.com\/fr\/lamborghini-jarama-400-gt-1971-2\/\" ><span class=\"screen-reader-text\">Lamborghini Jarama 400GT 1971<\/span><\/a>\n            <div class=\"article-content-wrap\">\n              <div class=\"post-header\">\n                <span class=\"meta\"> 8 f\u00e9vrier 2023 <\/span>\n                <h3 class=\"title\">Lamborghini Jarama 400GT 1971<\/h3>\n              <\/div><!--\/post-header-->\n              <div class=\"excerpt\">\n                68892-9 | 150 000-170 000 \u20ac | lire plus              <\/div>\n            <\/div>\n\n            <div class=\"post-meta\">\n              <span class=\"meta-author\"> <a href=\"https:\/\/archive.classiccar-auctions.com\/fr\/author\/administrator\/\"> <i class=\"icon-default-style icon-salient-m-user\"><\/i> administrateur<\/a> <\/span>\n\n              \n              <div class=\"nectar-love-wrap\">\n                <a href=\"#\" class=\"nectar-love\" id=\"nectar-love-459464\" title=\"aime \u00e7a\"> <i class=\"icon-salient-heart-2\"><\/i><span class=\"love-text\">aimer<\/span><span class=\"total_loves\"><span class=\"nectar-love-count\">0<\/span><\/span><\/a>              <\/div><!--\/nectar-love-wrap-->\n            <\/div>\n\n          <\/div>\n\n        \n      <\/div><!--\/col-->\n\n      \n      <div class=\"col span_4 post-459466 post type-post status-publish format-standard has-post-thumbnail category-649 tag-porsche\" >\n\n        \n            <div class=\"inner-wrap post-459466 post type-post status-publish format-standard has-post-thumbnail category-649 tag-porsche\">\n\n            <a href=\"https:\/\/archive.classiccar-auctions.com\/fr\/porsche-boxster-1997-2\/\"  class=\"img-link\"><span class=\"post-featured-img\"><img loading=\"lazy\" decoding=\"async\" width=\"1600\" height=\"1200\" src=\"https:\/\/archive.classiccar-auctions.com\/wp-content\/uploads\/2023\/02\/EI-2023-112-1-1.jpg\" class=\"attachment-portfolio-thumb size-portfolio-thumb wp-post-image\" alt=\"\" title=\"\" sizes=\"auto, (min-width: 1300px) 33vw, (min-width: 1000px) 33vw, (min-width: 690px) 100vw, 100vw\" \/><\/span><\/a><span class=\"meta-category\"><a class=\"68892\" href=\"https:\/\/archive.classiccar-auctions.com\/fr\/category\/68892\/\">68892<\/a><\/span><a class=\"entire-meta-link\" href=\"https:\/\/archive.classiccar-auctions.com\/fr\/porsche-boxster-1997-2\/\" ><span class=\"screen-reader-text\">Porsche Boxster 1997<\/span><\/a>\n            <div class=\"article-content-wrap\">\n              <div class=\"post-header\">\n                <span class=\"meta\"> 8 f\u00e9vrier 2023 <\/span>\n                <h3 class=\"title\">Porsche Boxster 1997<\/h3>\n              <\/div><!--\/post-header-->\n              <div class=\"excerpt\">\n                68892-10 | 11 000-13 000 \u20ac | lire plus              <\/div>\n            <\/div>\n\n            <div class=\"post-meta\">\n              <span class=\"meta-author\"> <a href=\"https:\/\/archive.classiccar-auctions.com\/fr\/author\/administrator\/\"> <i class=\"icon-default-style icon-salient-m-user\"><\/i> administrateur<\/a> <\/span>\n\n              \n              <div class=\"nectar-love-wrap\">\n                <a href=\"#\" class=\"nectar-love\" id=\"nectar-love-459466\" title=\"aime \u00e7a\"> <i class=\"icon-salient-heart-2\"><\/i><span class=\"love-text\">aimer<\/span><span class=\"total_loves\"><span class=\"nectar-love-count\">0<\/span><\/span><\/a>              <\/div><!--\/nectar-love-wrap-->\n            <\/div>\n\n          <\/div>\n\n        \n      <\/div><!--\/col-->\n\n      \n      <div class=\"col span_4 post-459468 post type-post status-publish format-standard has-post-thumbnail category-649 tag-bmw\" >\n\n        \n            <div class=\"inner-wrap post-459468 post type-post status-publish format-standard has-post-thumbnail category-649 tag-bmw\">\n\n            <a href=\"https:\/\/archive.classiccar-auctions.com\/fr\/bmw-e28-535ia-1987\/\"  class=\"img-link\"><span class=\"post-featured-img\"><img loading=\"lazy\" decoding=\"async\" width=\"1600\" height=\"1200\" src=\"https:\/\/archive.classiccar-auctions.com\/wp-content\/uploads\/2023\/02\/EI-2023-98-1-1.jpg\" class=\"attachment-portfolio-thumb size-portfolio-thumb wp-post-image\" alt=\"\" title=\"\" sizes=\"auto, (min-width: 1300px) 33vw, (min-width: 1000px) 33vw, (min-width: 690px) 100vw, 100vw\" \/><\/span><\/a><span class=\"meta-category\"><a class=\"68892\" href=\"https:\/\/archive.classiccar-auctions.com\/fr\/category\/68892\/\">68892<\/a><\/span><a class=\"entire-meta-link\" href=\"https:\/\/archive.classiccar-auctions.com\/fr\/bmw-e28-535ia-1987\/\" ><span class=\"screen-reader-text\">BMW E28 535iA 1987<\/span><\/a>\n            <div class=\"article-content-wrap\">\n              <div class=\"post-header\">\n                <span class=\"meta\"> 8 f\u00e9vrier 2023 <\/span>\n                <h3 class=\"title\">BMW E28 535iA 1987<\/h3>\n              <\/div><!--\/post-header-->\n              <div class=\"excerpt\">\n                68892-11 | 15 000-19 000 \u20ac | lire plus              <\/div>\n            <\/div>\n\n            <div class=\"post-meta\">\n              <span class=\"meta-author\"> <a href=\"https:\/\/archive.classiccar-auctions.com\/fr\/author\/administrator\/\"> <i class=\"icon-default-style icon-salient-m-user\"><\/i> administrateur<\/a> <\/span>\n\n              \n              <div class=\"nectar-love-wrap\">\n                <a href=\"#\" class=\"nectar-love\" id=\"nectar-love-459468\" title=\"aime \u00e7a\"> <i class=\"icon-salient-heart-2\"><\/i><span class=\"love-text\">aimer<\/span><span class=\"total_loves\"><span class=\"nectar-love-count\">0<\/span><\/span><\/a>              <\/div><!--\/nectar-love-wrap-->\n            <\/div>\n\n          <\/div>\n\n        \n      <\/div><!--\/col-->\n\n      \n      <div class=\"col span_4 post-459470 post type-post status-publish format-standard has-post-thumbnail category-649 tag-mercedes-benz\" >\n\n        \n            <div class=\"inner-wrap post-459470 post type-post status-publish format-standard has-post-thumbnail category-649 tag-mercedes-benz\">\n\n            <a href=\"https:\/\/archive.classiccar-auctions.com\/fr\/mercedes-benz-560sl-1987-3\/\"  class=\"img-link\"><span class=\"post-featured-img\"><img loading=\"lazy\" decoding=\"async\" width=\"1600\" height=\"1200\" src=\"https:\/\/archive.classiccar-auctions.com\/wp-content\/uploads\/2023\/02\/A-EI-2022-24-1-1.jpg\" class=\"attachment-portfolio-thumb size-portfolio-thumb wp-post-image\" alt=\"\" title=\"\" sizes=\"auto, (min-width: 1300px) 33vw, (min-width: 1000px) 33vw, (min-width: 690px) 100vw, 100vw\" \/><\/span><\/a><span class=\"meta-category\"><a class=\"68892\" href=\"https:\/\/archive.classiccar-auctions.com\/fr\/category\/68892\/\">68892<\/a><\/span><a class=\"entire-meta-link\" href=\"https:\/\/archive.classiccar-auctions.com\/fr\/mercedes-benz-560sl-1987-3\/\" ><span class=\"screen-reader-text\">Mercedes-Benz 560SL 1987<\/span><\/a>\n            <div class=\"article-content-wrap\">\n              <div class=\"post-header\">\n                <span class=\"meta\"> 8 f\u00e9vrier 2023 <\/span>\n                <h3 class=\"title\">Mercedes-Benz 560SL 1987<\/h3>\n              <\/div><!--\/post-header-->\n              <div class=\"excerpt\">\n                68892-12 | 14 500-17 000 \u20ac | lire plus              <\/div>\n            <\/div>\n\n            <div class=\"post-meta\">\n              <span class=\"meta-author\"> <a href=\"https:\/\/archive.classiccar-auctions.com\/fr\/author\/administrator\/\"> <i class=\"icon-default-style icon-salient-m-user\"><\/i> administrateur<\/a> <\/span>\n\n              \n              <div class=\"nectar-love-wrap\">\n                <a href=\"#\" class=\"nectar-love\" id=\"nectar-love-459470\" title=\"aime \u00e7a\"> <i class=\"icon-salient-heart-2\"><\/i><span class=\"love-text\">aimer<\/span><span class=\"total_loves\"><span class=\"nectar-love-count\">0<\/span><\/span><\/a>              <\/div><!--\/nectar-love-wrap-->\n            <\/div>\n\n          <\/div>\n\n        \n      <\/div><!--\/col-->\n\n      \n      <div class=\"col span_4 post-459472 post type-post status-publish format-standard has-post-thumbnail category-649 tag-rover\" >\n\n        \n            <div class=\"inner-wrap post-459472 post type-post status-publish format-standard has-post-thumbnail category-649 tag-rover\">\n\n            <a href=\"https:\/\/archive.classiccar-auctions.com\/fr\/rover-p5b-3-5-coupe-1973-3\/\"  class=\"img-link\"><span class=\"post-featured-img\"><img loading=\"lazy\" decoding=\"async\" width=\"1600\" height=\"1200\" src=\"https:\/\/archive.classiccar-auctions.com\/wp-content\/uploads\/2023\/02\/2022-E8-40-1-1.jpg\" class=\"attachment-portfolio-thumb size-portfolio-thumb wp-post-image\" alt=\"\" title=\"\" sizes=\"auto, (min-width: 1300px) 33vw, (min-width: 1000px) 33vw, (min-width: 690px) 100vw, 100vw\" \/><\/span><\/a><span class=\"meta-category\"><a class=\"68892\" href=\"https:\/\/archive.classiccar-auctions.com\/fr\/category\/68892\/\">68892<\/a><\/span><a class=\"entire-meta-link\" href=\"https:\/\/archive.classiccar-auctions.com\/fr\/rover-p5b-3-5-coupe-1973-3\/\" ><span class=\"screen-reader-text\">Rover P5B 3.5 Coup\u00e9 1973<\/span><\/a>\n            <div class=\"article-content-wrap\">\n              <div class=\"post-header\">\n                <span class=\"meta\"> 8 f\u00e9vrier 2023 <\/span>\n                <h3 class=\"title\">Rover P5B 3.5 Coup\u00e9 1973<\/h3>\n              <\/div><!--\/post-header-->\n              <div class=\"excerpt\">\n                68892-13 | 13 500-16 000 \u20ac | lire plus              <\/div>\n            <\/div>\n\n            <div class=\"post-meta\">\n              <span class=\"meta-author\"> <a href=\"https:\/\/archive.classiccar-auctions.com\/fr\/author\/administrator\/\"> <i class=\"icon-default-style icon-salient-m-user\"><\/i> administrateur<\/a> <\/span>\n\n              \n              <div class=\"nectar-love-wrap\">\n                <a href=\"#\" class=\"nectar-love\" id=\"nectar-love-459472\" title=\"aime \u00e7a\"> <i class=\"icon-salient-heart-2\"><\/i><span class=\"love-text\">aimer<\/span><span class=\"total_loves\"><span class=\"nectar-love-count\">0<\/span><\/span><\/a>              <\/div><!--\/nectar-love-wrap-->\n            <\/div>\n\n          <\/div>\n\n        \n      <\/div><!--\/col-->\n\n      \n      <div class=\"col span_4 post-459474 post type-post status-publish format-standard has-post-thumbnail category-649 tag-volkswagen\" >\n\n        \n            <div class=\"inner-wrap post-459474 post type-post status-publish format-standard has-post-thumbnail category-649 tag-volkswagen\">\n\n            <a href=\"https:\/\/archive.classiccar-auctions.com\/fr\/volkswagen-kever-1303s-1972\/\"  class=\"img-link\"><span class=\"post-featured-img\"><img loading=\"lazy\" decoding=\"async\" width=\"1600\" height=\"1200\" src=\"https:\/\/archive.classiccar-auctions.com\/wp-content\/uploads\/2023\/02\/EI-2023-90-1-1.jpg\" class=\"attachment-portfolio-thumb size-portfolio-thumb wp-post-image\" alt=\"\" title=\"\" sizes=\"auto, (min-width: 1300px) 33vw, (min-width: 1000px) 33vw, (min-width: 690px) 100vw, 100vw\" \/><\/span><\/a><span class=\"meta-category\"><a class=\"68892\" href=\"https:\/\/archive.classiccar-auctions.com\/fr\/category\/68892\/\">68892<\/a><\/span><a class=\"entire-meta-link\" href=\"https:\/\/archive.classiccar-auctions.com\/fr\/volkswagen-kever-1303s-1972\/\" ><span class=\"screen-reader-text\">Volkswagen Coccinelle 1303S 1972<\/span><\/a>\n            <div class=\"article-content-wrap\">\n              <div class=\"post-header\">\n                <span class=\"meta\"> 8 f\u00e9vrier 2023 <\/span>\n                <h3 class=\"title\">Volkswagen Coccinelle 1303S 1972<\/h3>\n              <\/div><!--\/post-header-->\n              <div class=\"excerpt\">\n                68892-14 | 8 500-10 000 \u20ac | lire plus              <\/div>\n            <\/div>\n\n            <div class=\"post-meta\">\n              <span class=\"meta-author\"> <a href=\"https:\/\/archive.classiccar-auctions.com\/fr\/author\/administrator\/\"> <i class=\"icon-default-style icon-salient-m-user\"><\/i> administrateur<\/a> <\/span>\n\n              \n              <div class=\"nectar-love-wrap\">\n                <a href=\"#\" class=\"nectar-love\" id=\"nectar-love-459474\" title=\"aime \u00e7a\"> <i class=\"icon-salient-heart-2\"><\/i><span class=\"love-text\">aimer<\/span><span class=\"total_loves\"><span class=\"nectar-love-count\">0<\/span><\/span><\/a>              <\/div><!--\/nectar-love-wrap-->\n            <\/div>\n\n          <\/div>\n\n        \n      <\/div><!--\/col-->\n\n      \n      <div class=\"col span_4 post-459476 post type-post status-publish format-standard has-post-thumbnail category-649 tag-mazda\" >\n\n        \n            <div class=\"inner-wrap post-459476 post type-post status-publish format-standard has-post-thumbnail category-649 tag-mazda\">\n\n            <a href=\"https:\/\/archive.classiccar-auctions.com\/fr\/mazda-mx-5-miata-turbo-1-6-1990\/\"  class=\"img-link\"><span class=\"post-featured-img\"><img loading=\"lazy\" decoding=\"async\" width=\"1600\" height=\"1200\" src=\"https:\/\/archive.classiccar-auctions.com\/wp-content\/uploads\/2023\/02\/EI-2023-105-1-1.jpg\" class=\"attachment-portfolio-thumb size-portfolio-thumb wp-post-image\" alt=\"\" title=\"\" sizes=\"auto, (min-width: 1300px) 33vw, (min-width: 1000px) 33vw, (min-width: 690px) 100vw, 100vw\" \/><\/span><\/a><span class=\"meta-category\"><a class=\"68892\" href=\"https:\/\/archive.classiccar-auctions.com\/fr\/category\/68892\/\">68892<\/a><\/span><a class=\"entire-meta-link\" href=\"https:\/\/archive.classiccar-auctions.com\/fr\/mazda-mx-5-miata-turbo-1-6-1990\/\" ><span class=\"screen-reader-text\">Mazda MX-5 Miata Turbo 1.6 1990<\/span><\/a>\n            <div class=\"article-content-wrap\">\n              <div class=\"post-header\">\n                <span class=\"meta\"> 8 f\u00e9vrier 2023 <\/span>\n                <h3 class=\"title\">Mazda MX-5 Miata Turbo 1.6 1990<\/h3>\n              <\/div><!--\/post-header-->\n              <div class=\"excerpt\">\n                68892-15 | 25 000-29 000 \u20ac | lire plus              <\/div>\n            <\/div>\n\n            <div class=\"post-meta\">\n              <span class=\"meta-author\"> <a href=\"https:\/\/archive.classiccar-auctions.com\/fr\/author\/administrator\/\"> <i class=\"icon-default-style icon-salient-m-user\"><\/i> administrateur<\/a> <\/span>\n\n              \n              <div class=\"nectar-love-wrap\">\n                <a href=\"#\" class=\"nectar-love\" id=\"nectar-love-459476\" title=\"aime \u00e7a\"> <i class=\"icon-salient-heart-2\"><\/i><span class=\"love-text\">aimer<\/span><span class=\"total_loves\"><span class=\"nectar-love-count\">0<\/span><\/span><\/a>              <\/div><!--\/nectar-love-wrap-->\n            <\/div>\n\n          <\/div>\n\n        \n      <\/div><!--\/col-->\n\n      \n      <div class=\"col span_4 post-459478 post type-post status-publish format-standard has-post-thumbnail category-649 tag-chevrolet\" >\n\n        \n            <div class=\"inner-wrap post-459478 post type-post status-publish format-standard has-post-thumbnail category-649 tag-chevrolet\">\n\n            <a href=\"https:\/\/archive.classiccar-auctions.com\/fr\/chevrolet-corvair-cabriolet-1964-5\/\"  class=\"img-link\"><span class=\"post-featured-img\"><img loading=\"lazy\" decoding=\"async\" width=\"1600\" height=\"1200\" src=\"https:\/\/archive.classiccar-auctions.com\/wp-content\/uploads\/2023\/02\/2022-E8-29-1-1.jpg\" class=\"attachment-portfolio-thumb size-portfolio-thumb wp-post-image\" alt=\"\" title=\"\" sizes=\"auto, (min-width: 1300px) 33vw, (min-width: 1000px) 33vw, (min-width: 690px) 100vw, 100vw\" \/><\/span><\/a><span class=\"meta-category\"><a class=\"68892\" href=\"https:\/\/archive.classiccar-auctions.com\/fr\/category\/68892\/\">68892<\/a><\/span><a class=\"entire-meta-link\" href=\"https:\/\/archive.classiccar-auctions.com\/fr\/chevrolet-corvair-cabriolet-1964-5\/\" ><span class=\"screen-reader-text\">Chevrolet Corvair Cabriolet 1964<\/span><\/a>\n            <div class=\"article-content-wrap\">\n              <div class=\"post-header\">\n                <span class=\"meta\"> 8 f\u00e9vrier 2023 <\/span>\n                <h3 class=\"title\">Chevrolet Corvair Cabriolet 1964<\/h3>\n              <\/div><!--\/post-header-->\n              <div class=\"excerpt\">\n                68892-16 | 10 000-11 500 \u20ac | lire plus              <\/div>\n            <\/div>\n\n            <div class=\"post-meta\">\n              <span class=\"meta-author\"> <a href=\"https:\/\/archive.classiccar-auctions.com\/fr\/author\/administrator\/\"> <i class=\"icon-default-style icon-salient-m-user\"><\/i> administrateur<\/a> <\/span>\n\n              \n              <div class=\"nectar-love-wrap\">\n                <a href=\"#\" class=\"nectar-love\" id=\"nectar-love-459478\" title=\"aime \u00e7a\"> <i class=\"icon-salient-heart-2\"><\/i><span class=\"love-text\">aimer<\/span><span class=\"total_loves\"><span class=\"nectar-love-count\">0<\/span><\/span><\/a>              <\/div><!--\/nectar-love-wrap-->\n            <\/div>\n\n          <\/div>\n\n        \n      <\/div><!--\/col-->\n\n      \n      <div class=\"col span_4 post-459480 post type-post status-publish format-standard has-post-thumbnail category-649 tag-jaguar\" >\n\n        \n            <div class=\"inner-wrap post-459480 post type-post status-publish format-standard has-post-thumbnail category-649 tag-jaguar\">\n\n            <a href=\"https:\/\/archive.classiccar-auctions.com\/fr\/jaguar-xj-2-7-d-v6-classic-2007-3\/\"  class=\"img-link\"><span class=\"post-featured-img\"><img loading=\"lazy\" decoding=\"async\" width=\"1600\" height=\"1200\" src=\"https:\/\/archive.classiccar-auctions.com\/wp-content\/uploads\/2023\/02\/EI-2023-100-1-1.jpg\" class=\"attachment-portfolio-thumb size-portfolio-thumb wp-post-image\" alt=\"\" title=\"\" sizes=\"auto, (min-width: 1300px) 33vw, (min-width: 1000px) 33vw, (min-width: 690px) 100vw, 100vw\" \/><\/span><\/a><span class=\"meta-category\"><a class=\"68892\" href=\"https:\/\/archive.classiccar-auctions.com\/fr\/category\/68892\/\">68892<\/a><\/span><a class=\"entire-meta-link\" href=\"https:\/\/archive.classiccar-auctions.com\/fr\/jaguar-xj-2-7-d-v6-classic-2007-3\/\" ><span class=\"screen-reader-text\">Jaguar XJ 2.7D V6 Classique 2007<\/span><\/a>\n            <div class=\"article-content-wrap\">\n              <div class=\"post-header\">\n                <span class=\"meta\"> 8 f\u00e9vrier 2023 <\/span>\n                <h3 class=\"title\">Jaguar XJ 2.7D V6 Classique 2007<\/h3>\n              <\/div><!--\/post-header-->\n              <div class=\"excerpt\">\n                68892-17 | 6 500-8 500 \u20ac | lire plus              <\/div>\n            <\/div>\n\n            <div class=\"post-meta\">\n              <span class=\"meta-author\"> <a href=\"https:\/\/archive.classiccar-auctions.com\/fr\/author\/administrator\/\"> <i class=\"icon-default-style icon-salient-m-user\"><\/i> administrateur<\/a> <\/span>\n\n              \n              <div class=\"nectar-love-wrap\">\n                <a href=\"#\" class=\"nectar-love\" id=\"nectar-love-459480\" title=\"aime \u00e7a\"> <i class=\"icon-salient-heart-2\"><\/i><span class=\"love-text\">aimer<\/span><span class=\"total_loves\"><span class=\"nectar-love-count\">0<\/span><\/span><\/a>              <\/div><!--\/nectar-love-wrap-->\n            <\/div>\n\n          <\/div>\n\n        \n      <\/div><!--\/col-->\n\n      \n      <div class=\"col span_4 post-459482 post type-post status-publish format-standard has-post-thumbnail category-649 tag-ford\" >\n\n        \n            <div class=\"inner-wrap post-459482 post type-post status-publish format-standard has-post-thumbnail category-649 tag-ford\">\n\n            <a href=\"https:\/\/archive.classiccar-auctions.com\/fr\/ford-fairlane-1959-2\/\"  class=\"img-link\"><span class=\"post-featured-img\"><img loading=\"lazy\" decoding=\"async\" width=\"1600\" height=\"1200\" src=\"https:\/\/archive.classiccar-auctions.com\/wp-content\/uploads\/2023\/02\/A-EI-2022-36-1-1.jpg\" class=\"attachment-portfolio-thumb size-portfolio-thumb wp-post-image\" alt=\"\" title=\"\" sizes=\"auto, (min-width: 1300px) 33vw, (min-width: 1000px) 33vw, (min-width: 690px) 100vw, 100vw\" \/><\/span><\/a><span class=\"meta-category\"><a class=\"68892\" href=\"https:\/\/archive.classiccar-auctions.com\/fr\/category\/68892\/\">68892<\/a><\/span><a class=\"entire-meta-link\" href=\"https:\/\/archive.classiccar-auctions.com\/fr\/ford-fairlane-1959-2\/\" ><span class=\"screen-reader-text\">Ford Fairlane 1959<\/span><\/a>\n            <div class=\"article-content-wrap\">\n              <div class=\"post-header\">\n                <span class=\"meta\"> 8 f\u00e9vrier 2023 <\/span>\n                <h3 class=\"title\">Ford Fairlane 1959<\/h3>\n              <\/div><!--\/post-header-->\n              <div class=\"excerpt\">\n                68892-18 | 11 500-13 500 \u20ac | lire plus              <\/div>\n            <\/div>\n\n            <div class=\"post-meta\">\n              <span class=\"meta-author\"> <a href=\"https:\/\/archive.classiccar-auctions.com\/fr\/author\/administrator\/\"> <i class=\"icon-default-style icon-salient-m-user\"><\/i> administrateur<\/a> <\/span>\n\n              \n              <div class=\"nectar-love-wrap\">\n                <a href=\"#\" class=\"nectar-love\" id=\"nectar-love-459482\" title=\"aime \u00e7a\"> <i class=\"icon-salient-heart-2\"><\/i><span class=\"love-text\">aimer<\/span><span class=\"total_loves\"><span class=\"nectar-love-count\">0<\/span><\/span><\/a>              <\/div><!--\/nectar-love-wrap-->\n            <\/div>\n\n          <\/div>\n\n        \n      <\/div><!--\/col-->\n\n      \n      <div class=\"col span_4 post-459484 post type-post status-publish format-standard has-post-thumbnail category-649 tag-ford\" >\n\n        \n            <div class=\"inner-wrap post-459484 post type-post status-publish format-standard has-post-thumbnail category-649 tag-ford\">\n\n            <a href=\"https:\/\/archive.classiccar-auctions.com\/fr\/ford-ltd-1976-2\/\"  class=\"img-link\"><span class=\"post-featured-img\"><img loading=\"lazy\" decoding=\"async\" width=\"1600\" height=\"1200\" src=\"https:\/\/archive.classiccar-auctions.com\/wp-content\/uploads\/2023\/02\/A-EI-2022-30-1-1.jpg\" class=\"attachment-portfolio-thumb size-portfolio-thumb wp-post-image\" alt=\"\" title=\"\" sizes=\"auto, (min-width: 1300px) 33vw, (min-width: 1000px) 33vw, (min-width: 690px) 100vw, 100vw\" \/><\/span><\/a><span class=\"meta-category\"><a class=\"68892\" href=\"https:\/\/archive.classiccar-auctions.com\/fr\/category\/68892\/\">68892<\/a><\/span><a class=\"entire-meta-link\" href=\"https:\/\/archive.classiccar-auctions.com\/fr\/ford-ltd-1976-2\/\" ><span class=\"screen-reader-text\">Ford LTD 1976<\/span><\/a>\n            <div class=\"article-content-wrap\">\n              <div class=\"post-header\">\n                <span class=\"meta\"> 8 f\u00e9vrier 2023 <\/span>\n                <h3 class=\"title\">Ford LTD 1976<\/h3>\n              <\/div><!--\/post-header-->\n              <div class=\"excerpt\">\n                68892-19 | 11 500-13 500 \u20ac | lire plus              <\/div>\n            <\/div>\n\n            <div class=\"post-meta\">\n              <span class=\"meta-author\"> <a href=\"https:\/\/archive.classiccar-auctions.com\/fr\/author\/administrator\/\"> <i class=\"icon-default-style icon-salient-m-user\"><\/i> administrateur<\/a> <\/span>\n\n              \n              <div class=\"nectar-love-wrap\">\n                <a href=\"#\" class=\"nectar-love\" id=\"nectar-love-459484\" title=\"aime \u00e7a\"> <i class=\"icon-salient-heart-2\"><\/i><span class=\"love-text\">aimer<\/span><span class=\"total_loves\"><span class=\"nectar-love-count\">0<\/span><\/span><\/a>              <\/div><!--\/nectar-love-wrap-->\n            <\/div>\n\n          <\/div>\n\n        \n      <\/div><!--\/col-->\n\n      \n      <div class=\"col span_4 post-459486 post type-post status-publish format-standard has-post-thumbnail category-649 tag-mg\" >\n\n        \n            <div class=\"inner-wrap post-459486 post type-post status-publish format-standard has-post-thumbnail category-649 tag-mg\">\n\n            <a href=\"https:\/\/archive.classiccar-auctions.com\/fr\/mg-b-gt-1976-2\/\"  class=\"img-link\"><span class=\"post-featured-img\"><img loading=\"lazy\" decoding=\"async\" width=\"1600\" height=\"1200\" src=\"https:\/\/archive.classiccar-auctions.com\/wp-content\/uploads\/2023\/02\/A-EI-2022-18-1.jpg\" class=\"attachment-portfolio-thumb size-portfolio-thumb wp-post-image\" alt=\"\" title=\"\" sizes=\"auto, (min-width: 1300px) 33vw, (min-width: 1000px) 33vw, (min-width: 690px) 100vw, 100vw\" \/><\/span><\/a><span class=\"meta-category\"><a class=\"68892\" href=\"https:\/\/archive.classiccar-auctions.com\/fr\/category\/68892\/\">68892<\/a><\/span><a class=\"entire-meta-link\" href=\"https:\/\/archive.classiccar-auctions.com\/fr\/mg-b-gt-1976-2\/\" ><span class=\"screen-reader-text\">MG B GT 1976<\/span><\/a>\n            <div class=\"article-content-wrap\">\n              <div class=\"post-header\">\n                <span class=\"meta\"> 8 f\u00e9vrier 2023 <\/span>\n                <h3 class=\"title\">MG B GT 1976<\/h3>\n              <\/div><!--\/post-header-->\n              <div class=\"excerpt\">\n                68892-20 | 17 500-19 500 \u20ac | lire plus              <\/div>\n            <\/div>\n\n            <div class=\"post-meta\">\n              <span class=\"meta-author\"> <a href=\"https:\/\/archive.classiccar-auctions.com\/fr\/author\/administrator\/\"> <i class=\"icon-default-style icon-salient-m-user\"><\/i> administrateur<\/a> <\/span>\n\n              \n              <div class=\"nectar-love-wrap\">\n                <a href=\"#\" class=\"nectar-love\" id=\"nectar-love-459486\" title=\"aime \u00e7a\"> <i class=\"icon-salient-heart-2\"><\/i><span class=\"love-text\">aimer<\/span><span class=\"total_loves\"><span class=\"nectar-love-count\">0<\/span><\/span><\/a>              <\/div><!--\/nectar-love-wrap-->\n            <\/div>\n\n          <\/div>\n\n        \n      <\/div><!--\/col-->\n\n      \n      <div class=\"col span_4 post-459488 post type-post status-publish format-standard has-post-thumbnail category-649 tag-fiat\" >\n\n        \n            <div class=\"inner-wrap post-459488 post type-post status-publish format-standard has-post-thumbnail category-649 tag-fiat\">\n\n            <a href=\"https:\/\/archive.classiccar-auctions.com\/fr\/fiat-zastava-750-le-abarth-creation-1981\/\"  class=\"img-link\"><span class=\"post-featured-img\"><img loading=\"lazy\" decoding=\"async\" width=\"1600\" height=\"1200\" src=\"https:\/\/archive.classiccar-auctions.com\/wp-content\/uploads\/2023\/02\/EI-2023-102-1.jpg\" class=\"attachment-portfolio-thumb size-portfolio-thumb wp-post-image\" alt=\"\" title=\"\" sizes=\"auto, (min-width: 1300px) 33vw, (min-width: 1000px) 33vw, (min-width: 690px) 100vw, 100vw\" \/><\/span><\/a><span class=\"meta-category\"><a class=\"68892\" href=\"https:\/\/archive.classiccar-auctions.com\/fr\/category\/68892\/\">68892<\/a><\/span><a class=\"entire-meta-link\" href=\"https:\/\/archive.classiccar-auctions.com\/fr\/fiat-zastava-750-le-abarth-creation-1981\/\" ><span class=\"screen-reader-text\">Fiat Zastava 750 LE (cr\u00e9ation Abarth) 1981<\/span><\/a>\n            <div class=\"article-content-wrap\">\n              <div class=\"post-header\">\n                <span class=\"meta\"> 8 f\u00e9vrier 2023 <\/span>\n                <h3 class=\"title\">Fiat Zastava 750 LE (cr\u00e9ation Abarth) 1981<\/h3>\n              <\/div><!--\/post-header-->\n              <div class=\"excerpt\">\n                68892-21 | 5 500-7 500 \u20ac | lire plus              <\/div>\n            <\/div>\n\n            <div class=\"post-meta\">\n              <span class=\"meta-author\"> <a href=\"https:\/\/archive.classiccar-auctions.com\/fr\/author\/administrator\/\"> <i class=\"icon-default-style icon-salient-m-user\"><\/i> administrateur<\/a> <\/span>\n\n              \n              <div class=\"nectar-love-wrap\">\n                <a href=\"#\" class=\"nectar-love\" id=\"nectar-love-459488\" title=\"aime \u00e7a\"> <i class=\"icon-salient-heart-2\"><\/i><span class=\"love-text\">aimer<\/span><span class=\"total_loves\"><span class=\"nectar-love-count\">0<\/span><\/span><\/a>              <\/div><!--\/nectar-love-wrap-->\n            <\/div>\n\n          <\/div>\n\n        \n      <\/div><!--\/col-->\n\n      \n      <div class=\"col span_4 post-459490 post type-post status-publish format-standard has-post-thumbnail category-649 tag-oldsmobile\" >\n\n        \n            <div class=\"inner-wrap post-459490 post type-post status-publish format-standard has-post-thumbnail category-649 tag-oldsmobile\">\n\n            <a href=\"https:\/\/archive.classiccar-auctions.com\/fr\/oldsmobile-98-ds-1951\/\"  class=\"img-link\"><span class=\"post-featured-img\"><img loading=\"lazy\" decoding=\"async\" width=\"1600\" height=\"1200\" src=\"https:\/\/archive.classiccar-auctions.com\/wp-content\/uploads\/2023\/02\/EI-2023-110-1.jpg\" class=\"attachment-portfolio-thumb size-portfolio-thumb wp-post-image\" alt=\"\" title=\"\" sizes=\"auto, (min-width: 1300px) 33vw, (min-width: 1000px) 33vw, (min-width: 690px) 100vw, 100vw\" \/><\/span><\/a><span class=\"meta-category\"><a class=\"68892\" href=\"https:\/\/archive.classiccar-auctions.com\/fr\/category\/68892\/\">68892<\/a><\/span><a class=\"entire-meta-link\" href=\"https:\/\/archive.classiccar-auctions.com\/fr\/oldsmobile-98-ds-1951\/\" ><span class=\"screen-reader-text\">Oldsmobile 98 DS 1951<\/span><\/a>\n            <div class=\"article-content-wrap\">\n              <div class=\"post-header\">\n                <span class=\"meta\"> 8 f\u00e9vrier 2023 <\/span>\n                <h3 class=\"title\">Oldsmobile 98 DS 1951<\/h3>\n              <\/div><!--\/post-header-->\n              <div class=\"excerpt\">\n                68892-22 | 8 500-11 000 \u20ac | lire plus              <\/div>\n            <\/div>\n\n            <div class=\"post-meta\">\n              <span class=\"meta-author\"> <a href=\"https:\/\/archive.classiccar-auctions.com\/fr\/author\/administrator\/\"> <i class=\"icon-default-style icon-salient-m-user\"><\/i> administrateur<\/a> <\/span>\n\n              \n              <div class=\"nectar-love-wrap\">\n                <a href=\"#\" class=\"nectar-love\" id=\"nectar-love-459490\" title=\"aime \u00e7a\"> <i class=\"icon-salient-heart-2\"><\/i><span class=\"love-text\">aimer<\/span><span class=\"total_loves\"><span class=\"nectar-love-count\">0<\/span><\/span><\/a>              <\/div><!--\/nectar-love-wrap-->\n            <\/div>\n\n          <\/div>\n\n        \n      <\/div><!--\/col-->\n\n      \n      <div class=\"col span_4 post-459492 post type-post status-publish format-standard has-post-thumbnail category-649 tag-fiat\" >\n\n        \n            <div class=\"inner-wrap post-459492 post type-post status-publish format-standard has-post-thumbnail category-649 tag-fiat\">\n\n            <a href=\"https:\/\/archive.classiccar-auctions.com\/fr\/fiat-124-pininfarina-spider-1976\/\"  class=\"img-link\"><span class=\"post-featured-img\"><img loading=\"lazy\" decoding=\"async\" width=\"1600\" height=\"1200\" src=\"https:\/\/archive.classiccar-auctions.com\/wp-content\/uploads\/2023\/02\/EI-2023-113-1.jpg\" class=\"attachment-portfolio-thumb size-portfolio-thumb wp-post-image\" alt=\"\" title=\"\" sizes=\"auto, (min-width: 1300px) 33vw, (min-width: 1000px) 33vw, (min-width: 690px) 100vw, 100vw\" \/><\/span><\/a><span class=\"meta-category\"><a class=\"68892\" href=\"https:\/\/archive.classiccar-auctions.com\/fr\/category\/68892\/\">68892<\/a><\/span><a class=\"entire-meta-link\" href=\"https:\/\/archive.classiccar-auctions.com\/fr\/fiat-124-pininfarina-spider-1976\/\" ><span class=\"screen-reader-text\">Fiat 124 Pininfarina Araign\u00e9e 1976<\/span><\/a>\n            <div class=\"article-content-wrap\">\n              <div class=\"post-header\">\n                <span class=\"meta\"> 8 f\u00e9vrier 2023 <\/span>\n                <h3 class=\"title\">Fiat 124 Pininfarina Araign\u00e9e 1976<\/h3>\n              <\/div><!--\/post-header-->\n              <div class=\"excerpt\">\n                68892-23 | 11 000-14 000 \u20ac | lire plus              <\/div>\n            <\/div>\n\n            <div class=\"post-meta\">\n              <span class=\"meta-author\"> <a href=\"https:\/\/archive.classiccar-auctions.com\/fr\/author\/administrator\/\"> <i class=\"icon-default-style icon-salient-m-user\"><\/i> administrateur<\/a> <\/span>\n\n              \n              <div class=\"nectar-love-wrap\">\n                <a href=\"#\" class=\"nectar-love\" id=\"nectar-love-459492\" title=\"aime \u00e7a\"> <i class=\"icon-salient-heart-2\"><\/i><span class=\"love-text\">aimer<\/span><span class=\"total_loves\"><span class=\"nectar-love-count\">0<\/span><\/span><\/a>              <\/div><!--\/nectar-love-wrap-->\n            <\/div>\n\n          <\/div>\n\n        \n      <\/div><!--\/col-->\n\n      \n      <div class=\"col span_4 post-459494 post type-post status-publish format-standard has-post-thumbnail category-649 tag-goggomobil\" >\n\n        \n            <div class=\"inner-wrap post-459494 post type-post status-publish format-standard has-post-thumbnail category-649 tag-goggomobil\">\n\n            <a href=\"https:\/\/archive.classiccar-auctions.com\/fr\/goggomobil-bmw-coupe-ts-250-1969\/\"  class=\"img-link\"><span class=\"post-featured-img\"><img loading=\"lazy\" decoding=\"async\" width=\"1600\" height=\"1200\" src=\"https:\/\/archive.classiccar-auctions.com\/wp-content\/uploads\/2023\/02\/EI-2023-114-1.jpg\" class=\"attachment-portfolio-thumb size-portfolio-thumb wp-post-image\" alt=\"\" title=\"\" sizes=\"auto, (min-width: 1300px) 33vw, (min-width: 1000px) 33vw, (min-width: 690px) 100vw, 100vw\" \/><\/span><\/a><span class=\"meta-category\"><a class=\"68892\" href=\"https:\/\/archive.classiccar-auctions.com\/fr\/category\/68892\/\">68892<\/a><\/span><a class=\"entire-meta-link\" href=\"https:\/\/archive.classiccar-auctions.com\/fr\/goggomobil-bmw-coupe-ts-250-1969\/\" ><span class=\"screen-reader-text\">Goggomobil BMW Coup\u00e9 TS 250 1969<\/span><\/a>\n            <div class=\"article-content-wrap\">\n              <div class=\"post-header\">\n                <span class=\"meta\"> 8 f\u00e9vrier 2023 <\/span>\n                <h3 class=\"title\">Goggomobil BMW Coup\u00e9 TS 250 1969<\/h3>\n              <\/div><!--\/post-header-->\n              <div class=\"excerpt\">\n                68892-24 | 6 500-8 500 \u20ac | lire plus              <\/div>\n            <\/div>\n\n            <div class=\"post-meta\">\n              <span class=\"meta-author\"> <a href=\"https:\/\/archive.classiccar-auctions.com\/fr\/author\/administrator\/\"> <i class=\"icon-default-style icon-salient-m-user\"><\/i> administrateur<\/a> <\/span>\n\n              \n              <div class=\"nectar-love-wrap\">\n                <a href=\"#\" class=\"nectar-love\" id=\"nectar-love-459494\" title=\"aime \u00e7a\"> <i class=\"icon-salient-heart-2\"><\/i><span class=\"love-text\">aimer<\/span><span class=\"total_loves\"><span class=\"nectar-love-count\">0<\/span><\/span><\/a>              <\/div><!--\/nectar-love-wrap-->\n            <\/div>\n\n          <\/div>\n\n        \n      <\/div><!--\/col-->\n\n      \n      <div class=\"col span_4 post-459496 post type-post status-publish format-standard has-post-thumbnail category-649 tag-mg\" >\n\n        \n            <div class=\"inner-wrap post-459496 post type-post status-publish format-standard has-post-thumbnail category-649 tag-mg\">\n\n            <a href=\"https:\/\/archive.classiccar-auctions.com\/fr\/mg-b-gt-1972\/\"  class=\"img-link\"><span class=\"post-featured-img\"><img loading=\"lazy\" decoding=\"async\" width=\"1600\" height=\"1200\" src=\"https:\/\/archive.classiccar-auctions.com\/wp-content\/uploads\/2023\/02\/EI-2023-117-1.jpg\" class=\"attachment-portfolio-thumb size-portfolio-thumb wp-post-image\" alt=\"\" title=\"\" sizes=\"auto, (min-width: 1300px) 33vw, (min-width: 1000px) 33vw, (min-width: 690px) 100vw, 100vw\" \/><\/span><\/a><span class=\"meta-category\"><a class=\"68892\" href=\"https:\/\/archive.classiccar-auctions.com\/fr\/category\/68892\/\">68892<\/a><\/span><a class=\"entire-meta-link\" href=\"https:\/\/archive.classiccar-auctions.com\/fr\/mg-b-gt-1972\/\" ><span class=\"screen-reader-text\">MG BGT 1972<\/span><\/a>\n            <div class=\"article-content-wrap\">\n              <div class=\"post-header\">\n                <span class=\"meta\"> 8 f\u00e9vrier 2023 <\/span>\n                <h3 class=\"title\">MG BGT 1972<\/h3>\n              <\/div><!--\/post-header-->\n              <div class=\"excerpt\">\n                68892-25 | 7 500-9 500 \u20ac | lire plus              <\/div>\n            <\/div>\n\n            <div class=\"post-meta\">\n              <span class=\"meta-author\"> <a href=\"https:\/\/archive.classiccar-auctions.com\/fr\/author\/administrator\/\"> <i class=\"icon-default-style icon-salient-m-user\"><\/i> administrateur<\/a> <\/span>\n\n              \n              <div class=\"nectar-love-wrap\">\n                <a href=\"#\" class=\"nectar-love\" id=\"nectar-love-459496\" title=\"aime \u00e7a\"> <i class=\"icon-salient-heart-2\"><\/i><span class=\"love-text\">aimer<\/span><span class=\"total_loves\"><span class=\"nectar-love-count\">0<\/span><\/span><\/a>              <\/div><!--\/nectar-love-wrap-->\n            <\/div>\n\n          <\/div>\n\n        \n      <\/div><!--\/col-->\n\n      \n      <div class=\"col span_4 post-459498 post type-post status-publish format-standard has-post-thumbnail category-649 tag-chevrolet\" >\n\n        \n            <div class=\"inner-wrap post-459498 post type-post status-publish format-standard has-post-thumbnail category-649 tag-chevrolet\">\n\n            <a href=\"https:\/\/archive.classiccar-auctions.com\/fr\/chevrolet-caprice-1987\/\"  class=\"img-link\"><span class=\"post-featured-img\"><img loading=\"lazy\" decoding=\"async\" width=\"1600\" height=\"1200\" src=\"https:\/\/archive.classiccar-auctions.com\/wp-content\/uploads\/2023\/02\/EI-2023-95-1.jpg\" class=\"attachment-portfolio-thumb size-portfolio-thumb wp-post-image\" alt=\"\" title=\"\" sizes=\"auto, (min-width: 1300px) 33vw, (min-width: 1000px) 33vw, (min-width: 690px) 100vw, 100vw\" \/><\/span><\/a><span class=\"meta-category\"><a class=\"68892\" href=\"https:\/\/archive.classiccar-auctions.com\/fr\/category\/68892\/\">68892<\/a><\/span><a class=\"entire-meta-link\" href=\"https:\/\/archive.classiccar-auctions.com\/fr\/chevrolet-caprice-1987\/\" ><span class=\"screen-reader-text\">Chevrolet Caprice 1987<\/span><\/a>\n            <div class=\"article-content-wrap\">\n              <div class=\"post-header\">\n                <span class=\"meta\"> 8 f\u00e9vrier 2023 <\/span>\n                <h3 class=\"title\">Chevrolet Caprice 1987<\/h3>\n              <\/div><!--\/post-header-->\n              <div class=\"excerpt\">\n                68892-26 | 8 000-9 500 \u20ac | lire plus              <\/div>\n            <\/div>\n\n            <div class=\"post-meta\">\n              <span class=\"meta-author\"> <a href=\"https:\/\/archive.classiccar-auctions.com\/fr\/author\/administrator\/\"> <i class=\"icon-default-style icon-salient-m-user\"><\/i> administrateur<\/a> <\/span>\n\n              \n              <div class=\"nectar-love-wrap\">\n                <a href=\"#\" class=\"nectar-love\" id=\"nectar-love-459498\" title=\"aime \u00e7a\"> <i class=\"icon-salient-heart-2\"><\/i><span class=\"love-text\">aimer<\/span><span class=\"total_loves\"><span class=\"nectar-love-count\">0<\/span><\/span><\/a>              <\/div><!--\/nectar-love-wrap-->\n            <\/div>\n\n          <\/div>\n\n        \n      <\/div><!--\/col-->\n\n      \n      <div class=\"col span_4 post-459500 post type-post status-publish format-standard has-post-thumbnail category-649 tag-bmw\" >\n\n        \n            <div class=\"inner-wrap post-459500 post type-post status-publish format-standard has-post-thumbnail category-649 tag-bmw\">\n\n            <a href=\"https:\/\/archive.classiccar-auctions.com\/fr\/bmw-325-ix-touring-1990\/\"  class=\"img-link\"><span class=\"post-featured-img\"><img loading=\"lazy\" decoding=\"async\" width=\"1600\" height=\"1200\" src=\"https:\/\/archive.classiccar-auctions.com\/wp-content\/uploads\/2023\/02\/EI-2023-91-1.jpg\" class=\"attachment-portfolio-thumb size-portfolio-thumb wp-post-image\" alt=\"\" title=\"\" sizes=\"auto, (min-width: 1300px) 33vw, (min-width: 1000px) 33vw, (min-width: 690px) 100vw, 100vw\" \/><\/span><\/a><span class=\"meta-category\"><a class=\"68892\" href=\"https:\/\/archive.classiccar-auctions.com\/fr\/category\/68892\/\">68892<\/a><\/span><a class=\"entire-meta-link\" href=\"https:\/\/archive.classiccar-auctions.com\/fr\/bmw-325-ix-touring-1990\/\" ><span class=\"screen-reader-text\">BMW 325 IX Touring 1990<\/span><\/a>\n            <div class=\"article-content-wrap\">\n              <div class=\"post-header\">\n                <span class=\"meta\"> 8 f\u00e9vrier 2023 <\/span>\n                <h3 class=\"title\">BMW 325 IX Touring 1990<\/h3>\n              <\/div><!--\/post-header-->\n              <div class=\"excerpt\">\n                68892-27 | 9 000-11 000 \u20ac | lire plus              <\/div>\n            <\/div>\n\n            <div class=\"post-meta\">\n              <span class=\"meta-author\"> <a href=\"https:\/\/archive.classiccar-auctions.com\/fr\/author\/administrator\/\"> <i class=\"icon-default-style icon-salient-m-user\"><\/i> administrateur<\/a> <\/span>\n\n              \n              <div class=\"nectar-love-wrap\">\n                <a href=\"#\" class=\"nectar-love\" id=\"nectar-love-459500\" title=\"aime \u00e7a\"> <i class=\"icon-salient-heart-2\"><\/i><span class=\"love-text\">aimer<\/span><span class=\"total_loves\"><span class=\"nectar-love-count\">0<\/span><\/span><\/a>              <\/div><!--\/nectar-love-wrap-->\n            <\/div>\n\n          <\/div>\n\n        \n      <\/div><!--\/col-->\n\n      \n      <div class=\"col span_4 post-459502 post type-post status-publish format-standard has-post-thumbnail category-649 tag-volkswagen\" >\n\n        \n            <div class=\"inner-wrap post-459502 post type-post status-publish format-standard has-post-thumbnail category-649 tag-volkswagen\">\n\n            <a href=\"https:\/\/archive.classiccar-auctions.com\/fr\/volkswagen-kever-1976\/\"  class=\"img-link\"><span class=\"post-featured-img\"><img loading=\"lazy\" decoding=\"async\" width=\"1600\" height=\"1200\" src=\"https:\/\/archive.classiccar-auctions.com\/wp-content\/uploads\/2023\/02\/EI-2023-97-1.jpg\" class=\"attachment-portfolio-thumb size-portfolio-thumb wp-post-image\" alt=\"\" title=\"\" sizes=\"auto, (min-width: 1300px) 33vw, (min-width: 1000px) 33vw, (min-width: 690px) 100vw, 100vw\" \/><\/span><\/a><span class=\"meta-category\"><a class=\"68892\" href=\"https:\/\/archive.classiccar-auctions.com\/fr\/category\/68892\/\">68892<\/a><\/span><a class=\"entire-meta-link\" href=\"https:\/\/archive.classiccar-auctions.com\/fr\/volkswagen-kever-1976\/\" ><span class=\"screen-reader-text\">Volkswagen Coccinelle 1976<\/span><\/a>\n            <div class=\"article-content-wrap\">\n              <div class=\"post-header\">\n                <span class=\"meta\"> 8 f\u00e9vrier 2023 <\/span>\n                <h3 class=\"title\">Volkswagen Coccinelle 1976<\/h3>\n              <\/div><!--\/post-header-->\n              <div class=\"excerpt\">\n                68892-28 | 6 000-7 500 \u20ac | lire plus              <\/div>\n            <\/div>\n\n            <div class=\"post-meta\">\n              <span class=\"meta-author\"> <a href=\"https:\/\/archive.classiccar-auctions.com\/fr\/author\/administrator\/\"> <i class=\"icon-default-style icon-salient-m-user\"><\/i> administrateur<\/a> <\/span>\n\n              \n              <div class=\"nectar-love-wrap\">\n                <a href=\"#\" class=\"nectar-love\" id=\"nectar-love-459502\" title=\"aime \u00e7a\"> <i class=\"icon-salient-heart-2\"><\/i><span class=\"love-text\">aimer<\/span><span class=\"total_loves\"><span class=\"nectar-love-count\">0<\/span><\/span><\/a>              <\/div><!--\/nectar-love-wrap-->\n            <\/div>\n\n          <\/div>\n\n        \n      <\/div><!--\/col-->\n\n      \n      <div class=\"col span_4 post-459504 post type-post status-publish format-standard has-post-thumbnail category-649 tag-mercedes-benz\" >\n\n        \n            <div class=\"inner-wrap post-459504 post type-post status-publish format-standard has-post-thumbnail category-649 tag-mercedes-benz\">\n\n            <a href=\"https:\/\/archive.classiccar-auctions.com\/fr\/mercedes-benz-cl-600-2000-5\/\"  class=\"img-link\"><span class=\"post-featured-img\"><img loading=\"lazy\" decoding=\"async\" width=\"1600\" height=\"1200\" src=\"https:\/\/archive.classiccar-auctions.com\/wp-content\/uploads\/2023\/02\/EI-2023-101-1.jpg\" class=\"attachment-portfolio-thumb size-portfolio-thumb wp-post-image\" alt=\"\" title=\"\" sizes=\"auto, (min-width: 1300px) 33vw, (min-width: 1000px) 33vw, (min-width: 690px) 100vw, 100vw\" \/><\/span><\/a><span class=\"meta-category\"><a class=\"68892\" href=\"https:\/\/archive.classiccar-auctions.com\/fr\/category\/68892\/\">68892<\/a><\/span><a class=\"entire-meta-link\" href=\"https:\/\/archive.classiccar-auctions.com\/fr\/mercedes-benz-cl-600-2000-5\/\" ><span class=\"screen-reader-text\">Mercedes-Benz CL 600 2000<\/span><\/a>\n            <div class=\"article-content-wrap\">\n              <div class=\"post-header\">\n                <span class=\"meta\"> 8 f\u00e9vrier 2023 <\/span>\n                <h3 class=\"title\">Mercedes-Benz CL 600 2000<\/h3>\n              <\/div><!--\/post-header-->\n              <div class=\"excerpt\">\n                68892-29 | 7 500-9 500 \u20ac | lire plus              <\/div>\n            <\/div>\n\n            <div class=\"post-meta\">\n              <span class=\"meta-author\"> <a href=\"https:\/\/archive.classiccar-auctions.com\/fr\/author\/administrator\/\"> <i class=\"icon-default-style icon-salient-m-user\"><\/i> administrateur<\/a> <\/span>\n\n              \n              <div class=\"nectar-love-wrap\">\n                <a href=\"#\" class=\"nectar-love\" id=\"nectar-love-459504\" title=\"aime \u00e7a\"> <i class=\"icon-salient-heart-2\"><\/i><span class=\"love-text\">aimer<\/span><span class=\"total_loves\"><span class=\"nectar-love-count\">0<\/span><\/span><\/a>              <\/div><!--\/nectar-love-wrap-->\n            <\/div>\n\n          <\/div>\n\n        \n      <\/div><!--\/col-->\n\n      \n      <div class=\"col span_4 post-459506 post type-post status-publish format-standard has-post-thumbnail category-649 tag-daf\" >\n\n        \n            <div class=\"inner-wrap post-459506 post type-post status-publish format-standard has-post-thumbnail category-649 tag-daf\">\n\n            <a href=\"https:\/\/archive.classiccar-auctions.com\/fr\/daf-33-1974-2\/\"  class=\"img-link\"><span class=\"post-featured-img\"><img loading=\"lazy\" decoding=\"async\" width=\"1600\" height=\"1200\" src=\"https:\/\/archive.classiccar-auctions.com\/wp-content\/uploads\/2023\/02\/A-EI-2022-25-1.jpg\" class=\"attachment-portfolio-thumb size-portfolio-thumb wp-post-image\" alt=\"\" title=\"\" sizes=\"auto, (min-width: 1300px) 33vw, (min-width: 1000px) 33vw, (min-width: 690px) 100vw, 100vw\" \/><\/span><\/a><span class=\"meta-category\"><a class=\"68892\" href=\"https:\/\/archive.classiccar-auctions.com\/fr\/category\/68892\/\">68892<\/a><\/span><a class=\"entire-meta-link\" href=\"https:\/\/archive.classiccar-auctions.com\/fr\/daf-33-1974-2\/\" ><span class=\"screen-reader-text\">DAF 33 1974<\/span><\/a>\n            <div class=\"article-content-wrap\">\n              <div class=\"post-header\">\n                <span class=\"meta\"> 8 f\u00e9vrier 2023 <\/span>\n                <h3 class=\"title\">DAF 33 1974<\/h3>\n              <\/div><!--\/post-header-->\n              <div class=\"excerpt\">\n                68892-30 | lire plus              <\/div>\n            <\/div>\n\n            <div class=\"post-meta\">\n              <span class=\"meta-author\"> <a href=\"https:\/\/archive.classiccar-auctions.com\/fr\/author\/administrator\/\"> <i class=\"icon-default-style icon-salient-m-user\"><\/i> administrateur<\/a> <\/span>\n\n              \n              <div class=\"nectar-love-wrap\">\n                <a href=\"#\" class=\"nectar-love\" id=\"nectar-love-459506\" title=\"aime \u00e7a\"> <i class=\"icon-salient-heart-2\"><\/i><span class=\"love-text\">aimer<\/span><span class=\"total_loves\"><span class=\"nectar-love-count\">0<\/span><\/span><\/a>              <\/div><!--\/nectar-love-wrap-->\n            <\/div>\n\n          <\/div>\n\n        \n      <\/div><!--\/col-->\n\n      \n      <div class=\"col span_4 post-459508 post type-post status-publish format-standard has-post-thumbnail category-649 tag-daf\" >\n\n        \n            <div class=\"inner-wrap post-459508 post type-post status-publish format-standard has-post-thumbnail category-649 tag-daf\">\n\n            <a href=\"https:\/\/archive.classiccar-auctions.com\/fr\/daf-66-combi-1974-2\/\"  class=\"img-link\"><span class=\"post-featured-img\"><img loading=\"lazy\" decoding=\"async\" width=\"1600\" height=\"1200\" src=\"https:\/\/archive.classiccar-auctions.com\/wp-content\/uploads\/2023\/02\/A-EI-2022-26-1.jpg\" class=\"attachment-portfolio-thumb size-portfolio-thumb wp-post-image\" alt=\"\" title=\"\" sizes=\"auto, (min-width: 1300px) 33vw, (min-width: 1000px) 33vw, (min-width: 690px) 100vw, 100vw\" \/><\/span><\/a><span class=\"meta-category\"><a class=\"68892\" href=\"https:\/\/archive.classiccar-auctions.com\/fr\/category\/68892\/\">68892<\/a><\/span><a class=\"entire-meta-link\" href=\"https:\/\/archive.classiccar-auctions.com\/fr\/daf-66-combi-1974-2\/\" ><span class=\"screen-reader-text\">Daf 66 Combi 1974<\/span><\/a>\n            <div class=\"article-content-wrap\">\n              <div class=\"post-header\">\n                <span class=\"meta\"> 8 f\u00e9vrier 2023 <\/span>\n                <h3 class=\"title\">Daf 66 Combi 1974<\/h3>\n              <\/div><!--\/post-header-->\n              <div class=\"excerpt\">\n                68892-31 | lire plus              <\/div>\n            <\/div>\n\n            <div class=\"post-meta\">\n              <span class=\"meta-author\"> <a href=\"https:\/\/archive.classiccar-auctions.com\/fr\/author\/administrator\/\"> <i class=\"icon-default-style icon-salient-m-user\"><\/i> administrateur<\/a> <\/span>\n\n              \n              <div class=\"nectar-love-wrap\">\n                <a href=\"#\" class=\"nectar-love\" id=\"nectar-love-459508\" title=\"aime \u00e7a\"> <i class=\"icon-salient-heart-2\"><\/i><span class=\"love-text\">aimer<\/span><span class=\"total_loves\"><span class=\"nectar-love-count\">0<\/span><\/span><\/a>              <\/div><!--\/nectar-love-wrap-->\n            <\/div>\n\n          <\/div>\n\n        \n      <\/div><!--\/col-->\n\n      \n      <div class=\"col span_4 post-459510 post type-post status-publish format-standard has-post-thumbnail category-649 tag-daf\" >\n\n        \n            <div class=\"inner-wrap post-459510 post type-post status-publish format-standard has-post-thumbnail category-649 tag-daf\">\n\n            <a href=\"https:\/\/archive.classiccar-auctions.com\/fr\/daf-46-super-luxe-1975-2\/\"  class=\"img-link\"><span class=\"post-featured-img\"><img loading=\"lazy\" decoding=\"async\" width=\"1600\" height=\"1067\" src=\"https:\/\/archive.classiccar-auctions.com\/wp-content\/uploads\/2023\/02\/A-EI-2022-28-1.jpg\" class=\"attachment-portfolio-thumb size-portfolio-thumb wp-post-image\" alt=\"\" title=\"\" sizes=\"auto, (min-width: 1300px) 33vw, (min-width: 1000px) 33vw, (min-width: 690px) 100vw, 100vw\" \/><\/span><\/a><span class=\"meta-category\"><a class=\"68892\" href=\"https:\/\/archive.classiccar-auctions.com\/fr\/category\/68892\/\">68892<\/a><\/span><a class=\"entire-meta-link\" href=\"https:\/\/archive.classiccar-auctions.com\/fr\/daf-46-super-luxe-1975-2\/\" ><span class=\"screen-reader-text\">Daf 46 Super Luxe 1975<\/span><\/a>\n            <div class=\"article-content-wrap\">\n              <div class=\"post-header\">\n                <span class=\"meta\"> 8 f\u00e9vrier 2023 <\/span>\n                <h3 class=\"title\">Daf 46 Super Luxe 1975<\/h3>\n              <\/div><!--\/post-header-->\n              <div class=\"excerpt\">\n                68892-32 | lire plus              <\/div>\n            <\/div>\n\n            <div class=\"post-meta\">\n              <span class=\"meta-author\"> <a href=\"https:\/\/archive.classiccar-auctions.com\/fr\/author\/administrator\/\"> <i class=\"icon-default-style icon-salient-m-user\"><\/i> administrateur<\/a> <\/span>\n\n              \n              <div class=\"nectar-love-wrap\">\n                <a href=\"#\" class=\"nectar-love\" id=\"nectar-love-459510\" title=\"aime \u00e7a\"> <i class=\"icon-salient-heart-2\"><\/i><span class=\"love-text\">aimer<\/span><span class=\"total_loves\"><span class=\"nectar-love-count\">0<\/span><\/span><\/a>              <\/div><!--\/nectar-love-wrap-->\n            <\/div>\n\n          <\/div>\n\n        \n      <\/div><!--\/col-->\n\n      \n      <div class=\"col span_4 post-459512 post type-post status-publish format-standard has-post-thumbnail category-649 tag-daf\" >\n\n        \n            <div class=\"inner-wrap post-459512 post type-post status-publish format-standard has-post-thumbnail category-649 tag-daf\">\n\n            <a href=\"https:\/\/archive.classiccar-auctions.com\/fr\/daf-33-1969-2\/\"  class=\"img-link\"><span class=\"post-featured-img\"><img loading=\"lazy\" decoding=\"async\" width=\"1600\" height=\"1067\" src=\"https:\/\/archive.classiccar-auctions.com\/wp-content\/uploads\/2023\/02\/A-EI-2022-33-1.jpg\" class=\"attachment-portfolio-thumb size-portfolio-thumb wp-post-image\" alt=\"\" title=\"\" sizes=\"auto, (min-width: 1300px) 33vw, (min-width: 1000px) 33vw, (min-width: 690px) 100vw, 100vw\" \/><\/span><\/a><span class=\"meta-category\"><a class=\"68892\" href=\"https:\/\/archive.classiccar-auctions.com\/fr\/category\/68892\/\">68892<\/a><\/span><a class=\"entire-meta-link\" href=\"https:\/\/archive.classiccar-auctions.com\/fr\/daf-33-1969-2\/\" ><span class=\"screen-reader-text\">DAF 33 1969<\/span><\/a>\n            <div class=\"article-content-wrap\">\n              <div class=\"post-header\">\n                <span class=\"meta\"> 8 f\u00e9vrier 2023 <\/span>\n                <h3 class=\"title\">DAF 33 1969<\/h3>\n              <\/div><!--\/post-header-->\n              <div class=\"excerpt\">\n                68892-33 | lire plus              <\/div>\n            <\/div>\n\n            <div class=\"post-meta\">\n              <span class=\"meta-author\"> <a href=\"https:\/\/archive.classiccar-auctions.com\/fr\/author\/administrator\/\"> <i class=\"icon-default-style icon-salient-m-user\"><\/i> administrateur<\/a> <\/span>\n\n              \n              <div class=\"nectar-love-wrap\">\n                <a href=\"#\" class=\"nectar-love\" id=\"nectar-love-459512\" title=\"aime \u00e7a\"> <i class=\"icon-salient-heart-2\"><\/i><span class=\"love-text\">aimer<\/span><span class=\"total_loves\"><span class=\"nectar-love-count\">0<\/span><\/span><\/a>              <\/div><!--\/nectar-love-wrap-->\n            <\/div>\n\n          <\/div>\n\n        \n      <\/div><!--\/col-->\n\n      \n      <div class=\"col span_4 post-459514 post type-post status-publish format-standard has-post-thumbnail category-649 tag-mercedes-benz\" >\n\n        \n            <div class=\"inner-wrap post-459514 post type-post status-publish format-standard has-post-thumbnail category-649 tag-mercedes-benz\">\n\n            <a href=\"https:\/\/archive.classiccar-auctions.com\/fr\/mercedes-benz-clk-320-elegance-1997-4\/\"  class=\"img-link\"><span class=\"post-featured-img\"><img loading=\"lazy\" decoding=\"async\" width=\"1600\" height=\"1200\" src=\"https:\/\/archive.classiccar-auctions.com\/wp-content\/uploads\/2023\/02\/2022-E9-2-1.jpg\" class=\"attachment-portfolio-thumb size-portfolio-thumb wp-post-image\" alt=\"\" title=\"\" sizes=\"auto, (min-width: 1300px) 33vw, (min-width: 1000px) 33vw, (min-width: 690px) 100vw, 100vw\" \/><\/span><\/a><span class=\"meta-category\"><a class=\"68892\" href=\"https:\/\/archive.classiccar-auctions.com\/fr\/category\/68892\/\">68892<\/a><\/span><a class=\"entire-meta-link\" href=\"https:\/\/archive.classiccar-auctions.com\/fr\/mercedes-benz-clk-320-elegance-1997-4\/\" ><span class=\"screen-reader-text\">Mercedes-Benz CLK 320 \u00c9l\u00e9gance 1997<\/span><\/a>\n            <div class=\"article-content-wrap\">\n              <div class=\"post-header\">\n                <span class=\"meta\"> 8 f\u00e9vrier 2023 <\/span>\n                <h3 class=\"title\">Mercedes-Benz CLK 320 \u00c9l\u00e9gance 1997<\/h3>\n              <\/div><!--\/post-header-->\n              <div class=\"excerpt\">\n                68892-34 | 2 200-2 900 \u20ac | lire plus              <\/div>\n            <\/div>\n\n            <div class=\"post-meta\">\n              <span class=\"meta-author\"> <a href=\"https:\/\/archive.classiccar-auctions.com\/fr\/author\/administrator\/\"> <i class=\"icon-default-style icon-salient-m-user\"><\/i> administrateur<\/a> <\/span>\n\n              \n              <div class=\"nectar-love-wrap\">\n                <a href=\"#\" class=\"nectar-love\" id=\"nectar-love-459514\" title=\"aime \u00e7a\"> <i class=\"icon-salient-heart-2\"><\/i><span class=\"love-text\">aimer<\/span><span class=\"total_loves\"><span class=\"nectar-love-count\">0<\/span><\/span><\/a>              <\/div><!--\/nectar-love-wrap-->\n            <\/div>\n\n          <\/div>\n\n        \n      <\/div><!--\/col-->\n\n      \n      <div class=\"col span_4 post-459516 post type-post status-publish format-standard has-post-thumbnail category-649 tag-cadillac\" >\n\n        \n            <div class=\"inner-wrap post-459516 post type-post status-publish format-standard has-post-thumbnail category-649 tag-cadillac\">\n\n            <a href=\"https:\/\/archive.classiccar-auctions.com\/fr\/cadillac-dts-landaulet-rouwauto-2006-4\/\"  class=\"img-link\"><span class=\"post-featured-img\"><img loading=\"lazy\" decoding=\"async\" width=\"1600\" height=\"1200\" src=\"https:\/\/archive.classiccar-auctions.com\/wp-content\/uploads\/2023\/02\/2022-E9-25-1.jpg\" class=\"attachment-portfolio-thumb size-portfolio-thumb wp-post-image\" alt=\"\" title=\"\" sizes=\"auto, (min-width: 1300px) 33vw, (min-width: 1000px) 33vw, (min-width: 690px) 100vw, 100vw\" \/><\/span><\/a><span class=\"meta-category\"><a class=\"68892\" href=\"https:\/\/archive.classiccar-auctions.com\/fr\/category\/68892\/\">68892<\/a><\/span><a class=\"entire-meta-link\" href=\"https:\/\/archive.classiccar-auctions.com\/fr\/cadillac-dts-landaulet-rouwauto-2006-4\/\" ><span class=\"screen-reader-text\">Cadillac DTS Landaulet corbillard 2006<\/span><\/a>\n            <div class=\"article-content-wrap\">\n              <div class=\"post-header\">\n                <span class=\"meta\"> 8 f\u00e9vrier 2023 <\/span>\n                <h3 class=\"title\">Cadillac DTS Landaulet corbillard 2006<\/h3>\n              <\/div><!--\/post-header-->\n              <div class=\"excerpt\">\n                68892-35 | 8 500-9 500 \u20ac | lire plus              <\/div>\n            <\/div>\n\n            <div class=\"post-meta\">\n              <span class=\"meta-author\"> <a href=\"https:\/\/archive.classiccar-auctions.com\/fr\/author\/administrator\/\"> <i class=\"icon-default-style icon-salient-m-user\"><\/i> administrateur<\/a> <\/span>\n\n              \n              <div class=\"nectar-love-wrap\">\n                <a href=\"#\" class=\"nectar-love\" id=\"nectar-love-459516\" title=\"aime \u00e7a\"> <i class=\"icon-salient-heart-2\"><\/i><span class=\"love-text\">aimer<\/span><span class=\"total_loves\"><span class=\"nectar-love-count\">0<\/span><\/span><\/a>              <\/div><!--\/nectar-love-wrap-->\n            <\/div>\n\n          <\/div>\n\n        \n      <\/div><!--\/col-->\n\n      \n      <div class=\"col span_4 post-459518 post type-post status-publish format-standard has-post-thumbnail category-649 tag-mercedes-benz\" >\n\n        \n            <div class=\"inner-wrap post-459518 post type-post status-publish format-standard has-post-thumbnail category-649 tag-mercedes-benz\">\n\n            <a href=\"https:\/\/archive.classiccar-auctions.com\/fr\/mercedes-benz-cls-320-cdi-2006-4\/\"  class=\"img-link\"><span class=\"post-featured-img\"><img loading=\"lazy\" decoding=\"async\" width=\"1600\" height=\"1200\" src=\"https:\/\/archive.classiccar-auctions.com\/wp-content\/uploads\/2023\/02\/2022-E8-220-1.jpg\" class=\"attachment-portfolio-thumb size-portfolio-thumb wp-post-image\" alt=\"\" title=\"\" sizes=\"auto, (min-width: 1300px) 33vw, (min-width: 1000px) 33vw, (min-width: 690px) 100vw, 100vw\" \/><\/span><\/a><span class=\"meta-category\"><a class=\"68892\" href=\"https:\/\/archive.classiccar-auctions.com\/fr\/category\/68892\/\">68892<\/a><\/span><a class=\"entire-meta-link\" href=\"https:\/\/archive.classiccar-auctions.com\/fr\/mercedes-benz-cls-320-cdi-2006-4\/\" ><span class=\"screen-reader-text\">Mercedes-Benz CLS 320 CDI 2006<\/span><\/a>\n            <div class=\"article-content-wrap\">\n              <div class=\"post-header\">\n                <span class=\"meta\"> 8 f\u00e9vrier 2023 <\/span>\n                <h3 class=\"title\">Mercedes-Benz CLS 320 CDI 2006<\/h3>\n              <\/div><!--\/post-header-->\n              <div class=\"excerpt\">\n                68892-36 | 5 500 \u20ac - 7 500 \u20ac | lire plus              <\/div>\n            <\/div>\n\n            <div class=\"post-meta\">\n              <span class=\"meta-author\"> <a href=\"https:\/\/archive.classiccar-auctions.com\/fr\/author\/administrator\/\"> <i class=\"icon-default-style icon-salient-m-user\"><\/i> administrateur<\/a> <\/span>\n\n              \n              <div class=\"nectar-love-wrap\">\n                <a href=\"#\" class=\"nectar-love\" id=\"nectar-love-459518\" title=\"aime \u00e7a\"> <i class=\"icon-salient-heart-2\"><\/i><span class=\"love-text\">aimer<\/span><span class=\"total_loves\"><span class=\"nectar-love-count\">0<\/span><\/span><\/a>              <\/div><!--\/nectar-love-wrap-->\n            <\/div>\n\n          <\/div>\n\n        \n      <\/div><!--\/col-->\n\n      \n      <div class=\"col span_4 post-459520 post type-post status-publish format-standard has-post-thumbnail category-649 tag-mercedes-benz\" >\n\n        \n            <div class=\"inner-wrap post-459520 post type-post status-publish format-standard has-post-thumbnail category-649 tag-mercedes-benz\">\n\n            <a href=\"https:\/\/archive.classiccar-auctions.com\/fr\/mercedes-benz-240d-1976-5\/\"  class=\"img-link\"><span class=\"post-featured-img\"><img loading=\"lazy\" decoding=\"async\" width=\"1600\" height=\"1200\" src=\"https:\/\/archive.classiccar-auctions.com\/wp-content\/uploads\/2023\/02\/A-EI-2022-17-1.jpg\" class=\"attachment-portfolio-thumb size-portfolio-thumb wp-post-image\" alt=\"\" title=\"\" sizes=\"auto, (min-width: 1300px) 33vw, (min-width: 1000px) 33vw, (min-width: 690px) 100vw, 100vw\" \/><\/span><\/a><span class=\"meta-category\"><a class=\"68892\" href=\"https:\/\/archive.classiccar-auctions.com\/fr\/category\/68892\/\">68892<\/a><\/span><a class=\"entire-meta-link\" href=\"https:\/\/archive.classiccar-auctions.com\/fr\/mercedes-benz-240d-1976-5\/\" ><span class=\"screen-reader-text\">Mercedes-Benz 240D 1976<\/span><\/a>\n            <div class=\"article-content-wrap\">\n              <div class=\"post-header\">\n                <span class=\"meta\"> 8 f\u00e9vrier 2023 <\/span>\n                <h3 class=\"title\">Mercedes-Benz 240D 1976<\/h3>\n              <\/div><!--\/post-header-->\n              <div class=\"excerpt\">\n                68892-37 | 9 500-11 000 \u20ac | lire plus              <\/div>\n            <\/div>\n\n            <div class=\"post-meta\">\n              <span class=\"meta-author\"> <a href=\"https:\/\/archive.classiccar-auctions.com\/fr\/author\/administrator\/\"> <i class=\"icon-default-style icon-salient-m-user\"><\/i> administrateur<\/a> <\/span>\n\n              \n              <div class=\"nectar-love-wrap\">\n                <a href=\"#\" class=\"nectar-love\" id=\"nectar-love-459520\" title=\"aime \u00e7a\"> <i class=\"icon-salient-heart-2\"><\/i><span class=\"love-text\">aimer<\/span><span class=\"total_loves\"><span class=\"nectar-love-count\">0<\/span><\/span><\/a>              <\/div><!--\/nectar-love-wrap-->\n            <\/div>\n\n          <\/div>\n\n        \n      <\/div><!--\/col-->\n\n      \n      <div class=\"col span_4 post-459522 post type-post status-publish format-standard has-post-thumbnail category-649 tag-jaguar\" >\n\n        \n            <div class=\"inner-wrap post-459522 post type-post status-publish format-standard has-post-thumbnail category-649 tag-jaguar\">\n\n            <a href=\"https:\/\/archive.classiccar-auctions.com\/fr\/jaguar-xj-sovereign-1997-2\/\"  class=\"img-link\"><span class=\"post-featured-img\"><img loading=\"lazy\" decoding=\"async\" width=\"1600\" height=\"1200\" src=\"https:\/\/archive.classiccar-auctions.com\/wp-content\/uploads\/2023\/02\/A-EI-2022-19-1.jpg\" class=\"attachment-portfolio-thumb size-portfolio-thumb wp-post-image\" alt=\"\" title=\"\" sizes=\"auto, (min-width: 1300px) 33vw, (min-width: 1000px) 33vw, (min-width: 690px) 100vw, 100vw\" \/><\/span><\/a><span class=\"meta-category\"><a class=\"68892\" href=\"https:\/\/archive.classiccar-auctions.com\/fr\/category\/68892\/\">68892<\/a><\/span><a class=\"entire-meta-link\" href=\"https:\/\/archive.classiccar-auctions.com\/fr\/jaguar-xj-sovereign-1997-2\/\" ><span class=\"screen-reader-text\">Jaguar XJ souverain 1997<\/span><\/a>\n            <div class=\"article-content-wrap\">\n              <div class=\"post-header\">\n                <span class=\"meta\"> 8 f\u00e9vrier 2023 <\/span>\n                <h3 class=\"title\">Jaguar XJ souverain 1997<\/h3>\n              <\/div><!--\/post-header-->\n              <div class=\"excerpt\">\n                68892-38 | 8 500-9 500 \u20ac | lire plus              <\/div>\n            <\/div>\n\n            <div class=\"post-meta\">\n              <span class=\"meta-author\"> <a href=\"https:\/\/archive.classiccar-auctions.com\/fr\/author\/administrator\/\"> <i class=\"icon-default-style icon-salient-m-user\"><\/i> administrateur<\/a> <\/span>\n\n              \n              <div class=\"nectar-love-wrap\">\n                <a href=\"#\" class=\"nectar-love\" id=\"nectar-love-459522\" title=\"aime \u00e7a\"> <i class=\"icon-salient-heart-2\"><\/i><span class=\"love-text\">aimer<\/span><span class=\"total_loves\"><span class=\"nectar-love-count\">0<\/span><\/span><\/a>              <\/div><!--\/nectar-love-wrap-->\n            <\/div>\n\n          <\/div>\n\n        \n      <\/div><!--\/col-->\n\n      \n      <div class=\"col span_4 post-459524 post type-post status-publish format-standard has-post-thumbnail category-649 tag-chevrolet\" >\n\n        \n            <div class=\"inner-wrap post-459524 post type-post status-publish format-standard has-post-thumbnail category-649 tag-chevrolet\">\n\n            <a href=\"https:\/\/archive.classiccar-auctions.com\/fr\/chevrolet-caprice-classic-1985-2\/\"  class=\"img-link\"><span class=\"post-featured-img\"><img loading=\"lazy\" decoding=\"async\" width=\"1600\" height=\"1200\" src=\"https:\/\/archive.classiccar-auctions.com\/wp-content\/uploads\/2023\/02\/A-EI-2022-21-1.jpg\" class=\"attachment-portfolio-thumb size-portfolio-thumb wp-post-image\" alt=\"\" title=\"\" sizes=\"auto, (min-width: 1300px) 33vw, (min-width: 1000px) 33vw, (min-width: 690px) 100vw, 100vw\" \/><\/span><\/a><span class=\"meta-category\"><a class=\"68892\" href=\"https:\/\/archive.classiccar-auctions.com\/fr\/category\/68892\/\">68892<\/a><\/span><a class=\"entire-meta-link\" href=\"https:\/\/archive.classiccar-auctions.com\/fr\/chevrolet-caprice-classic-1985-2\/\" ><span class=\"screen-reader-text\">Chevy Caprice Classique 1985<\/span><\/a>\n            <div class=\"article-content-wrap\">\n              <div class=\"post-header\">\n                <span class=\"meta\"> 8 f\u00e9vrier 2023 <\/span>\n                <h3 class=\"title\">Chevy Caprice Classique 1985<\/h3>\n              <\/div><!--\/post-header-->\n              <div class=\"excerpt\">\n                68892-39 | 11 500-13 000 \u20ac | lire plus              <\/div>\n            <\/div>\n\n            <div class=\"post-meta\">\n              <span class=\"meta-author\"> <a href=\"https:\/\/archive.classiccar-auctions.com\/fr\/author\/administrator\/\"> <i class=\"icon-default-style icon-salient-m-user\"><\/i> administrateur<\/a> <\/span>\n\n              \n              <div class=\"nectar-love-wrap\">\n                <a href=\"#\" class=\"nectar-love\" id=\"nectar-love-459524\" title=\"aime \u00e7a\"> <i class=\"icon-salient-heart-2\"><\/i><span class=\"love-text\">aimer<\/span><span class=\"total_loves\"><span class=\"nectar-love-count\">0<\/span><\/span><\/a>              <\/div><!--\/nectar-love-wrap-->\n            <\/div>\n\n          <\/div>\n\n        \n      <\/div><!--\/col-->\n\n      \n      <div class=\"col span_4 post-459526 post type-post status-publish format-standard has-post-thumbnail category-649 tag-bmw\" >\n\n        \n            <div class=\"inner-wrap post-459526 post type-post status-publish format-standard has-post-thumbnail category-649 tag-bmw\">\n\n            <a href=\"https:\/\/archive.classiccar-auctions.com\/fr\/bmw-3er-reihe-2000\/\"  class=\"img-link\"><span class=\"post-featured-img\"><img loading=\"lazy\" decoding=\"async\" width=\"1600\" height=\"1200\" src=\"https:\/\/archive.classiccar-auctions.com\/wp-content\/uploads\/2023\/02\/EI-2023-92-1.jpg\" class=\"attachment-portfolio-thumb size-portfolio-thumb wp-post-image\" alt=\"\" title=\"\" sizes=\"auto, (min-width: 1300px) 33vw, (min-width: 1000px) 33vw, (min-width: 690px) 100vw, 100vw\" \/><\/span><\/a><span class=\"meta-category\"><a class=\"68892\" href=\"https:\/\/archive.classiccar-auctions.com\/fr\/category\/68892\/\">68892<\/a><\/span><a class=\"entire-meta-link\" href=\"https:\/\/archive.classiccar-auctions.com\/fr\/bmw-3er-reihe-2000\/\" ><span class=\"screen-reader-text\">BMW S\u00e9rie 3ER 2000<\/span><\/a>\n            <div class=\"article-content-wrap\">\n              <div class=\"post-header\">\n                <span class=\"meta\"> 8 f\u00e9vrier 2023 <\/span>\n                <h3 class=\"title\">BMW S\u00e9rie 3ER 2000<\/h3>\n              <\/div><!--\/post-header-->\n              <div class=\"excerpt\">\n                68892-40 | 3 000-4 000 \u20ac | lire plus              <\/div>\n            <\/div>\n\n            <div class=\"post-meta\">\n              <span class=\"meta-author\"> <a href=\"https:\/\/archive.classiccar-auctions.com\/fr\/author\/administrator\/\"> <i class=\"icon-default-style icon-salient-m-user\"><\/i> administrateur<\/a> <\/span>\n\n              \n              <div class=\"nectar-love-wrap\">\n                <a href=\"#\" class=\"nectar-love\" id=\"nectar-love-459526\" title=\"aime \u00e7a\"> <i class=\"icon-salient-heart-2\"><\/i><span class=\"love-text\">aimer<\/span><span class=\"total_loves\"><span class=\"nectar-love-count\">0<\/span><\/span><\/a>              <\/div><!--\/nectar-love-wrap-->\n            <\/div>\n\n          <\/div>\n\n        \n      <\/div><!--\/col-->\n\n      \n      <div class=\"col span_4 post-459528 post type-post status-publish format-standard has-post-thumbnail category-649 tag-volkswagen\" >\n\n        \n            <div class=\"inner-wrap post-459528 post type-post status-publish format-standard has-post-thumbnail category-649 tag-volkswagen\">\n\n            <a href=\"https:\/\/archive.classiccar-auctions.com\/fr\/volkswagen-golf-cabriolet-2001\/\"  class=\"img-link\"><span class=\"post-featured-img\"><img loading=\"lazy\" decoding=\"async\" width=\"1600\" height=\"1200\" src=\"https:\/\/archive.classiccar-auctions.com\/wp-content\/uploads\/2023\/02\/EI-2023-93-1.jpg\" class=\"attachment-portfolio-thumb size-portfolio-thumb wp-post-image\" alt=\"\" title=\"\" sizes=\"auto, (min-width: 1300px) 33vw, (min-width: 1000px) 33vw, (min-width: 690px) 100vw, 100vw\" \/><\/span><\/a><span class=\"meta-category\"><a class=\"68892\" href=\"https:\/\/archive.classiccar-auctions.com\/fr\/category\/68892\/\">68892<\/a><\/span><a class=\"entire-meta-link\" href=\"https:\/\/archive.classiccar-auctions.com\/fr\/volkswagen-golf-cabriolet-2001\/\" ><span class=\"screen-reader-text\">Volkswagen Golf cabriolet 2001<\/span><\/a>\n            <div class=\"article-content-wrap\">\n              <div class=\"post-header\">\n                <span class=\"meta\"> 8 f\u00e9vrier 2023 <\/span>\n                <h3 class=\"title\">Volkswagen Golf cabriolet 2001<\/h3>\n              <\/div><!--\/post-header-->\n              <div class=\"excerpt\">\n                68892-41 | lire plus              <\/div>\n            <\/div>\n\n            <div class=\"post-meta\">\n              <span class=\"meta-author\"> <a href=\"https:\/\/archive.classiccar-auctions.com\/fr\/author\/administrator\/\"> <i class=\"icon-default-style icon-salient-m-user\"><\/i> administrateur<\/a> <\/span>\n\n              \n              <div class=\"nectar-love-wrap\">\n                <a href=\"#\" class=\"nectar-love\" id=\"nectar-love-459528\" title=\"aime \u00e7a\"> <i class=\"icon-salient-heart-2\"><\/i><span class=\"love-text\">aimer<\/span><span class=\"total_loves\"><span class=\"nectar-love-count\">0<\/span><\/span><\/a>              <\/div><!--\/nectar-love-wrap-->\n            <\/div>\n\n          <\/div>\n\n        \n      <\/div><!--\/col-->\n\n      \n      <div class=\"col span_4 post-459530 post type-post status-publish format-standard has-post-thumbnail category-649 tag-bmw\" >\n\n        \n            <div class=\"inner-wrap post-459530 post type-post status-publish format-standard has-post-thumbnail category-649 tag-bmw\">\n\n            <a href=\"https:\/\/archive.classiccar-auctions.com\/fr\/bmw-518i-touring-1996\/\"  class=\"img-link\"><span class=\"post-featured-img\"><img loading=\"lazy\" decoding=\"async\" width=\"1600\" height=\"1200\" src=\"https:\/\/archive.classiccar-auctions.com\/wp-content\/uploads\/2023\/02\/EI-2023-94-1.jpg\" class=\"attachment-portfolio-thumb size-portfolio-thumb wp-post-image\" alt=\"\" title=\"\" sizes=\"auto, (min-width: 1300px) 33vw, (min-width: 1000px) 33vw, (min-width: 690px) 100vw, 100vw\" \/><\/span><\/a><span class=\"meta-category\"><a class=\"68892\" href=\"https:\/\/archive.classiccar-auctions.com\/fr\/category\/68892\/\">68892<\/a><\/span><a class=\"entire-meta-link\" href=\"https:\/\/archive.classiccar-auctions.com\/fr\/bmw-518i-touring-1996\/\" ><span class=\"screen-reader-text\">BMW 518i Touring 1996<\/span><\/a>\n            <div class=\"article-content-wrap\">\n              <div class=\"post-header\">\n                <span class=\"meta\"> 8 f\u00e9vrier 2023 <\/span>\n                <h3 class=\"title\">BMW 518i Touring 1996<\/h3>\n              <\/div><!--\/post-header-->\n              <div class=\"excerpt\">\n                68892-42 | lire plus              <\/div>\n            <\/div>\n\n            <div class=\"post-meta\">\n              <span class=\"meta-author\"> <a href=\"https:\/\/archive.classiccar-auctions.com\/fr\/author\/administrator\/\"> <i class=\"icon-default-style icon-salient-m-user\"><\/i> administrateur<\/a> <\/span>\n\n              \n              <div class=\"nectar-love-wrap\">\n                <a href=\"#\" class=\"nectar-love\" id=\"nectar-love-459530\" title=\"aime \u00e7a\"> <i class=\"icon-salient-heart-2\"><\/i><span class=\"love-text\">aimer<\/span><span class=\"total_loves\"><span class=\"nectar-love-count\">0<\/span><\/span><\/a>              <\/div><!--\/nectar-love-wrap-->\n            <\/div>\n\n          <\/div>\n\n        \n      <\/div><!--\/col-->\n\n      \n      <div class=\"col span_4 post-459532 post type-post status-publish format-standard has-post-thumbnail category-649 tag-mercedes-benz\" >\n\n        \n            <div class=\"inner-wrap post-459532 post type-post status-publish format-standard has-post-thumbnail category-649 tag-mercedes-benz\">\n\n            <a href=\"https:\/\/archive.classiccar-auctions.com\/fr\/mercedes-benz-380-sl-1985\/\"  class=\"img-link\"><span class=\"post-featured-img\"><img loading=\"lazy\" decoding=\"async\" width=\"1600\" height=\"1200\" src=\"https:\/\/archive.classiccar-auctions.com\/wp-content\/uploads\/2023\/02\/EI-2023-106-1.jpg\" class=\"attachment-portfolio-thumb size-portfolio-thumb wp-post-image\" alt=\"\" title=\"\" sizes=\"auto, (min-width: 1300px) 33vw, (min-width: 1000px) 33vw, (min-width: 690px) 100vw, 100vw\" \/><\/span><\/a><span class=\"meta-category\"><a class=\"68892\" href=\"https:\/\/archive.classiccar-auctions.com\/fr\/category\/68892\/\">68892<\/a><\/span><a class=\"entire-meta-link\" href=\"https:\/\/archive.classiccar-auctions.com\/fr\/mercedes-benz-380-sl-1985\/\" ><span class=\"screen-reader-text\">Mercedes-Benz 380 SL 1985<\/span><\/a>\n            <div class=\"article-content-wrap\">\n              <div class=\"post-header\">\n                <span class=\"meta\"> 8 f\u00e9vrier 2023 <\/span>\n                <h3 class=\"title\">Mercedes-Benz 380 SL 1985<\/h3>\n              <\/div><!--\/post-header-->\n              <div class=\"excerpt\">\n                68892-43 | 13 500-15 500 \u20ac | lire plus              <\/div>\n            <\/div>\n\n            <div class=\"post-meta\">\n              <span class=\"meta-author\"> <a href=\"https:\/\/archive.classiccar-auctions.com\/fr\/author\/administrator\/\"> <i class=\"icon-default-style icon-salient-m-user\"><\/i> administrateur<\/a> <\/span>\n\n              \n              <div class=\"nectar-love-wrap\">\n                <a href=\"#\" class=\"nectar-love\" id=\"nectar-love-459532\" title=\"aime \u00e7a\"> <i class=\"icon-salient-heart-2\"><\/i><span class=\"love-text\">aimer<\/span><span class=\"total_loves\"><span class=\"nectar-love-count\">0<\/span><\/span><\/a>              <\/div><!--\/nectar-love-wrap-->\n            <\/div>\n\n          <\/div>\n\n        \n      <\/div><!--\/col-->\n\n      \n      <div class=\"col span_4 post-459534 post type-post status-publish format-standard has-post-thumbnail category-649 tag-bmw\" >\n\n        \n            <div class=\"inner-wrap post-459534 post type-post status-publish format-standard has-post-thumbnail category-649 tag-bmw\">\n\n            <a href=\"https:\/\/archive.classiccar-auctions.com\/fr\/bmw-e65-735i-2001-11\/\"  class=\"img-link\"><span class=\"post-featured-img\"><img loading=\"lazy\" decoding=\"async\" width=\"1600\" height=\"1200\" src=\"https:\/\/archive.classiccar-auctions.com\/wp-content\/uploads\/2023\/02\/2022-E8-222-1.jpg\" class=\"attachment-portfolio-thumb size-portfolio-thumb wp-post-image\" alt=\"\" title=\"\" sizes=\"auto, (min-width: 1300px) 33vw, (min-width: 1000px) 33vw, (min-width: 690px) 100vw, 100vw\" \/><\/span><\/a><span class=\"meta-category\"><a class=\"68892\" href=\"https:\/\/archive.classiccar-auctions.com\/fr\/category\/68892\/\">68892<\/a><\/span><a class=\"entire-meta-link\" href=\"https:\/\/archive.classiccar-auctions.com\/fr\/bmw-e65-735i-2001-11\/\" ><span class=\"screen-reader-text\">BMW E65 735i 2001<\/span><\/a>\n            <div class=\"article-content-wrap\">\n              <div class=\"post-header\">\n                <span class=\"meta\"> 8 f\u00e9vrier 2023 <\/span>\n                <h3 class=\"title\">BMW E65 735i 2001<\/h3>\n              <\/div><!--\/post-header-->\n              <div class=\"excerpt\">\n                68892-44 | 6 500-7 500 \u20ac | lire plus              <\/div>\n            <\/div>\n\n            <div class=\"post-meta\">\n              <span class=\"meta-author\"> <a href=\"https:\/\/archive.classiccar-auctions.com\/fr\/author\/administrator\/\"> <i class=\"icon-default-style icon-salient-m-user\"><\/i> administrateur<\/a> <\/span>\n\n              \n              <div class=\"nectar-love-wrap\">\n                <a href=\"#\" class=\"nectar-love\" id=\"nectar-love-459534\" title=\"aime \u00e7a\"> <i class=\"icon-salient-heart-2\"><\/i><span class=\"love-text\">aimer<\/span><span class=\"total_loves\"><span class=\"nectar-love-count\">0<\/span><\/span><\/a>              <\/div><!--\/nectar-love-wrap-->\n            <\/div>\n\n          <\/div>\n\n        \n      <\/div><!--\/col-->\n\n      \n      <div class=\"col span_4 post-459536 post type-post status-publish format-standard has-post-thumbnail category-649 tag-fiat\" >\n\n        \n            <div class=\"inner-wrap post-459536 post type-post status-publish format-standard has-post-thumbnail category-649 tag-fiat\">\n\n            <a href=\"https:\/\/archive.classiccar-auctions.com\/fr\/fiat-topolino-1950-3\/\"  class=\"img-link\"><span class=\"post-featured-img\"><img loading=\"lazy\" decoding=\"async\" width=\"1600\" height=\"1067\" src=\"https:\/\/archive.classiccar-auctions.com\/wp-content\/uploads\/2023\/02\/2022-E10-18-1.jpg\" class=\"attachment-portfolio-thumb size-portfolio-thumb wp-post-image\" alt=\"\" title=\"\" sizes=\"auto, (min-width: 1300px) 33vw, (min-width: 1000px) 33vw, (min-width: 690px) 100vw, 100vw\" \/><\/span><\/a><span class=\"meta-category\"><a class=\"68892\" href=\"https:\/\/archive.classiccar-auctions.com\/fr\/category\/68892\/\">68892<\/a><\/span><a class=\"entire-meta-link\" href=\"https:\/\/archive.classiccar-auctions.com\/fr\/fiat-topolino-1950-3\/\" ><span class=\"screen-reader-text\">Fiat Topolino 1950<\/span><\/a>\n            <div class=\"article-content-wrap\">\n              <div class=\"post-header\">\n                <span class=\"meta\"> 8 f\u00e9vrier 2023 <\/span>\n                <h3 class=\"title\">Fiat Topolino 1950<\/h3>\n              <\/div><!--\/post-header-->\n              <div class=\"excerpt\">\n                68892-45 | 6 000-7 500 \u20ac | lire plus              <\/div>\n            <\/div>\n\n            <div class=\"post-meta\">\n              <span class=\"meta-author\"> <a href=\"https:\/\/archive.classiccar-auctions.com\/fr\/author\/administrator\/\"> <i class=\"icon-default-style icon-salient-m-user\"><\/i> administrateur<\/a> <\/span>\n\n              \n              <div class=\"nectar-love-wrap\">\n                <a href=\"#\" class=\"nectar-love\" id=\"nectar-love-459536\" title=\"aime \u00e7a\"> <i class=\"icon-salient-heart-2\"><\/i><span class=\"love-text\">aimer<\/span><span class=\"total_loves\"><span class=\"nectar-love-count\">0<\/span><\/span><\/a>              <\/div><!--\/nectar-love-wrap-->\n            <\/div>\n\n          <\/div>\n\n        \n      <\/div><!--\/col-->\n\n      \n      <div class=\"col span_4 post-459538 post type-post status-publish format-standard has-post-thumbnail category-649 tag-dkw\" >\n\n        \n            <div class=\"inner-wrap post-459538 post type-post status-publish format-standard has-post-thumbnail category-649 tag-dkw\">\n\n            <a href=\"https:\/\/archive.classiccar-auctions.com\/fr\/dkw-schnellaster-1959-4\/\"  class=\"img-link\"><span class=\"post-featured-img\"><img loading=\"lazy\" decoding=\"async\" width=\"1600\" height=\"1200\" src=\"https:\/\/archive.classiccar-auctions.com\/wp-content\/uploads\/2023\/02\/2022-E9-4-1.jpg\" class=\"attachment-portfolio-thumb size-portfolio-thumb wp-post-image\" alt=\"\" title=\"\" sizes=\"auto, (min-width: 1300px) 33vw, (min-width: 1000px) 33vw, (min-width: 690px) 100vw, 100vw\" \/><\/span><\/a><span class=\"meta-category\"><a class=\"68892\" href=\"https:\/\/archive.classiccar-auctions.com\/fr\/category\/68892\/\">68892<\/a><\/span><a class=\"entire-meta-link\" href=\"https:\/\/archive.classiccar-auctions.com\/fr\/dkw-schnellaster-1959-4\/\" ><span class=\"screen-reader-text\">DKW Schnellaster 1959<\/span><\/a>\n            <div class=\"article-content-wrap\">\n              <div class=\"post-header\">\n                <span class=\"meta\"> 8 f\u00e9vrier 2023 <\/span>\n                <h3 class=\"title\">DKW Schnellaster 1959<\/h3>\n              <\/div><!--\/post-header-->\n              <div class=\"excerpt\">\n                68892-46 | 7 500-9 500 \u20ac | lire plus              <\/div>\n            <\/div>\n\n            <div class=\"post-meta\">\n              <span class=\"meta-author\"> <a href=\"https:\/\/archive.classiccar-auctions.com\/fr\/author\/administrator\/\"> <i class=\"icon-default-style icon-salient-m-user\"><\/i> administrateur<\/a> <\/span>\n\n              \n              <div class=\"nectar-love-wrap\">\n                <a href=\"#\" class=\"nectar-love\" id=\"nectar-love-459538\" title=\"aime \u00e7a\"> <i class=\"icon-salient-heart-2\"><\/i><span class=\"love-text\">aimer<\/span><span class=\"total_loves\"><span class=\"nectar-love-count\">0<\/span><\/span><\/a>              <\/div><!--\/nectar-love-wrap-->\n            <\/div>\n\n          <\/div>\n\n        \n      <\/div><!--\/col-->\n\n      \n      <div class=\"col span_4 post-459540 post type-post status-publish format-standard has-post-thumbnail category-649 tag-lancia\" >\n\n        \n            <div class=\"inner-wrap post-459540 post type-post status-publish format-standard has-post-thumbnail category-649 tag-lancia\">\n\n            <a href=\"https:\/\/archive.classiccar-auctions.com\/fr\/lancia-kappa-2-0-turbo-1998\/\"  class=\"img-link\"><span class=\"post-featured-img\"><img loading=\"lazy\" decoding=\"async\" width=\"1600\" height=\"1200\" src=\"https:\/\/archive.classiccar-auctions.com\/wp-content\/uploads\/2023\/02\/EI-2023-111-1.jpg\" class=\"attachment-portfolio-thumb size-portfolio-thumb wp-post-image\" alt=\"\" title=\"\" sizes=\"auto, (min-width: 1300px) 33vw, (min-width: 1000px) 33vw, (min-width: 690px) 100vw, 100vw\" \/><\/span><\/a><span class=\"meta-category\"><a class=\"68892\" href=\"https:\/\/archive.classiccar-auctions.com\/fr\/category\/68892\/\">68892<\/a><\/span><a class=\"entire-meta-link\" href=\"https:\/\/archive.classiccar-auctions.com\/fr\/lancia-kappa-2-0-turbo-1998\/\" ><span class=\"screen-reader-text\">Lancia Kappa 2.0 turbo 1998<\/span><\/a>\n            <div class=\"article-content-wrap\">\n              <div class=\"post-header\">\n                <span class=\"meta\"> 8 f\u00e9vrier 2023 <\/span>\n                <h3 class=\"title\">Lancia Kappa 2.0 turbo 1998<\/h3>\n              <\/div><!--\/post-header-->\n              <div class=\"excerpt\">\n                68892-47 | lire plus              <\/div>\n            <\/div>\n\n            <div class=\"post-meta\">\n              <span class=\"meta-author\"> <a href=\"https:\/\/archive.classiccar-auctions.com\/fr\/author\/administrator\/\"> <i class=\"icon-default-style icon-salient-m-user\"><\/i> administrateur<\/a> <\/span>\n\n              \n              <div class=\"nectar-love-wrap\">\n                <a href=\"#\" class=\"nectar-love\" id=\"nectar-love-459540\" title=\"aime \u00e7a\"> <i class=\"icon-salient-heart-2\"><\/i><span class=\"love-text\">aimer<\/span><span class=\"total_loves\"><span class=\"nectar-love-count\">0<\/span><\/span><\/a>              <\/div><!--\/nectar-love-wrap-->\n            <\/div>\n\n          <\/div>\n\n        \n      <\/div><!--\/col-->\n\n      \n      <div class=\"col span_4 post-459542 post type-post status-publish format-standard has-post-thumbnail category-649 tag-saab\" >\n\n        \n            <div class=\"inner-wrap post-459542 post type-post status-publish format-standard has-post-thumbnail category-649 tag-saab\">\n\n            <a href=\"https:\/\/archive.classiccar-auctions.com\/fr\/saab-9-5-aero-2002-3\/\"  class=\"img-link\"><span class=\"post-featured-img\"><img loading=\"lazy\" decoding=\"async\" width=\"1600\" height=\"1067\" src=\"https:\/\/archive.classiccar-auctions.com\/wp-content\/uploads\/2023\/02\/2022-E10-13-1.jpg\" class=\"attachment-portfolio-thumb size-portfolio-thumb wp-post-image\" alt=\"\" title=\"\" sizes=\"auto, (min-width: 1300px) 33vw, (min-width: 1000px) 33vw, (min-width: 690px) 100vw, 100vw\" \/><\/span><\/a><span class=\"meta-category\"><a class=\"68892\" href=\"https:\/\/archive.classiccar-auctions.com\/fr\/category\/68892\/\">68892<\/a><\/span><a class=\"entire-meta-link\" href=\"https:\/\/archive.classiccar-auctions.com\/fr\/saab-9-5-aero-2002-3\/\" ><span class=\"screen-reader-text\">Saab 9.5 A\u00e9ro 2002<\/span><\/a>\n            <div class=\"article-content-wrap\">\n              <div class=\"post-header\">\n                <span class=\"meta\"> 8 f\u00e9vrier 2023 <\/span>\n                <h3 class=\"title\">Saab 9.5 A\u00e9ro 2002<\/h3>\n              <\/div><!--\/post-header-->\n              <div class=\"excerpt\">\n                68892-48 | lire plus              <\/div>\n            <\/div>\n\n            <div class=\"post-meta\">\n              <span class=\"meta-author\"> <a href=\"https:\/\/archive.classiccar-auctions.com\/fr\/author\/administrator\/\"> <i class=\"icon-default-style icon-salient-m-user\"><\/i> administrateur<\/a> <\/span>\n\n              \n              <div class=\"nectar-love-wrap\">\n                <a href=\"#\" class=\"nectar-love\" id=\"nectar-love-459542\" title=\"aime \u00e7a\"> <i class=\"icon-salient-heart-2\"><\/i><span class=\"love-text\">aimer<\/span><span class=\"total_loves\"><span class=\"nectar-love-count\">0<\/span><\/span><\/a>              <\/div><!--\/nectar-love-wrap-->\n            <\/div>\n\n          <\/div>\n\n        \n      <\/div><!--\/col-->\n\n      \n      <div class=\"col span_4 post-459544 post type-post status-publish format-standard has-post-thumbnail category-649 tag-saab\" >\n\n        \n            <div class=\"inner-wrap post-459544 post type-post status-publish format-standard has-post-thumbnail category-649 tag-saab\">\n\n            <a href=\"https:\/\/archive.classiccar-auctions.com\/fr\/saab-9-5-v6-1999\/\"  class=\"img-link\"><span class=\"post-featured-img\"><img loading=\"lazy\" decoding=\"async\" width=\"1600\" height=\"1200\" src=\"https:\/\/archive.classiccar-auctions.com\/wp-content\/uploads\/2023\/02\/EI-2023-103-1.jpg\" class=\"attachment-portfolio-thumb size-portfolio-thumb wp-post-image\" alt=\"\" title=\"\" sizes=\"auto, (min-width: 1300px) 33vw, (min-width: 1000px) 33vw, (min-width: 690px) 100vw, 100vw\" \/><\/span><\/a><span class=\"meta-category\"><a class=\"68892\" href=\"https:\/\/archive.classiccar-auctions.com\/fr\/category\/68892\/\">68892<\/a><\/span><a class=\"entire-meta-link\" href=\"https:\/\/archive.classiccar-auctions.com\/fr\/saab-9-5-v6-1999\/\" ><span class=\"screen-reader-text\">Saab 9-5 V6 1999<\/span><\/a>\n            <div class=\"article-content-wrap\">\n              <div class=\"post-header\">\n                <span class=\"meta\"> 8 f\u00e9vrier 2023 <\/span>\n                <h3 class=\"title\">Saab 9-5 V6 1999<\/h3>\n              <\/div><!--\/post-header-->\n              <div class=\"excerpt\">\n                68892-49 | lire plus              <\/div>\n            <\/div>\n\n            <div class=\"post-meta\">\n              <span class=\"meta-author\"> <a href=\"https:\/\/archive.classiccar-auctions.com\/fr\/author\/administrator\/\"> <i class=\"icon-default-style icon-salient-m-user\"><\/i> administrateur<\/a> <\/span>\n\n              \n              <div class=\"nectar-love-wrap\">\n                <a href=\"#\" class=\"nectar-love\" id=\"nectar-love-459544\" title=\"aime \u00e7a\"> <i class=\"icon-salient-heart-2\"><\/i><span class=\"love-text\">aimer<\/span><span class=\"total_loves\"><span class=\"nectar-love-count\">0<\/span><\/span><\/a>              <\/div><!--\/nectar-love-wrap-->\n            <\/div>\n\n          <\/div>\n\n        \n      <\/div><!--\/col-->\n\n      \n      <div class=\"col span_4 post-459546 post type-post status-publish format-standard has-post-thumbnail category-649 tag-saab\" >\n\n        \n            <div class=\"inner-wrap post-459546 post type-post status-publish format-standard has-post-thumbnail category-649 tag-saab\">\n\n            <a href=\"https:\/\/archive.classiccar-auctions.com\/fr\/saab-900i-1993-2\/\"  class=\"img-link\"><span class=\"post-featured-img\"><img loading=\"lazy\" decoding=\"async\" width=\"1600\" height=\"1200\" src=\"https:\/\/archive.classiccar-auctions.com\/wp-content\/uploads\/2023\/02\/EI-2023-107-1.jpg\" class=\"attachment-portfolio-thumb size-portfolio-thumb wp-post-image\" alt=\"\" title=\"\" sizes=\"auto, (min-width: 1300px) 33vw, (min-width: 1000px) 33vw, (min-width: 690px) 100vw, 100vw\" \/><\/span><\/a><span class=\"meta-category\"><a class=\"68892\" href=\"https:\/\/archive.classiccar-auctions.com\/fr\/category\/68892\/\">68892<\/a><\/span><a class=\"entire-meta-link\" href=\"https:\/\/archive.classiccar-auctions.com\/fr\/saab-900i-1993-2\/\" ><span class=\"screen-reader-text\">Saab 900i 1993<\/span><\/a>\n            <div class=\"article-content-wrap\">\n              <div class=\"post-header\">\n                <span class=\"meta\"> 8 f\u00e9vrier 2023 <\/span>\n                <h3 class=\"title\">Saab 900i 1993<\/h3>\n              <\/div><!--\/post-header-->\n              <div class=\"excerpt\">\n                68892-50 | lire plus              <\/div>\n            <\/div>\n\n            <div class=\"post-meta\">\n              <span class=\"meta-author\"> <a href=\"https:\/\/archive.classiccar-auctions.com\/fr\/author\/administrator\/\"> <i class=\"icon-default-style icon-salient-m-user\"><\/i> administrateur<\/a> <\/span>\n\n              \n              <div class=\"nectar-love-wrap\">\n                <a href=\"#\" class=\"nectar-love\" id=\"nectar-love-459546\" title=\"aime \u00e7a\"> <i class=\"icon-salient-heart-2\"><\/i><span class=\"love-text\">aimer<\/span><span class=\"total_loves\"><span class=\"nectar-love-count\">0<\/span><\/span><\/a>              <\/div><!--\/nectar-love-wrap-->\n            <\/div>\n\n          <\/div>\n\n        \n      <\/div><!--\/col-->\n\n      \n      <div class=\"col span_4 post-459548 post type-post status-publish format-standard has-post-thumbnail category-649 tag-saab\" >\n\n        \n            <div class=\"inner-wrap post-459548 post type-post status-publish format-standard has-post-thumbnail category-649 tag-saab\">\n\n            <a href=\"https:\/\/archive.classiccar-auctions.com\/fr\/saab-9-5-aero-2001\/\"  class=\"img-link\"><span class=\"post-featured-img\"><img loading=\"lazy\" decoding=\"async\" width=\"1600\" height=\"1200\" src=\"https:\/\/archive.classiccar-auctions.com\/wp-content\/uploads\/2023\/02\/EI-2023-108-1.jpg\" class=\"attachment-portfolio-thumb size-portfolio-thumb wp-post-image\" alt=\"\" title=\"\" sizes=\"auto, (min-width: 1300px) 33vw, (min-width: 1000px) 33vw, (min-width: 690px) 100vw, 100vw\" \/><\/span><\/a><span class=\"meta-category\"><a class=\"68892\" href=\"https:\/\/archive.classiccar-auctions.com\/fr\/category\/68892\/\">68892<\/a><\/span><a class=\"entire-meta-link\" href=\"https:\/\/archive.classiccar-auctions.com\/fr\/saab-9-5-aero-2001\/\" ><span class=\"screen-reader-text\">Saab 9-5 A\u00e9ro 2001<\/span><\/a>\n            <div class=\"article-content-wrap\">\n              <div class=\"post-header\">\n                <span class=\"meta\"> 8 f\u00e9vrier 2023 <\/span>\n                <h3 class=\"title\">Saab 9-5 A\u00e9ro 2001<\/h3>\n              <\/div><!--\/post-header-->\n              <div class=\"excerpt\">\n                68892-51 | lire plus              <\/div>\n            <\/div>\n\n            <div class=\"post-meta\">\n              <span class=\"meta-author\"> <a href=\"https:\/\/archive.classiccar-auctions.com\/fr\/author\/administrator\/\"> <i class=\"icon-default-style icon-salient-m-user\"><\/i> administrateur<\/a> <\/span>\n\n              \n              <div class=\"nectar-love-wrap\">\n                <a href=\"#\" class=\"nectar-love\" id=\"nectar-love-459548\" title=\"aime \u00e7a\"> <i class=\"icon-salient-heart-2\"><\/i><span class=\"love-text\">aimer<\/span><span class=\"total_loves\"><span class=\"nectar-love-count\">0<\/span><\/span><\/a>              <\/div><!--\/nectar-love-wrap-->\n            <\/div>\n\n          <\/div>\n\n        \n      <\/div><!--\/col-->\n\n      \n      <div class=\"col span_4 post-459550 post type-post status-publish format-standard has-post-thumbnail category-649 tag-mg\" >\n\n        \n            <div class=\"inner-wrap post-459550 post type-post status-publish format-standard has-post-thumbnail category-649 tag-mg\">\n\n            <a href=\"https:\/\/archive.classiccar-auctions.com\/fr\/mg-f-1-8i-vvc-1997-2\/\"  class=\"img-link\"><span class=\"post-featured-img\"><img loading=\"lazy\" decoding=\"async\" width=\"1600\" height=\"1200\" src=\"https:\/\/archive.classiccar-auctions.com\/wp-content\/uploads\/2023\/02\/EI-2023-109-1.jpg\" class=\"attachment-portfolio-thumb size-portfolio-thumb wp-post-image\" alt=\"\" title=\"\" sizes=\"auto, (min-width: 1300px) 33vw, (min-width: 1000px) 33vw, (min-width: 690px) 100vw, 100vw\" \/><\/span><\/a><span class=\"meta-category\"><a class=\"68892\" href=\"https:\/\/archive.classiccar-auctions.com\/fr\/category\/68892\/\">68892<\/a><\/span><a class=\"entire-meta-link\" href=\"https:\/\/archive.classiccar-auctions.com\/fr\/mg-f-1-8i-vvc-1997-2\/\" ><span class=\"screen-reader-text\">MG F 1.8i VVC 1997<\/span><\/a>\n            <div class=\"article-content-wrap\">\n              <div class=\"post-header\">\n                <span class=\"meta\"> 8 f\u00e9vrier 2023 <\/span>\n                <h3 class=\"title\">MG F 1.8i VVC 1997<\/h3>\n              <\/div><!--\/post-header-->\n              <div class=\"excerpt\">\n                68892-52 | lire plus              <\/div>\n            <\/div>\n\n            <div class=\"post-meta\">\n              <span class=\"meta-author\"> <a href=\"https:\/\/archive.classiccar-auctions.com\/fr\/author\/administrator\/\"> <i class=\"icon-default-style icon-salient-m-user\"><\/i> administrateur<\/a> <\/span>\n\n              \n              <div class=\"nectar-love-wrap\">\n                <a href=\"#\" class=\"nectar-love\" id=\"nectar-love-459550\" title=\"aime \u00e7a\"> <i class=\"icon-salient-heart-2\"><\/i><span class=\"love-text\">aimer<\/span><span class=\"total_loves\"><span class=\"nectar-love-count\">0<\/span><\/span><\/a>              <\/div><!--\/nectar-love-wrap-->\n            <\/div>\n\n          <\/div>\n\n        \n      <\/div><!--\/col-->\n\n      \n      <div class=\"col span_4 post-459552 post type-post status-publish format-standard has-post-thumbnail category-649 tag-rover\" >\n\n        \n            <div class=\"inner-wrap post-459552 post type-post status-publish format-standard has-post-thumbnail category-649 tag-rover\">\n\n            <a href=\"https:\/\/archive.classiccar-auctions.com\/fr\/rover-75-2001\/\"  class=\"img-link\"><span class=\"post-featured-img\"><img loading=\"lazy\" decoding=\"async\" width=\"1600\" height=\"1200\" src=\"https:\/\/archive.classiccar-auctions.com\/wp-content\/uploads\/2023\/02\/EI-2023-119-1.jpg\" class=\"attachment-portfolio-thumb size-portfolio-thumb wp-post-image\" alt=\"\" title=\"\" sizes=\"auto, (min-width: 1300px) 33vw, (min-width: 1000px) 33vw, (min-width: 690px) 100vw, 100vw\" \/><\/span><\/a><span class=\"meta-category\"><a class=\"68892\" href=\"https:\/\/archive.classiccar-auctions.com\/fr\/category\/68892\/\">68892<\/a><\/span><a class=\"entire-meta-link\" href=\"https:\/\/archive.classiccar-auctions.com\/fr\/rover-75-2001\/\" ><span class=\"screen-reader-text\">Rover 75 2001<\/span><\/a>\n            <div class=\"article-content-wrap\">\n              <div class=\"post-header\">\n                <span class=\"meta\"> 8 f\u00e9vrier 2023 <\/span>\n                <h3 class=\"title\">Rover 75 2001<\/h3>\n              <\/div><!--\/post-header-->\n              <div class=\"excerpt\">\n                68892-53 | lire plus              <\/div>\n            <\/div>\n\n            <div class=\"post-meta\">\n              <span class=\"meta-author\"> <a href=\"https:\/\/archive.classiccar-auctions.com\/fr\/author\/administrator\/\"> <i class=\"icon-default-style icon-salient-m-user\"><\/i> administrateur<\/a> <\/span>\n\n              \n              <div class=\"nectar-love-wrap\">\n                <a href=\"#\" class=\"nectar-love\" id=\"nectar-love-459552\" title=\"aime \u00e7a\"> <i class=\"icon-salient-heart-2\"><\/i><span class=\"love-text\">aimer<\/span><span class=\"total_loves\"><span class=\"nectar-love-count\">0<\/span><\/span><\/a>              <\/div><!--\/nectar-love-wrap-->\n            <\/div>\n\n          <\/div>\n\n        \n      <\/div><!--\/col-->\n\n      \n    <\/div><!--\/blog-recent-->\n\n  \n\t\t\t<\/div> \n\t\t<\/div>\n\t<\/div> \n<\/div><\/div>","protected":false},"excerpt":{"rendered":"Rover 75 2001 Description Rover 75 2001Date de premi\u00e8re immatriculation : 30-03-2001Date de premi\u00e8re immatriculation NL : 30-03-2001Carburant : EssencePlaque d&#039;immatriculation : 33-GT-ZSAPKDate d&#039;expiration : 10-11-2023Immatriculation : Documents n\u00e9erlandaisNum\u00e9ro de ch\u00e2ssis : SARRJSLKRYM120304Carrosserie : BerlineTransmission : ManuelleKilom\u00e9trage : 276706 KmLHDCouleur : BleuType de lot : MargeConduite...","protected":false},"author":1,"featured_media":0,"parent":0,"menu_order":0,"comment_status":"closed","ping_status":"closed","template":"","meta":{"footnotes":""},"class_list":["post-458846","page","type-page","status-publish"],"_links":{"self":[{"href":"https:\/\/archive.classiccar-auctions.com\/fr\/wp-json\/wp\/v2\/pages\/458846","targetHints":{"allow":["GET"]}}],"collection":[{"href":"https:\/\/archive.classiccar-auctions.com\/fr\/wp-json\/wp\/v2\/pages"}],"about":[{"href":"https:\/\/archive.classiccar-auctions.com\/fr\/wp-json\/wp\/v2\/types\/page"}],"author":[{"embeddable":true,"href":"https:\/\/archive.classiccar-auctions.com\/fr\/wp-json\/wp\/v2\/users\/1"}],"replies":[{"embeddable":true,"href":"https:\/\/archive.classiccar-auctions.com\/fr\/wp-json\/wp\/v2\/comments?post=458846"}],"version-history":[{"count":3,"href":"https:\/\/archive.classiccar-auctions.com\/fr\/wp-json\/wp\/v2\/pages\/458846\/revisions"}],"predecessor-version":[{"id":459023,"href":"https:\/\/archive.classiccar-auctions.com\/fr\/wp-json\/wp\/v2\/pages\/458846\/revisions\/459023"}],"wp:attachment":[{"href":"https:\/\/archive.classiccar-auctions.com\/fr\/wp-json\/wp\/v2\/media?parent=458846"}],"curies":[{"name":"wp","href":"https:\/\/api.w.org\/{rel}","templated":true}]}}