{"id":451415,"date":"2018-05-25T15:39:53","date_gmt":"2018-05-25T14:39:53","guid":{"rendered":"https:\/\/www.classiccar-auctions.com\/?page_id=451415"},"modified":"2022-09-16T14:12:00","modified_gmt":"2022-09-16T13:12:00","slug":"auction-66927","status":"publish","type":"page","link":"https:\/\/archive.classiccar-auctions.com\/de\/auction-66927\/","title":{"rendered":"Auktion 66927"},"content":{"rendered":"<div id=\"fws_69f12d0ab4cdc\"  data-column-margin=\"default\" data-midnight=\"light\" data-top-percent=\"10%\" data-bottom-percent=\"10%\"  class=\"wpb_row vc_row-fluid vc_row full-width-section vc_row-o-equal-height vc_row-flex vc_row-o-content-middle  top_padding_tablet_20pct top_padding_phone_20pct bottom_padding_tablet_20pct bottom_padding_phone_20pct\"  style=\"padding-top: calc(100vw * 0.10); padding-bottom: calc(100vw * 0.10); \"><div class=\"row-bg-wrap\" data-bg-animation=\"zoom-out-slow\" data-bg-animation-delay=\"\" data-bg-overlay=\"true\"><div class=\"inner-wrap row-bg-layer using-image\" ><div class=\"row-bg viewport-desktop using-image\"  style=\"background-image: url(https:\/\/archive.classiccar-auctions.com\/wp-content\/uploads\/2021\/12\/header-eibergendecember2021.jpg); background-position: center center; background-repeat: no-repeat; \"><\/div><\/div><div class=\"row-bg-overlay row-bg-layer\" style=\"background-color:#0a0a0a;  opacity: 0.8; \"><\/div><\/div><div class=\"row_col_wrap_12 col span_12 light left\">\n\t<div  class=\"vc_col-sm-12 wpb_column column_container vc_column_container col no-extra-padding el_spacing_20px inherit_tablet inherit_phone\"  data-padding-pos=\"all\" data-has-bg-color=\"false\" data-bg-color=\"\" data-bg-opacity=\"1\" data-animation=\"\" data-delay=\"0\" >\n\t\t<div class=\"vc_column-inner\" >\n\t\t\t<div class=\"wpb_wrapper\">\n\t\t\t\t<div id=\"fws_69f12d0ab53c2\" data-midnight=\"\" data-column-margin=\"default\" class=\"wpb_row vc_row-fluid vc_row inner_row\"  style=\"\"><div class=\"row-bg-wrap\"> <div class=\"row-bg\" ><\/div> <\/div><div class=\"row_col_wrap_12_inner col span_12  left\">\n\t<div  class=\"vc_col-sm-12 wpb_column column_container vc_column_container col child_column centered-text no-extra-padding inherit_tablet inherit_phone\"   data-padding-pos=\"bottom\" data-has-bg-color=\"false\" data-bg-color=\"\" data-bg-opacity=\"1\" data-animation=\"\" data-delay=\"0\" >\n\t\t<div class=\"vc_column-inner\" >\n\t\t<div class=\"wpb_wrapper\">\n\t\t\t\n<div class=\"wpb_text_column wpb_content_element\" >\n\t<div class=\"wpb_wrapper\">\n\t\t<h2>Youngtimer, Motorr\u00e4der &amp; Specials in Eibergen<\/h2>\n\t<\/div>\n<\/div>\n\n\n\n\n\t\t<\/div> \n\t<\/div>\n\t<\/div> \n<\/div><\/div>\n\t\t\t<\/div> \n\t\t<\/div>\n\t<\/div> \n<\/div><\/div>\n\t\t<div id=\"fws_69f12d0ab594e\"  data-column-margin=\"default\" data-midnight=\"dark\" data-top-percent=\"3%\"  class=\"wpb_row vc_row-fluid vc_row\"  style=\"padding-top: calc(100vw * 0.03); padding-bottom: 0px; \"><div class=\"row-bg-wrap\" data-bg-animation=\"none\" data-bg-animation-delay=\"\" data-bg-overlay=\"false\"><div class=\"inner-wrap row-bg-layer\" ><div class=\"row-bg viewport-desktop\"  style=\"\"><\/div><\/div><\/div><div class=\"row_col_wrap_12 col span_12 dark left\">\n\t<div  class=\"vc_col-sm-6 wpb_column column_container vc_column_container col no-extra-padding inherit_tablet inherit_phone\"  data-padding-pos=\"all\" data-has-bg-color=\"false\" data-bg-color=\"\" data-bg-opacity=\"1\" data-animation=\"\" data-delay=\"0\" >\n\t\t<div class=\"vc_column-inner\" >\n\t\t\t<div class=\"wpb_wrapper\">\n\t\t\t\t\n<div class=\"wpb_text_column wpb_content_element\" >\n\t<div class=\"wpb_wrapper\">\n\t\t<h3><span class=\"inner\">Auktionstermine<\/span><\/h3>\n\t<\/div>\n<\/div>\n\n\n\n<div class=\"divider-wrap\" data-alignment=\"default\"><div style=\"height: 10px;\" class=\"divider\"><\/div><\/div>\n<div class=\"wpb_text_column wpb_content_element\" >\n\t<div class=\"wpb_wrapper\">\n\t\t<p><strong>Auktion starten:<\/strong> Montag, 19. September 2022 um 17:00 Uhr<br \/>\n<strong>Schlie\u00dfung:<\/strong> Dienstag, 4. Oktober 2022 ab 20:30 Uhr<\/p>\n<p><strong>Besichtigungstage:<br \/>\n<\/strong>Mittwoch, 28. September 2022 10:00 bis 16:00 Uhr<br \/>\nSamstag, 1. Oktober 2022 10:00 bis 16:00 Uhr<\/p>\n<p><strong>Abholtag:<br \/>\n<\/strong>Mittwoch, 12. Oktober 2022 von 10:00 bis 16:00 Uhr<\/p>\n<p><strong>Ort:<\/strong><br \/>\n70 Kiefteweg<br \/>\n7151 NS Eibergen<br \/>\ndie Niederlande<\/p>\n<p>Als zus\u00e4tzlichen Service bieten wir an, das gewonnene Auto f\u00fcr 150 \u20ac (exkl. MwSt.) innerhalb der Niederlande zu liefern. Wenn Sie im Ausland leben, k\u00f6nnen wir den Transport in Absprache zum bestm\u00f6glichen Preis arrangieren. <a href=\"https:\/\/archive.classiccar-auctions.com\/de\/transportprijzen\/\">Mehr Informationen.<\/a><\/p>\n\t<\/div>\n<\/div>\n\n\n\n\n\t\t\t<\/div> \n\t\t<\/div>\n\t<\/div> \n\n\t<div  class=\"vc_col-sm-6 wpb_column column_container vc_column_container col no-extra-padding inherit_tablet inherit_phone\"  data-padding-pos=\"all\" data-has-bg-color=\"false\" data-bg-color=\"\" data-bg-opacity=\"1\" data-animation=\"\" data-delay=\"0\" >\n\t\t<div class=\"vc_column-inner\" >\n\t\t\t<div class=\"wpb_wrapper\">\n\t\t\t\t\n<div class=\"wpb_text_column wpb_content_element\" >\n\t<div class=\"wpb_wrapper\">\n\t\t<h3><span class=\"inner\">Zus\u00e4tzlich<\/span>\u00a0<span class=\"inner\">Information<\/span><\/h3>\n\t<\/div>\n<\/div>\n\n\n\n<div class=\"divider-wrap\" data-alignment=\"default\"><div style=\"height: 10px;\" class=\"divider\"><\/div><\/div>\n<div class=\"wpb_text_column wpb_content_element\" >\n\t<div class=\"wpb_wrapper\">\n\t\t<p>Im Auftrag verschiedener privater und gewerblicher Verk\u00e4ufer organisiert Classic Car Auctions diese Online-Auktion in Zusammenarbeit mit BVA Auctions. Sie k\u00f6nnen auf ein Auto bieten, indem Sie auf die Schaltfl\u00e4che \u201eBieten\u201c klicken, woraufhin Sie zum Auktionsbereich der Website von BVA Auctions weitergeleitet werden.<\/p>\n<p>Es ist immer m\u00f6glich, Autos f\u00fcr die n\u00e4chste Auktion einzustellen. F\u00fcr Informationen zu den Konditionen kontaktieren Sie uns bitte unter\u00a0<a href=\"https:\/\/archive.classiccar-auctions.com\/de\/contact\/\">unser Kontaktformular<\/a>.<\/p>\n<p>Da die Autos in der Auktion ohne Garantie verkauft werden, empfehlen wir Ihnen, die Autos an den Besichtigungstagen pers\u00f6nlich zu besichtigen. Es ist auch m\u00f6glich, dies von einem Experten durchf\u00fchren zu lassen. Auf Wunsch kann hierf\u00fcr ein spezieller Termin vereinbart werden. Bitte \u00fcberpr\u00fcfen Sie Ihre lokalen Fahrzeugregistrierungsgesetze vor dem Bieten. Weder der Verk\u00e4ufer noch Classic Car Auctions oder BVA Auctions sind f\u00fcr die Zulassung des Fahrzeugs in Ihrem Land verantwortlich.<\/p>\n<p>Die Losbeschreibung auf der Website erfolgt auf Basis der Classic Car Auctions bekannten Informationen. Classic Car Auctions ist keine Werkstatt oder Reparaturfirma und pr\u00fcft nicht, ob alles richtig funktioniert.<\/p>\n\t<\/div>\n<\/div>\n\n\n\n\n\t\t\t<\/div> \n\t\t<\/div>\n\t<\/div> \n<\/div><\/div>\n\t\t<div id=\"fws_69f12d0ab6166\"  data-column-margin=\"default\" data-midnight=\"dark\"  class=\"wpb_row vc_row-fluid vc_row\"  style=\"padding-top: 0px; padding-bottom: 0px; \"><div class=\"row-bg-wrap\" data-bg-animation=\"none\" data-bg-animation-delay=\"\" data-bg-overlay=\"false\"><div class=\"inner-wrap row-bg-layer\" ><div class=\"row-bg viewport-desktop\"  style=\"\"><\/div><\/div><\/div><div class=\"row_col_wrap_12 col span_12 dark left\">\n\t<div  class=\"vc_col-sm-12 wpb_column column_container vc_column_container col centered-text no-extra-padding inherit_tablet inherit_phone\"  data-padding-pos=\"all\" data-has-bg-color=\"false\" data-bg-color=\"\" data-bg-opacity=\"1\" data-animation=\"\" data-delay=\"0\" >\n\t\t<div class=\"vc_column-inner\" >\n\t\t\t<div class=\"wpb_wrapper\">\n\t\t\t\t<div class=\"divider-wrap\" data-alignment=\"default\"><div style=\"margin-top: 12.5px; width: 60px; height: 1px; margin-bottom: 12.5px;\" data-width=\"60px\" data-animate=\"yes\" data-animation-delay=\"\" data-color=\"extra-color-gradient-1\" class=\"divider-small-border\"><\/div><\/div>\n\t\t\t<\/div> \n\t\t<\/div>\n\t<\/div> \n<\/div><\/div>\n\t\t<div id=\"fws_69f12d0ab64af\"  data-column-margin=\"default\" data-midnight=\"dark\"  class=\"wpb_row vc_row-fluid vc_row\"  style=\"padding-top: 0px; padding-bottom: 40px; \"><div class=\"row-bg-wrap\" data-bg-animation=\"none\" data-bg-animation-delay=\"\" data-bg-overlay=\"false\"><div class=\"inner-wrap row-bg-layer\" ><div class=\"row-bg viewport-desktop\"  style=\"\"><\/div><\/div><\/div><div class=\"row_col_wrap_12 col span_12 dark left\">\n\t<div  class=\"vc_col-sm-12 wpb_column column_container vc_column_container col no-extra-padding inherit_tablet inherit_phone\"  data-padding-pos=\"all\" data-has-bg-color=\"false\" data-bg-color=\"\" data-bg-opacity=\"1\" data-animation=\"\" data-delay=\"0\" >\n\t\t<div class=\"vc_column-inner\" >\n\t\t\t<div class=\"wpb_wrapper\">\n\t\t\t\t\n<div class=\"wpb_text_column wpb_content_element\" >\n\t<div class=\"wpb_wrapper\">\n\t\t<h2><span class=\"inner\">Viele<\/span><\/h2>\n\t<\/div>\n<\/div>\n\n\n\n<div class=\"divider-wrap\" data-alignment=\"default\"><div style=\"margin-top: 12.5px; width: 60px; height: 1px; margin-bottom: 12.5px;\" data-width=\"60px\" data-animate=\"yes\" data-animation-delay=\"\" data-color=\"extra-color-gradient-1\" class=\"divider-small-border\"><\/div><\/div>\n    <div class=\"row blog-recent columns-3\" data-style=\"classic_enhanced\" data-color-scheme=\"light\" data-remove-post-date=\"1\" data-remove-post-author=\"1\" data-remove-post-comment-number=\"1\" data-remove-post-nectar-love=\"1\">\n\n      \n      <div class=\"col span_4 post-451728 post type-post status-publish format-standard has-post-thumbnail category-614 tag-mercedes-benz\" >\n\n        \n            <div class=\"inner-wrap post-451728 post type-post status-publish format-standard has-post-thumbnail category-614 tag-mercedes-benz\">\n\n            <a href=\"https:\/\/archive.classiccar-auctions.com\/de\/mercedes-benz-cls-320-cdi-2007-3\/\"  class=\"img-link\"><span class=\"post-featured-img\"><img loading=\"lazy\" decoding=\"async\" width=\"1600\" height=\"1200\" src=\"https:\/\/archive.classiccar-auctions.com\/wp-content\/uploads\/2022\/09\/2022-E9-29-1.jpg\" class=\"attachment-portfolio-thumb size-portfolio-thumb wp-post-image\" alt=\"\" title=\"\" sizes=\"auto, (min-width: 1300px) 33vw, (min-width: 1000px) 33vw, (min-width: 690px) 100vw, 100vw\" \/><\/span><\/a><span class=\"meta-category\"><a class=\"66927\" href=\"https:\/\/archive.classiccar-auctions.com\/de\/category\/66927\/\">66927<\/a><\/span><a class=\"entire-meta-link\" href=\"https:\/\/archive.classiccar-auctions.com\/de\/mercedes-benz-cls-320-cdi-2007-3\/\" ><span class=\"screen-reader-text\">Mercedes-Benz CLS 320 CDI 2007<\/span><\/a>\n            <div class=\"article-content-wrap\">\n              <div class=\"post-header\">\n                <span class=\"meta\"> 14. September 2022 <\/span>\n                <h3 class=\"title\">Mercedes-Benz CLS 320 CDI 2007<\/h3>\n              <\/div><!--\/post-header-->\n              <div class=\"excerpt\">\n                66927-2 | 11.000\u201312.500 \u20ac | Weiterlesen              <\/div>\n            <\/div>\n\n            <div class=\"post-meta\">\n              <span class=\"meta-author\"> <a href=\"https:\/\/archive.classiccar-auctions.com\/de\/author\/administrator\/\"> <i class=\"icon-default-style icon-salient-m-user\"><\/i> Administrator<\/a> <\/span>\n\n              \n              <div class=\"nectar-love-wrap\">\n                <a href=\"#\" class=\"nectar-love\" id=\"nectar-love-451728\" title=\"liebe das\"> <i class=\"icon-salient-heart-2\"><\/i><span class=\"love-text\">Liebe<\/span><span class=\"total_loves\"><span class=\"nectar-love-count\">0<\/span><\/span><\/a>              <\/div><!--\/nectar-love-wrap-->\n            <\/div>\n\n          <\/div>\n\n        \n      <\/div><!--\/col-->\n\n      \n      <div class=\"col span_4 post-451730 post type-post status-publish format-standard has-post-thumbnail category-614 tag-mercedes-benz\" >\n\n        \n            <div class=\"inner-wrap post-451730 post type-post status-publish format-standard has-post-thumbnail category-614 tag-mercedes-benz\">\n\n            <a href=\"https:\/\/archive.classiccar-auctions.com\/de\/mercedes-benz-cls-320-cdi-2006-3\/\"  class=\"img-link\"><span class=\"post-featured-img\"><img loading=\"lazy\" decoding=\"async\" width=\"1600\" height=\"1200\" src=\"https:\/\/archive.classiccar-auctions.com\/wp-content\/uploads\/2022\/09\/2022-E8-220-1.jpg\" class=\"attachment-portfolio-thumb size-portfolio-thumb wp-post-image\" alt=\"\" title=\"\" sizes=\"auto, (min-width: 1300px) 33vw, (min-width: 1000px) 33vw, (min-width: 690px) 100vw, 100vw\" \/><\/span><\/a><span class=\"meta-category\"><a class=\"66927\" href=\"https:\/\/archive.classiccar-auctions.com\/de\/category\/66927\/\">66927<\/a><\/span><a class=\"entire-meta-link\" href=\"https:\/\/archive.classiccar-auctions.com\/de\/mercedes-benz-cls-320-cdi-2006-3\/\" ><span class=\"screen-reader-text\">Mercedes-Benz CLS 320 CDI 2006<\/span><\/a>\n            <div class=\"article-content-wrap\">\n              <div class=\"post-header\">\n                <span class=\"meta\"> 14. September 2022 <\/span>\n                <h3 class=\"title\">Mercedes-Benz CLS 320 CDI 2006<\/h3>\n              <\/div><!--\/post-header-->\n              <div class=\"excerpt\">\n                66927-3 | \u20ac 6.800- 7.900,- | Weiterlesen              <\/div>\n            <\/div>\n\n            <div class=\"post-meta\">\n              <span class=\"meta-author\"> <a href=\"https:\/\/archive.classiccar-auctions.com\/de\/author\/administrator\/\"> <i class=\"icon-default-style icon-salient-m-user\"><\/i> Administrator<\/a> <\/span>\n\n              \n              <div class=\"nectar-love-wrap\">\n                <a href=\"#\" class=\"nectar-love\" id=\"nectar-love-451730\" title=\"liebe das\"> <i class=\"icon-salient-heart-2\"><\/i><span class=\"love-text\">Liebe<\/span><span class=\"total_loves\"><span class=\"nectar-love-count\">0<\/span><\/span><\/a>              <\/div><!--\/nectar-love-wrap-->\n            <\/div>\n\n          <\/div>\n\n        \n      <\/div><!--\/col-->\n\n      \n      <div class=\"col span_4 post-451732 post type-post status-publish format-standard has-post-thumbnail category-614 tag-land-rover\" >\n\n        \n            <div class=\"inner-wrap post-451732 post type-post status-publish format-standard has-post-thumbnail category-614 tag-land-rover\">\n\n            <a href=\"https:\/\/archive.classiccar-auctions.com\/de\/land-rover-range-rover-4-4-v8-se-2004-6\/\"  class=\"img-link\"><span class=\"post-featured-img\"><img loading=\"lazy\" decoding=\"async\" width=\"1600\" height=\"1200\" src=\"https:\/\/archive.classiccar-auctions.com\/wp-content\/uploads\/2022\/09\/2022-E8-205-1.jpg\" class=\"attachment-portfolio-thumb size-portfolio-thumb wp-post-image\" alt=\"\" title=\"\" sizes=\"auto, (min-width: 1300px) 33vw, (min-width: 1000px) 33vw, (min-width: 690px) 100vw, 100vw\" \/><\/span><\/a><span class=\"meta-category\"><a class=\"66927\" href=\"https:\/\/archive.classiccar-auctions.com\/de\/category\/66927\/\">66927<\/a><\/span><a class=\"entire-meta-link\" href=\"https:\/\/archive.classiccar-auctions.com\/de\/land-rover-range-rover-4-4-v8-se-2004-6\/\" ><span class=\"screen-reader-text\">Land Rover Range Rover 4.4 V8 SE 2004<\/span><\/a>\n            <div class=\"article-content-wrap\">\n              <div class=\"post-header\">\n                <span class=\"meta\"> 14. September 2022 <\/span>\n                <h3 class=\"title\">Land Rover Range Rover 4.4 V8 SE 2004<\/h3>\n              <\/div><!--\/post-header-->\n              <div class=\"excerpt\">\n                66927-4 | 12.500\u201315.000 \u20ac | Weiterlesen              <\/div>\n            <\/div>\n\n            <div class=\"post-meta\">\n              <span class=\"meta-author\"> <a href=\"https:\/\/archive.classiccar-auctions.com\/de\/author\/administrator\/\"> <i class=\"icon-default-style icon-salient-m-user\"><\/i> Administrator<\/a> <\/span>\n\n              \n              <div class=\"nectar-love-wrap\">\n                <a href=\"#\" class=\"nectar-love\" id=\"nectar-love-451732\" title=\"liebe das\"> <i class=\"icon-salient-heart-2\"><\/i><span class=\"love-text\">Liebe<\/span><span class=\"total_loves\"><span class=\"nectar-love-count\">0<\/span><\/span><\/a>              <\/div><!--\/nectar-love-wrap-->\n            <\/div>\n\n          <\/div>\n\n        \n      <\/div><!--\/col-->\n\n      \n      <div class=\"col span_4 post-451734 post type-post status-publish format-standard has-post-thumbnail category-614 tag-ford\" >\n\n        \n            <div class=\"inner-wrap post-451734 post type-post status-publish format-standard has-post-thumbnail category-614 tag-ford\">\n\n            <a href=\"https:\/\/archive.classiccar-auctions.com\/de\/ford-expedition-5-4l-v8-sohc-16v-4wd-2014-6\/\"  class=\"img-link\"><span class=\"post-featured-img\"><img loading=\"lazy\" decoding=\"async\" width=\"1600\" height=\"1200\" src=\"https:\/\/archive.classiccar-auctions.com\/wp-content\/uploads\/2022\/09\/2022-E8-213-1.jpg\" class=\"attachment-portfolio-thumb size-portfolio-thumb wp-post-image\" alt=\"\" title=\"\" sizes=\"auto, (min-width: 1300px) 33vw, (min-width: 1000px) 33vw, (min-width: 690px) 100vw, 100vw\" \/><\/span><\/a><span class=\"meta-category\"><a class=\"66927\" href=\"https:\/\/archive.classiccar-auctions.com\/de\/category\/66927\/\">66927<\/a><\/span><a class=\"entire-meta-link\" href=\"https:\/\/archive.classiccar-auctions.com\/de\/ford-expedition-5-4l-v8-sohc-16v-4wd-2014-6\/\" ><span class=\"screen-reader-text\">Ford Expedition 5.4L V8 SOHC 16V 4WD 2014<\/span><\/a>\n            <div class=\"article-content-wrap\">\n              <div class=\"post-header\">\n                <span class=\"meta\"> 14. September 2022 <\/span>\n                <h3 class=\"title\">Ford Expedition 5.4L V8 SOHC 16V 4WD 2014<\/h3>\n              <\/div><!--\/post-header-->\n              <div class=\"excerpt\">\n                66927-5 | 17.500\u201319.500 \u20ac | Weiterlesen              <\/div>\n            <\/div>\n\n            <div class=\"post-meta\">\n              <span class=\"meta-author\"> <a href=\"https:\/\/archive.classiccar-auctions.com\/de\/author\/administrator\/\"> <i class=\"icon-default-style icon-salient-m-user\"><\/i> Administrator<\/a> <\/span>\n\n              \n              <div class=\"nectar-love-wrap\">\n                <a href=\"#\" class=\"nectar-love\" id=\"nectar-love-451734\" title=\"liebe das\"> <i class=\"icon-salient-heart-2\"><\/i><span class=\"love-text\">Liebe<\/span><span class=\"total_loves\"><span class=\"nectar-love-count\">0<\/span><\/span><\/a>              <\/div><!--\/nectar-love-wrap-->\n            <\/div>\n\n          <\/div>\n\n        \n      <\/div><!--\/col-->\n\n      \n      <div class=\"col span_4 post-451736 post type-post status-publish format-standard has-post-thumbnail category-614 tag-volkswagen\" >\n\n        \n            <div class=\"inner-wrap post-451736 post type-post status-publish format-standard has-post-thumbnail category-614 tag-volkswagen\">\n\n            <a href=\"https:\/\/archive.classiccar-auctions.com\/de\/volkswagen-t4-california-type-ii-kampeerwagen-2-4l-diesel-1995-6\/\"  class=\"img-link\"><span class=\"post-featured-img\"><img loading=\"lazy\" decoding=\"async\" width=\"1600\" height=\"1200\" src=\"https:\/\/archive.classiccar-auctions.com\/wp-content\/uploads\/2022\/09\/2022-E8-206-1.jpg\" class=\"attachment-portfolio-thumb size-portfolio-thumb wp-post-image\" alt=\"\" title=\"\" sizes=\"auto, (min-width: 1300px) 33vw, (min-width: 1000px) 33vw, (min-width: 690px) 100vw, 100vw\" \/><\/span><\/a><span class=\"meta-category\"><a class=\"66927\" href=\"https:\/\/archive.classiccar-auctions.com\/de\/category\/66927\/\">66927<\/a><\/span><a class=\"entire-meta-link\" href=\"https:\/\/archive.classiccar-auctions.com\/de\/volkswagen-t4-california-type-ii-kampeerwagen-2-4l-diesel-1995-6\/\" ><span class=\"screen-reader-text\">Volkswagen T4 California Typ II Camper Van 2.4L Diesel 1995<\/span><\/a>\n            <div class=\"article-content-wrap\">\n              <div class=\"post-header\">\n                <span class=\"meta\"> 14. September 2022 <\/span>\n                <h3 class=\"title\">Volkswagen T4 California Typ II Camper Van 2.4L Diesel 1995<\/h3>\n              <\/div><!--\/post-header-->\n              <div class=\"excerpt\">\n                66927-6 | 15.000-17.500 \u20ac | Weiterlesen              <\/div>\n            <\/div>\n\n            <div class=\"post-meta\">\n              <span class=\"meta-author\"> <a href=\"https:\/\/archive.classiccar-auctions.com\/de\/author\/administrator\/\"> <i class=\"icon-default-style icon-salient-m-user\"><\/i> Administrator<\/a> <\/span>\n\n              \n              <div class=\"nectar-love-wrap\">\n                <a href=\"#\" class=\"nectar-love\" id=\"nectar-love-451736\" title=\"liebe das\"> <i class=\"icon-salient-heart-2\"><\/i><span class=\"love-text\">Liebe<\/span><span class=\"total_loves\"><span class=\"nectar-love-count\">0<\/span><\/span><\/a>              <\/div><!--\/nectar-love-wrap-->\n            <\/div>\n\n          <\/div>\n\n        \n      <\/div><!--\/col-->\n\n      \n      <div class=\"col span_4 post-451738 post type-post status-publish format-standard has-post-thumbnail category-614 tag-bmw\" >\n\n        \n            <div class=\"inner-wrap post-451738 post type-post status-publish format-standard has-post-thumbnail category-614 tag-bmw\">\n\n            <a href=\"https:\/\/archive.classiccar-auctions.com\/de\/bmw-323i-executive-2000-7\/\"  class=\"img-link\"><span class=\"post-featured-img\"><img loading=\"lazy\" decoding=\"async\" width=\"1600\" height=\"1200\" src=\"https:\/\/archive.classiccar-auctions.com\/wp-content\/uploads\/2022\/09\/2022-E8-223-1.jpg\" class=\"attachment-portfolio-thumb size-portfolio-thumb wp-post-image\" alt=\"\" title=\"\" sizes=\"auto, (min-width: 1300px) 33vw, (min-width: 1000px) 33vw, (min-width: 690px) 100vw, 100vw\" \/><\/span><\/a><span class=\"meta-category\"><a class=\"66927\" href=\"https:\/\/archive.classiccar-auctions.com\/de\/category\/66927\/\">66927<\/a><\/span><a class=\"entire-meta-link\" href=\"https:\/\/archive.classiccar-auctions.com\/de\/bmw-323i-executive-2000-7\/\" ><span class=\"screen-reader-text\">BMW 323i Executive 2000<\/span><\/a>\n            <div class=\"article-content-wrap\">\n              <div class=\"post-header\">\n                <span class=\"meta\"> 14. September 2022 <\/span>\n                <h3 class=\"title\">BMW 323i Executive 2000<\/h3>\n              <\/div><!--\/post-header-->\n              <div class=\"excerpt\">\n                66927-7 | 2.700\u20133.300 \u20ac | Weiterlesen              <\/div>\n            <\/div>\n\n            <div class=\"post-meta\">\n              <span class=\"meta-author\"> <a href=\"https:\/\/archive.classiccar-auctions.com\/de\/author\/administrator\/\"> <i class=\"icon-default-style icon-salient-m-user\"><\/i> Administrator<\/a> <\/span>\n\n              \n              <div class=\"nectar-love-wrap\">\n                <a href=\"#\" class=\"nectar-love\" id=\"nectar-love-451738\" title=\"liebe das\"> <i class=\"icon-salient-heart-2\"><\/i><span class=\"love-text\">Liebe<\/span><span class=\"total_loves\"><span class=\"nectar-love-count\">0<\/span><\/span><\/a>              <\/div><!--\/nectar-love-wrap-->\n            <\/div>\n\n          <\/div>\n\n        \n      <\/div><!--\/col-->\n\n      \n      <div class=\"col span_4 post-451740 post type-post status-publish format-standard has-post-thumbnail category-614 tag-mercedes-benz\" >\n\n        \n            <div class=\"inner-wrap post-451740 post type-post status-publish format-standard has-post-thumbnail category-614 tag-mercedes-benz\">\n\n            <a href=\"https:\/\/archive.classiccar-auctions.com\/de\/mercedes-benz-e200-cdi-avantgarde-2003-2\/\"  class=\"img-link\"><span class=\"post-featured-img\"><img loading=\"lazy\" decoding=\"async\" width=\"1600\" height=\"1200\" src=\"https:\/\/archive.classiccar-auctions.com\/wp-content\/uploads\/2022\/09\/2022-E9-26-1.jpg\" class=\"attachment-portfolio-thumb size-portfolio-thumb wp-post-image\" alt=\"\" title=\"\" sizes=\"auto, (min-width: 1300px) 33vw, (min-width: 1000px) 33vw, (min-width: 690px) 100vw, 100vw\" \/><\/span><\/a><span class=\"meta-category\"><a class=\"66927\" href=\"https:\/\/archive.classiccar-auctions.com\/de\/category\/66927\/\">66927<\/a><\/span><a class=\"entire-meta-link\" href=\"https:\/\/archive.classiccar-auctions.com\/de\/mercedes-benz-e200-cdi-avantgarde-2003-2\/\" ><span class=\"screen-reader-text\">Mercedes-Benz E200 CDI Avantgarde 2003<\/span><\/a>\n            <div class=\"article-content-wrap\">\n              <div class=\"post-header\">\n                <span class=\"meta\"> 14. September 2022 <\/span>\n                <h3 class=\"title\">Mercedes-Benz E200 CDI Avantgarde 2003<\/h3>\n              <\/div><!--\/post-header-->\n              <div class=\"excerpt\">\n                66927-8 | 3.500\u20134.500 \u20ac | Weiterlesen              <\/div>\n            <\/div>\n\n            <div class=\"post-meta\">\n              <span class=\"meta-author\"> <a href=\"https:\/\/archive.classiccar-auctions.com\/de\/author\/administrator\/\"> <i class=\"icon-default-style icon-salient-m-user\"><\/i> Administrator<\/a> <\/span>\n\n              \n              <div class=\"nectar-love-wrap\">\n                <a href=\"#\" class=\"nectar-love\" id=\"nectar-love-451740\" title=\"liebe das\"> <i class=\"icon-salient-heart-2\"><\/i><span class=\"love-text\">Liebe<\/span><span class=\"total_loves\"><span class=\"nectar-love-count\">0<\/span><\/span><\/a>              <\/div><!--\/nectar-love-wrap-->\n            <\/div>\n\n          <\/div>\n\n        \n      <\/div><!--\/col-->\n\n      \n      <div class=\"col span_4 post-451742 post type-post status-publish format-standard has-post-thumbnail category-614 tag-bmw\" >\n\n        \n            <div class=\"inner-wrap post-451742 post type-post status-publish format-standard has-post-thumbnail category-614 tag-bmw\">\n\n            <a href=\"https:\/\/archive.classiccar-auctions.com\/de\/bmw-e65-735i-2001-9\/\"  class=\"img-link\"><span class=\"post-featured-img\"><img loading=\"lazy\" decoding=\"async\" width=\"1600\" height=\"1200\" src=\"https:\/\/archive.classiccar-auctions.com\/wp-content\/uploads\/2022\/09\/2022-E8-222-1.jpg\" class=\"attachment-portfolio-thumb size-portfolio-thumb wp-post-image\" alt=\"\" title=\"\" sizes=\"auto, (min-width: 1300px) 33vw, (min-width: 1000px) 33vw, (min-width: 690px) 100vw, 100vw\" \/><\/span><\/a><span class=\"meta-category\"><a class=\"66927\" href=\"https:\/\/archive.classiccar-auctions.com\/de\/category\/66927\/\">66927<\/a><\/span><a class=\"entire-meta-link\" href=\"https:\/\/archive.classiccar-auctions.com\/de\/bmw-e65-735i-2001-9\/\" ><span class=\"screen-reader-text\">BMW E65 735i 2001<\/span><\/a>\n            <div class=\"article-content-wrap\">\n              <div class=\"post-header\">\n                <span class=\"meta\"> 14. September 2022 <\/span>\n                <h3 class=\"title\">BMW E65 735i 2001<\/h3>\n              <\/div><!--\/post-header-->\n              <div class=\"excerpt\">\n                66927-9 | 7.000\u20138.500 \u20ac | Weiterlesen              <\/div>\n            <\/div>\n\n            <div class=\"post-meta\">\n              <span class=\"meta-author\"> <a href=\"https:\/\/archive.classiccar-auctions.com\/de\/author\/administrator\/\"> <i class=\"icon-default-style icon-salient-m-user\"><\/i> Administrator<\/a> <\/span>\n\n              \n              <div class=\"nectar-love-wrap\">\n                <a href=\"#\" class=\"nectar-love\" id=\"nectar-love-451742\" title=\"liebe das\"> <i class=\"icon-salient-heart-2\"><\/i><span class=\"love-text\">Liebe<\/span><span class=\"total_loves\"><span class=\"nectar-love-count\">0<\/span><\/span><\/a>              <\/div><!--\/nectar-love-wrap-->\n            <\/div>\n\n          <\/div>\n\n        \n      <\/div><!--\/col-->\n\n      \n      <div class=\"col span_4 post-451744 post type-post status-publish format-standard has-post-thumbnail category-614 tag-volvo\" >\n\n        \n            <div class=\"inner-wrap post-451744 post type-post status-publish format-standard has-post-thumbnail category-614 tag-volvo\">\n\n            <a href=\"https:\/\/archive.classiccar-auctions.com\/de\/volvo-c70-2-0-2002-2\/\"  class=\"img-link\"><span class=\"post-featured-img\"><img loading=\"lazy\" decoding=\"async\" width=\"1600\" height=\"1200\" src=\"https:\/\/archive.classiccar-auctions.com\/wp-content\/uploads\/2022\/09\/2022-E9-8-1.jpg\" class=\"attachment-portfolio-thumb size-portfolio-thumb wp-post-image\" alt=\"\" title=\"\" sizes=\"auto, (min-width: 1300px) 33vw, (min-width: 1000px) 33vw, (min-width: 690px) 100vw, 100vw\" \/><\/span><\/a><span class=\"meta-category\"><a class=\"66927\" href=\"https:\/\/archive.classiccar-auctions.com\/de\/category\/66927\/\">66927<\/a><\/span><a class=\"entire-meta-link\" href=\"https:\/\/archive.classiccar-auctions.com\/de\/volvo-c70-2-0-2002-2\/\" ><span class=\"screen-reader-text\">Volvo C70 2.0 2002<\/span><\/a>\n            <div class=\"article-content-wrap\">\n              <div class=\"post-header\">\n                <span class=\"meta\"> 14. September 2022 <\/span>\n                <h3 class=\"title\">Volvo C70 2.0 2002<\/h3>\n              <\/div><!--\/post-header-->\n              <div class=\"excerpt\">\n                66927-10 | 6.000- 8.000 \u20ac | Weiterlesen              <\/div>\n            <\/div>\n\n            <div class=\"post-meta\">\n              <span class=\"meta-author\"> <a href=\"https:\/\/archive.classiccar-auctions.com\/de\/author\/administrator\/\"> <i class=\"icon-default-style icon-salient-m-user\"><\/i> Administrator<\/a> <\/span>\n\n              \n              <div class=\"nectar-love-wrap\">\n                <a href=\"#\" class=\"nectar-love\" id=\"nectar-love-451744\" title=\"liebe das\"> <i class=\"icon-salient-heart-2\"><\/i><span class=\"love-text\">Liebe<\/span><span class=\"total_loves\"><span class=\"nectar-love-count\">0<\/span><\/span><\/a>              <\/div><!--\/nectar-love-wrap-->\n            <\/div>\n\n          <\/div>\n\n        \n      <\/div><!--\/col-->\n\n      \n      <div class=\"col span_4 post-451746 post type-post status-publish format-standard has-post-thumbnail category-614 tag-mercedes-benz\" >\n\n        \n            <div class=\"inner-wrap post-451746 post type-post status-publish format-standard has-post-thumbnail category-614 tag-mercedes-benz\">\n\n            <a href=\"https:\/\/archive.classiccar-auctions.com\/de\/mercedes-benz-clk-320-elegance-1997-2\/\"  class=\"img-link\"><span class=\"post-featured-img\"><img loading=\"lazy\" decoding=\"async\" width=\"1600\" height=\"1200\" src=\"https:\/\/archive.classiccar-auctions.com\/wp-content\/uploads\/2022\/09\/2022-E9-2-1.jpg\" class=\"attachment-portfolio-thumb size-portfolio-thumb wp-post-image\" alt=\"\" title=\"\" sizes=\"auto, (min-width: 1300px) 33vw, (min-width: 1000px) 33vw, (min-width: 690px) 100vw, 100vw\" \/><\/span><\/a><span class=\"meta-category\"><a class=\"66927\" href=\"https:\/\/archive.classiccar-auctions.com\/de\/category\/66927\/\">66927<\/a><\/span><a class=\"entire-meta-link\" href=\"https:\/\/archive.classiccar-auctions.com\/de\/mercedes-benz-clk-320-elegance-1997-2\/\" ><span class=\"screen-reader-text\">Mercedes-Benz CLK 320 Eleganz 1997<\/span><\/a>\n            <div class=\"article-content-wrap\">\n              <div class=\"post-header\">\n                <span class=\"meta\"> 14. September 2022 <\/span>\n                <h3 class=\"title\">Mercedes-Benz CLK 320 Eleganz 1997<\/h3>\n              <\/div><!--\/post-header-->\n              <div class=\"excerpt\">\n                66927-11 | 2.200-2.900 \u20ac | Weiterlesen              <\/div>\n            <\/div>\n\n            <div class=\"post-meta\">\n              <span class=\"meta-author\"> <a href=\"https:\/\/archive.classiccar-auctions.com\/de\/author\/administrator\/\"> <i class=\"icon-default-style icon-salient-m-user\"><\/i> Administrator<\/a> <\/span>\n\n              \n              <div class=\"nectar-love-wrap\">\n                <a href=\"#\" class=\"nectar-love\" id=\"nectar-love-451746\" title=\"liebe das\"> <i class=\"icon-salient-heart-2\"><\/i><span class=\"love-text\">Liebe<\/span><span class=\"total_loves\"><span class=\"nectar-love-count\">0<\/span><\/span><\/a>              <\/div><!--\/nectar-love-wrap-->\n            <\/div>\n\n          <\/div>\n\n        \n      <\/div><!--\/col-->\n\n      \n      <div class=\"col span_4 post-451750 post type-post status-publish format-standard has-post-thumbnail category-614 tag-mercedes-benz\" >\n\n        \n            <div class=\"inner-wrap post-451750 post type-post status-publish format-standard has-post-thumbnail category-614 tag-mercedes-benz\">\n\n            <a href=\"https:\/\/archive.classiccar-auctions.com\/de\/mercedes-benz-e320-2002-2\/\"  class=\"img-link\"><span class=\"post-featured-img\"><img loading=\"lazy\" decoding=\"async\" width=\"1600\" height=\"1200\" src=\"https:\/\/archive.classiccar-auctions.com\/wp-content\/uploads\/2022\/09\/2022-E9-34-1.jpg\" class=\"attachment-portfolio-thumb size-portfolio-thumb wp-post-image\" alt=\"\" title=\"\" sizes=\"auto, (min-width: 1300px) 33vw, (min-width: 1000px) 33vw, (min-width: 690px) 100vw, 100vw\" \/><\/span><\/a><span class=\"meta-category\"><a class=\"66927\" href=\"https:\/\/archive.classiccar-auctions.com\/de\/category\/66927\/\">66927<\/a><\/span><a class=\"entire-meta-link\" href=\"https:\/\/archive.classiccar-auctions.com\/de\/mercedes-benz-e320-2002-2\/\" ><span class=\"screen-reader-text\">Mercedes-Benz E320 2002<\/span><\/a>\n            <div class=\"article-content-wrap\">\n              <div class=\"post-header\">\n                <span class=\"meta\"> 14. September 2022 <\/span>\n                <h3 class=\"title\">Mercedes-Benz E320 2002<\/h3>\n              <\/div><!--\/post-header-->\n              <div class=\"excerpt\">\n                66927-13 | 5.500\u20136.500 \u20ac | Weiterlesen              <\/div>\n            <\/div>\n\n            <div class=\"post-meta\">\n              <span class=\"meta-author\"> <a href=\"https:\/\/archive.classiccar-auctions.com\/de\/author\/administrator\/\"> <i class=\"icon-default-style icon-salient-m-user\"><\/i> Administrator<\/a> <\/span>\n\n              \n              <div class=\"nectar-love-wrap\">\n                <a href=\"#\" class=\"nectar-love\" id=\"nectar-love-451750\" title=\"liebe das\"> <i class=\"icon-salient-heart-2\"><\/i><span class=\"love-text\">Liebe<\/span><span class=\"total_loves\"><span class=\"nectar-love-count\">0<\/span><\/span><\/a>              <\/div><!--\/nectar-love-wrap-->\n            <\/div>\n\n          <\/div>\n\n        \n      <\/div><!--\/col-->\n\n      \n      <div class=\"col span_4 post-451752 post type-post status-publish format-standard has-post-thumbnail category-614 tag-jaguar\" >\n\n        \n            <div class=\"inner-wrap post-451752 post type-post status-publish format-standard has-post-thumbnail category-614 tag-jaguar\">\n\n            <a href=\"https:\/\/archive.classiccar-auctions.com\/de\/jaguar-xj-executive-2000\/\"  class=\"img-link\"><span class=\"post-featured-img\"><img loading=\"lazy\" decoding=\"async\" width=\"1600\" height=\"1067\" src=\"https:\/\/archive.classiccar-auctions.com\/wp-content\/uploads\/2022\/09\/2022-E10-3-1.jpg\" class=\"attachment-portfolio-thumb size-portfolio-thumb wp-post-image\" alt=\"\" title=\"\" sizes=\"auto, (min-width: 1300px) 33vw, (min-width: 1000px) 33vw, (min-width: 690px) 100vw, 100vw\" \/><\/span><\/a><span class=\"meta-category\"><a class=\"66927\" href=\"https:\/\/archive.classiccar-auctions.com\/de\/category\/66927\/\">66927<\/a><\/span><a class=\"entire-meta-link\" href=\"https:\/\/archive.classiccar-auctions.com\/de\/jaguar-xj-executive-2000\/\" ><span class=\"screen-reader-text\">Jaguar XJ Executive 2000<\/span><\/a>\n            <div class=\"article-content-wrap\">\n              <div class=\"post-header\">\n                <span class=\"meta\"> 14. September 2022 <\/span>\n                <h3 class=\"title\">Jaguar XJ Executive 2000<\/h3>\n              <\/div><!--\/post-header-->\n              <div class=\"excerpt\">\n                66927-14 | 2.500\u20134.000 \u20ac | Weiterlesen              <\/div>\n            <\/div>\n\n            <div class=\"post-meta\">\n              <span class=\"meta-author\"> <a href=\"https:\/\/archive.classiccar-auctions.com\/de\/author\/administrator\/\"> <i class=\"icon-default-style icon-salient-m-user\"><\/i> Administrator<\/a> <\/span>\n\n              \n              <div class=\"nectar-love-wrap\">\n                <a href=\"#\" class=\"nectar-love\" id=\"nectar-love-451752\" title=\"liebe das\"> <i class=\"icon-salient-heart-2\"><\/i><span class=\"love-text\">Liebe<\/span><span class=\"total_loves\"><span class=\"nectar-love-count\">0<\/span><\/span><\/a>              <\/div><!--\/nectar-love-wrap-->\n            <\/div>\n\n          <\/div>\n\n        \n      <\/div><!--\/col-->\n\n      \n      <div class=\"col span_4 post-451754 post type-post status-publish format-standard has-post-thumbnail category-614 tag-saab\" >\n\n        \n            <div class=\"inner-wrap post-451754 post type-post status-publish format-standard has-post-thumbnail category-614 tag-saab\">\n\n            <a href=\"https:\/\/archive.classiccar-auctions.com\/de\/saab-9-5-2-0t-estate-2002\/\"  class=\"img-link\"><span class=\"post-featured-img\"><img loading=\"lazy\" decoding=\"async\" width=\"1600\" height=\"1067\" src=\"https:\/\/archive.classiccar-auctions.com\/wp-content\/uploads\/2022\/09\/2022-E10-6-1.jpg\" class=\"attachment-portfolio-thumb size-portfolio-thumb wp-post-image\" alt=\"\" title=\"\" sizes=\"auto, (min-width: 1300px) 33vw, (min-width: 1000px) 33vw, (min-width: 690px) 100vw, 100vw\" \/><\/span><\/a><span class=\"meta-category\"><a class=\"66927\" href=\"https:\/\/archive.classiccar-auctions.com\/de\/category\/66927\/\">66927<\/a><\/span><a class=\"entire-meta-link\" href=\"https:\/\/archive.classiccar-auctions.com\/de\/saab-9-5-2-0t-estate-2002\/\" ><span class=\"screen-reader-text\">Saab 9.5 2.0t Kombi 2002<\/span><\/a>\n            <div class=\"article-content-wrap\">\n              <div class=\"post-header\">\n                <span class=\"meta\"> 14. September 2022 <\/span>\n                <h3 class=\"title\">Saab 9.5 2.0t Kombi 2002<\/h3>\n              <\/div><!--\/post-header-->\n              <div class=\"excerpt\">\n                66927-15 | 2.000-2.500 \u20ac | Weiterlesen              <\/div>\n            <\/div>\n\n            <div class=\"post-meta\">\n              <span class=\"meta-author\"> <a href=\"https:\/\/archive.classiccar-auctions.com\/de\/author\/administrator\/\"> <i class=\"icon-default-style icon-salient-m-user\"><\/i> Administrator<\/a> <\/span>\n\n              \n              <div class=\"nectar-love-wrap\">\n                <a href=\"#\" class=\"nectar-love\" id=\"nectar-love-451754\" title=\"liebe das\"> <i class=\"icon-salient-heart-2\"><\/i><span class=\"love-text\">Liebe<\/span><span class=\"total_loves\"><span class=\"nectar-love-count\">0<\/span><\/span><\/a>              <\/div><!--\/nectar-love-wrap-->\n            <\/div>\n\n          <\/div>\n\n        \n      <\/div><!--\/col-->\n\n      \n      <div class=\"col span_4 post-451756 post type-post status-publish format-standard has-post-thumbnail category-614 tag-saab\" >\n\n        \n            <div class=\"inner-wrap post-451756 post type-post status-publish format-standard has-post-thumbnail category-614 tag-saab\">\n\n            <a href=\"https:\/\/archive.classiccar-auctions.com\/de\/saab-9-5-aero-2002\/\"  class=\"img-link\"><span class=\"post-featured-img\"><img loading=\"lazy\" decoding=\"async\" width=\"1600\" height=\"1067\" src=\"https:\/\/archive.classiccar-auctions.com\/wp-content\/uploads\/2022\/09\/2022-E10-13-1.jpg\" class=\"attachment-portfolio-thumb size-portfolio-thumb wp-post-image\" alt=\"\" title=\"\" sizes=\"auto, (min-width: 1300px) 33vw, (min-width: 1000px) 33vw, (min-width: 690px) 100vw, 100vw\" \/><\/span><\/a><span class=\"meta-category\"><a class=\"66927\" href=\"https:\/\/archive.classiccar-auctions.com\/de\/category\/66927\/\">66927<\/a><\/span><a class=\"entire-meta-link\" href=\"https:\/\/archive.classiccar-auctions.com\/de\/saab-9-5-aero-2002\/\" ><span class=\"screen-reader-text\">Saab 9.5 Aero 2002<\/span><\/a>\n            <div class=\"article-content-wrap\">\n              <div class=\"post-header\">\n                <span class=\"meta\"> 14. September 2022 <\/span>\n                <h3 class=\"title\">Saab 9.5 Aero 2002<\/h3>\n              <\/div><!--\/post-header-->\n              <div class=\"excerpt\">\n                66927-16 | 2.400\u20133.200 \u20ac | Weiterlesen              <\/div>\n            <\/div>\n\n            <div class=\"post-meta\">\n              <span class=\"meta-author\"> <a href=\"https:\/\/archive.classiccar-auctions.com\/de\/author\/administrator\/\"> <i class=\"icon-default-style icon-salient-m-user\"><\/i> Administrator<\/a> <\/span>\n\n              \n              <div class=\"nectar-love-wrap\">\n                <a href=\"#\" class=\"nectar-love\" id=\"nectar-love-451756\" title=\"liebe das\"> <i class=\"icon-salient-heart-2\"><\/i><span class=\"love-text\">Liebe<\/span><span class=\"total_loves\"><span class=\"nectar-love-count\">0<\/span><\/span><\/a>              <\/div><!--\/nectar-love-wrap-->\n            <\/div>\n\n          <\/div>\n\n        \n      <\/div><!--\/col-->\n\n      \n      <div class=\"col span_4 post-451758 post type-post status-publish format-standard has-post-thumbnail category-614 tag-saab\" >\n\n        \n            <div class=\"inner-wrap post-451758 post type-post status-publish format-standard has-post-thumbnail category-614 tag-saab\">\n\n            <a href=\"https:\/\/archive.classiccar-auctions.com\/de\/saab-9-3-2-0t-aero-m6-2005\/\"  class=\"img-link\"><span class=\"post-featured-img\"><img loading=\"lazy\" decoding=\"async\" width=\"1600\" height=\"1067\" src=\"https:\/\/archive.classiccar-auctions.com\/wp-content\/uploads\/2022\/09\/2022-E10-26-1.jpg\" class=\"attachment-portfolio-thumb size-portfolio-thumb wp-post-image\" alt=\"\" title=\"\" sizes=\"auto, (min-width: 1300px) 33vw, (min-width: 1000px) 33vw, (min-width: 690px) 100vw, 100vw\" \/><\/span><\/a><span class=\"meta-category\"><a class=\"66927\" href=\"https:\/\/archive.classiccar-auctions.com\/de\/category\/66927\/\">66927<\/a><\/span><a class=\"entire-meta-link\" href=\"https:\/\/archive.classiccar-auctions.com\/de\/saab-9-3-2-0t-aero-m6-2005\/\" ><span class=\"screen-reader-text\">Saab 9.3 2.0t Aero M6 2005<\/span><\/a>\n            <div class=\"article-content-wrap\">\n              <div class=\"post-header\">\n                <span class=\"meta\"> 14. September 2022 <\/span>\n                <h3 class=\"title\">Saab 9.3 2.0t Aero M6 2005<\/h3>\n              <\/div><!--\/post-header-->\n              <div class=\"excerpt\">\n                66927-17 | 3.000-3.200 \u20ac | Weiterlesen              <\/div>\n            <\/div>\n\n            <div class=\"post-meta\">\n              <span class=\"meta-author\"> <a href=\"https:\/\/archive.classiccar-auctions.com\/de\/author\/administrator\/\"> <i class=\"icon-default-style icon-salient-m-user\"><\/i> Administrator<\/a> <\/span>\n\n              \n              <div class=\"nectar-love-wrap\">\n                <a href=\"#\" class=\"nectar-love\" id=\"nectar-love-451758\" title=\"liebe das\"> <i class=\"icon-salient-heart-2\"><\/i><span class=\"love-text\">Liebe<\/span><span class=\"total_loves\"><span class=\"nectar-love-count\">0<\/span><\/span><\/a>              <\/div><!--\/nectar-love-wrap-->\n            <\/div>\n\n          <\/div>\n\n        \n      <\/div><!--\/col-->\n\n      \n      <div class=\"col span_4 post-451760 post type-post status-publish format-standard has-post-thumbnail category-614 tag-saab\" >\n\n        \n            <div class=\"inner-wrap post-451760 post type-post status-publish format-standard has-post-thumbnail category-614 tag-saab\">\n\n            <a href=\"https:\/\/archive.classiccar-auctions.com\/de\/saab-9-5-2-0t-sport-estate-biopower\/\"  class=\"img-link\"><span class=\"post-featured-img\"><img loading=\"lazy\" decoding=\"async\" width=\"1600\" height=\"1067\" src=\"https:\/\/archive.classiccar-auctions.com\/wp-content\/uploads\/2022\/09\/2022-E10-27-1.jpg\" class=\"attachment-portfolio-thumb size-portfolio-thumb wp-post-image\" alt=\"\" title=\"\" sizes=\"auto, (min-width: 1300px) 33vw, (min-width: 1000px) 33vw, (min-width: 690px) 100vw, 100vw\" \/><\/span><\/a><span class=\"meta-category\"><a class=\"66927\" href=\"https:\/\/archive.classiccar-auctions.com\/de\/category\/66927\/\">66927<\/a><\/span><a class=\"entire-meta-link\" href=\"https:\/\/archive.classiccar-auctions.com\/de\/saab-9-5-2-0t-sport-estate-biopower\/\" ><span class=\"screen-reader-text\">Saab 9-5 2.0t Sportkombi Biopower<\/span><\/a>\n            <div class=\"article-content-wrap\">\n              <div class=\"post-header\">\n                <span class=\"meta\"> 14. September 2022 <\/span>\n                <h3 class=\"title\">Saab 9-5 2.0t Sportkombi Biopower<\/h3>\n              <\/div><!--\/post-header-->\n              <div class=\"excerpt\">\n                66927-18 | 3.000-3.200 \u20ac | Weiterlesen              <\/div>\n            <\/div>\n\n            <div class=\"post-meta\">\n              <span class=\"meta-author\"> <a href=\"https:\/\/archive.classiccar-auctions.com\/de\/author\/administrator\/\"> <i class=\"icon-default-style icon-salient-m-user\"><\/i> Administrator<\/a> <\/span>\n\n              \n              <div class=\"nectar-love-wrap\">\n                <a href=\"#\" class=\"nectar-love\" id=\"nectar-love-451760\" title=\"liebe das\"> <i class=\"icon-salient-heart-2\"><\/i><span class=\"love-text\">Liebe<\/span><span class=\"total_loves\"><span class=\"nectar-love-count\">0<\/span><\/span><\/a>              <\/div><!--\/nectar-love-wrap-->\n            <\/div>\n\n          <\/div>\n\n        \n      <\/div><!--\/col-->\n\n      \n      <div class=\"col span_4 post-451762 post type-post status-publish format-standard has-post-thumbnail category-614 tag-saab\" >\n\n        \n            <div class=\"inner-wrap post-451762 post type-post status-publish format-standard has-post-thumbnail category-614 tag-saab\">\n\n            <a href=\"https:\/\/archive.classiccar-auctions.com\/de\/saab-9-3-se-2-0t-cabriolet-1998-2\/\"  class=\"img-link\"><span class=\"post-featured-img\"><img loading=\"lazy\" decoding=\"async\" width=\"1600\" height=\"1197\" src=\"https:\/\/archive.classiccar-auctions.com\/wp-content\/uploads\/2022\/09\/62783-25-1.jpg\" class=\"attachment-portfolio-thumb size-portfolio-thumb wp-post-image\" alt=\"\" title=\"\" sizes=\"auto, (min-width: 1300px) 33vw, (min-width: 1000px) 33vw, (min-width: 690px) 100vw, 100vw\" \/><\/span><\/a><span class=\"meta-category\"><a class=\"66927\" href=\"https:\/\/archive.classiccar-auctions.com\/de\/category\/66927\/\">66927<\/a><\/span><a class=\"entire-meta-link\" href=\"https:\/\/archive.classiccar-auctions.com\/de\/saab-9-3-se-2-0t-cabriolet-1998-2\/\" ><span class=\"screen-reader-text\">Saab 9-3 SE 2.0t Cabrio 1998<\/span><\/a>\n            <div class=\"article-content-wrap\">\n              <div class=\"post-header\">\n                <span class=\"meta\"> 14. September 2022 <\/span>\n                <h3 class=\"title\">Saab 9-3 SE 2.0t Cabrio 1998<\/h3>\n              <\/div><!--\/post-header-->\n              <div class=\"excerpt\">\n                66927-19 | 6.000\u20136.800 \u20ac | Weiterlesen              <\/div>\n            <\/div>\n\n            <div class=\"post-meta\">\n              <span class=\"meta-author\"> <a href=\"https:\/\/archive.classiccar-auctions.com\/de\/author\/administrator\/\"> <i class=\"icon-default-style icon-salient-m-user\"><\/i> Administrator<\/a> <\/span>\n\n              \n              <div class=\"nectar-love-wrap\">\n                <a href=\"#\" class=\"nectar-love\" id=\"nectar-love-451762\" title=\"liebe das\"> <i class=\"icon-salient-heart-2\"><\/i><span class=\"love-text\">Liebe<\/span><span class=\"total_loves\"><span class=\"nectar-love-count\">0<\/span><\/span><\/a>              <\/div><!--\/nectar-love-wrap-->\n            <\/div>\n\n          <\/div>\n\n        \n      <\/div><!--\/col-->\n\n      \n      <div class=\"col span_4 post-451764 post type-post status-publish format-standard has-post-thumbnail category-614 tag-honda\" >\n\n        \n            <div class=\"inner-wrap post-451764 post type-post status-publish format-standard has-post-thumbnail category-614 tag-honda\">\n\n            <a href=\"https:\/\/archive.classiccar-auctions.com\/de\/honda-sp1-2000\/\"  class=\"img-link\"><span class=\"post-featured-img\"><img loading=\"lazy\" decoding=\"async\" width=\"1600\" height=\"1067\" src=\"https:\/\/archive.classiccar-auctions.com\/wp-content\/uploads\/2022\/09\/2022-E10-17-1.jpg\" class=\"attachment-portfolio-thumb size-portfolio-thumb wp-post-image\" alt=\"\" title=\"\" sizes=\"auto, (min-width: 1300px) 33vw, (min-width: 1000px) 33vw, (min-width: 690px) 100vw, 100vw\" \/><\/span><\/a><span class=\"meta-category\"><a class=\"66927\" href=\"https:\/\/archive.classiccar-auctions.com\/de\/category\/66927\/\">66927<\/a><\/span><a class=\"entire-meta-link\" href=\"https:\/\/archive.classiccar-auctions.com\/de\/honda-sp1-2000\/\" ><span class=\"screen-reader-text\">Honda SP1 2000<\/span><\/a>\n            <div class=\"article-content-wrap\">\n              <div class=\"post-header\">\n                <span class=\"meta\"> 14. September 2022 <\/span>\n                <h3 class=\"title\">Honda SP1 2000<\/h3>\n              <\/div><!--\/post-header-->\n              <div class=\"excerpt\">\n                66927-20 | 5.500\u20137.000 \u20ac | Weiterlesen              <\/div>\n            <\/div>\n\n            <div class=\"post-meta\">\n              <span class=\"meta-author\"> <a href=\"https:\/\/archive.classiccar-auctions.com\/de\/author\/administrator\/\"> <i class=\"icon-default-style icon-salient-m-user\"><\/i> Administrator<\/a> <\/span>\n\n              \n              <div class=\"nectar-love-wrap\">\n                <a href=\"#\" class=\"nectar-love\" id=\"nectar-love-451764\" title=\"liebe das\"> <i class=\"icon-salient-heart-2\"><\/i><span class=\"love-text\">Liebe<\/span><span class=\"total_loves\"><span class=\"nectar-love-count\">0<\/span><\/span><\/a>              <\/div><!--\/nectar-love-wrap-->\n            <\/div>\n\n          <\/div>\n\n        \n      <\/div><!--\/col-->\n\n      \n      <div class=\"col span_4 post-451766 post type-post status-publish format-standard has-post-thumbnail category-614 tag-bimota\" >\n\n        \n            <div class=\"inner-wrap post-451766 post type-post status-publish format-standard has-post-thumbnail category-614 tag-bimota\">\n\n            <a href=\"https:\/\/archive.classiccar-auctions.com\/de\/bimota-yb8-1996-2\/\"  class=\"img-link\"><span class=\"post-featured-img\"><img loading=\"lazy\" decoding=\"async\" width=\"1600\" height=\"1200\" src=\"https:\/\/archive.classiccar-auctions.com\/wp-content\/uploads\/2022\/09\/2022-E9-16-1.jpg\" class=\"attachment-portfolio-thumb size-portfolio-thumb wp-post-image\" alt=\"\" title=\"\" sizes=\"auto, (min-width: 1300px) 33vw, (min-width: 1000px) 33vw, (min-width: 690px) 100vw, 100vw\" \/><\/span><\/a><span class=\"meta-category\"><a class=\"66927\" href=\"https:\/\/archive.classiccar-auctions.com\/de\/category\/66927\/\">66927<\/a><\/span><a class=\"entire-meta-link\" href=\"https:\/\/archive.classiccar-auctions.com\/de\/bimota-yb8-1996-2\/\" ><span class=\"screen-reader-text\">Bimota YB8 1996<\/span><\/a>\n            <div class=\"article-content-wrap\">\n              <div class=\"post-header\">\n                <span class=\"meta\"> 14. September 2022 <\/span>\n                <h3 class=\"title\">Bimota YB8 1996<\/h3>\n              <\/div><!--\/post-header-->\n              <div class=\"excerpt\">\n                66927-21 | 16.750-19.500 \u20ac | Weiterlesen              <\/div>\n            <\/div>\n\n            <div class=\"post-meta\">\n              <span class=\"meta-author\"> <a href=\"https:\/\/archive.classiccar-auctions.com\/de\/author\/administrator\/\"> <i class=\"icon-default-style icon-salient-m-user\"><\/i> Administrator<\/a> <\/span>\n\n              \n              <div class=\"nectar-love-wrap\">\n                <a href=\"#\" class=\"nectar-love\" id=\"nectar-love-451766\" title=\"liebe das\"> <i class=\"icon-salient-heart-2\"><\/i><span class=\"love-text\">Liebe<\/span><span class=\"total_loves\"><span class=\"nectar-love-count\">0<\/span><\/span><\/a>              <\/div><!--\/nectar-love-wrap-->\n            <\/div>\n\n          <\/div>\n\n        \n      <\/div><!--\/col-->\n\n      \n      <div class=\"col span_4 post-451768 post type-post status-publish format-standard has-post-thumbnail category-614 tag-harley-davidson\" >\n\n        \n            <div class=\"inner-wrap post-451768 post type-post status-publish format-standard has-post-thumbnail category-614 tag-harley-davidson\">\n\n            <a href=\"https:\/\/archive.classiccar-auctions.com\/de\/harley-davidson-heritage-classic-efi-2002-2\/\"  class=\"img-link\"><span class=\"post-featured-img\"><img loading=\"lazy\" decoding=\"async\" width=\"1600\" height=\"1200\" src=\"https:\/\/archive.classiccar-auctions.com\/wp-content\/uploads\/2022\/09\/2022-E9-18-1.jpg\" class=\"attachment-portfolio-thumb size-portfolio-thumb wp-post-image\" alt=\"\" title=\"\" sizes=\"auto, (min-width: 1300px) 33vw, (min-width: 1000px) 33vw, (min-width: 690px) 100vw, 100vw\" \/><\/span><\/a><span class=\"meta-category\"><a class=\"66927\" href=\"https:\/\/archive.classiccar-auctions.com\/de\/category\/66927\/\">66927<\/a><\/span><a class=\"entire-meta-link\" href=\"https:\/\/archive.classiccar-auctions.com\/de\/harley-davidson-heritage-classic-efi-2002-2\/\" ><span class=\"screen-reader-text\">Harley Davidson Heritage Classic EFI 2002<\/span><\/a>\n            <div class=\"article-content-wrap\">\n              <div class=\"post-header\">\n                <span class=\"meta\"> 14. September 2022 <\/span>\n                <h3 class=\"title\">Harley Davidson Heritage Classic EFI 2002<\/h3>\n              <\/div><!--\/post-header-->\n              <div class=\"excerpt\">\n                66927-22 | 12.000\u201314.000 \u20ac | Weiterlesen              <\/div>\n            <\/div>\n\n            <div class=\"post-meta\">\n              <span class=\"meta-author\"> <a href=\"https:\/\/archive.classiccar-auctions.com\/de\/author\/administrator\/\"> <i class=\"icon-default-style icon-salient-m-user\"><\/i> Administrator<\/a> <\/span>\n\n              \n              <div class=\"nectar-love-wrap\">\n                <a href=\"#\" class=\"nectar-love\" id=\"nectar-love-451768\" title=\"liebe das\"> <i class=\"icon-salient-heart-2\"><\/i><span class=\"love-text\">Liebe<\/span><span class=\"total_loves\"><span class=\"nectar-love-count\">0<\/span><\/span><\/a>              <\/div><!--\/nectar-love-wrap-->\n            <\/div>\n\n          <\/div>\n\n        \n      <\/div><!--\/col-->\n\n      \n      <div class=\"col span_4 post-451770 post type-post status-publish format-standard has-post-thumbnail category-614\" >\n\n        \n            <div class=\"inner-wrap post-451770 post type-post status-publish format-standard has-post-thumbnail category-614\">\n\n            <a href=\"https:\/\/archive.classiccar-auctions.com\/de\/ducati-750-f1-1986-2\/\"  class=\"img-link\"><span class=\"post-featured-img\"><img loading=\"lazy\" decoding=\"async\" width=\"1600\" height=\"1200\" src=\"https:\/\/archive.classiccar-auctions.com\/wp-content\/uploads\/2022\/09\/2022-E9-24-1.jpg\" class=\"attachment-portfolio-thumb size-portfolio-thumb wp-post-image\" alt=\"\" title=\"\" sizes=\"auto, (min-width: 1300px) 33vw, (min-width: 1000px) 33vw, (min-width: 690px) 100vw, 100vw\" \/><\/span><\/a><span class=\"meta-category\"><a class=\"66927\" href=\"https:\/\/archive.classiccar-auctions.com\/de\/category\/66927\/\">66927<\/a><\/span><a class=\"entire-meta-link\" href=\"https:\/\/archive.classiccar-auctions.com\/de\/ducati-750-f1-1986-2\/\" ><span class=\"screen-reader-text\">Ducati 750 F1 1986<\/span><\/a>\n            <div class=\"article-content-wrap\">\n              <div class=\"post-header\">\n                <span class=\"meta\"> 14. September 2022 <\/span>\n                <h3 class=\"title\">Ducati 750 F1 1986<\/h3>\n              <\/div><!--\/post-header-->\n              <div class=\"excerpt\">\n                66927-23 | 14.000\u201316.000 \u20ac | Weiterlesen              <\/div>\n            <\/div>\n\n            <div class=\"post-meta\">\n              <span class=\"meta-author\"> <a href=\"https:\/\/archive.classiccar-auctions.com\/de\/author\/administrator\/\"> <i class=\"icon-default-style icon-salient-m-user\"><\/i> Administrator<\/a> <\/span>\n\n              \n              <div class=\"nectar-love-wrap\">\n                <a href=\"#\" class=\"nectar-love\" id=\"nectar-love-451770\" title=\"liebe das\"> <i class=\"icon-salient-heart-2\"><\/i><span class=\"love-text\">Liebe<\/span><span class=\"total_loves\"><span class=\"nectar-love-count\">0<\/span><\/span><\/a>              <\/div><!--\/nectar-love-wrap-->\n            <\/div>\n\n          <\/div>\n\n        \n      <\/div><!--\/col-->\n\n      \n      <div class=\"col span_4 post-451772 post type-post status-publish format-standard has-post-thumbnail category-614\" >\n\n        \n            <div class=\"inner-wrap post-451772 post type-post status-publish format-standard has-post-thumbnail category-614\">\n\n            <a href=\"https:\/\/archive.classiccar-auctions.com\/de\/norton-dominator-88-1950-3\/\"  class=\"img-link\"><span class=\"post-featured-img\"><img loading=\"lazy\" decoding=\"async\" width=\"1600\" height=\"1197\" src=\"https:\/\/archive.classiccar-auctions.com\/wp-content\/uploads\/2022\/09\/2022-E6-1-1.jpg\" class=\"attachment-portfolio-thumb size-portfolio-thumb wp-post-image\" alt=\"\" title=\"\" sizes=\"auto, (min-width: 1300px) 33vw, (min-width: 1000px) 33vw, (min-width: 690px) 100vw, 100vw\" \/><\/span><\/a><span class=\"meta-category\"><a class=\"66927\" href=\"https:\/\/archive.classiccar-auctions.com\/de\/category\/66927\/\">66927<\/a><\/span><a class=\"entire-meta-link\" href=\"https:\/\/archive.classiccar-auctions.com\/de\/norton-dominator-88-1950-3\/\" ><span class=\"screen-reader-text\">Norton Dominator 88 1950<\/span><\/a>\n            <div class=\"article-content-wrap\">\n              <div class=\"post-header\">\n                <span class=\"meta\"> 14. September 2022 <\/span>\n                <h3 class=\"title\">Norton Dominator 88 1950<\/h3>\n              <\/div><!--\/post-header-->\n              <div class=\"excerpt\">\n                66927-24 | 12.000-14.500 \u20ac | Weiterlesen              <\/div>\n            <\/div>\n\n            <div class=\"post-meta\">\n              <span class=\"meta-author\"> <a href=\"https:\/\/archive.classiccar-auctions.com\/de\/author\/administrator\/\"> <i class=\"icon-default-style icon-salient-m-user\"><\/i> Administrator<\/a> <\/span>\n\n              \n              <div class=\"nectar-love-wrap\">\n                <a href=\"#\" class=\"nectar-love\" id=\"nectar-love-451772\" title=\"liebe das\"> <i class=\"icon-salient-heart-2\"><\/i><span class=\"love-text\">Liebe<\/span><span class=\"total_loves\"><span class=\"nectar-love-count\">0<\/span><\/span><\/a>              <\/div><!--\/nectar-love-wrap-->\n            <\/div>\n\n          <\/div>\n\n        \n      <\/div><!--\/col-->\n\n      \n      <div class=\"col span_4 post-451774 post type-post status-publish format-standard has-post-thumbnail category-614\" >\n\n        \n            <div class=\"inner-wrap post-451774 post type-post status-publish format-standard has-post-thumbnail category-614\">\n\n            <a href=\"https:\/\/archive.classiccar-auctions.com\/de\/yamaha-r1\/\"  class=\"img-link\"><span class=\"post-featured-img\"><img loading=\"lazy\" decoding=\"async\" width=\"1600\" height=\"1067\" src=\"https:\/\/archive.classiccar-auctions.com\/wp-content\/uploads\/2022\/09\/2022-E10-28-1.jpg\" class=\"attachment-portfolio-thumb size-portfolio-thumb wp-post-image\" alt=\"\" title=\"\" sizes=\"auto, (min-width: 1300px) 33vw, (min-width: 1000px) 33vw, (min-width: 690px) 100vw, 100vw\" \/><\/span><\/a><span class=\"meta-category\"><a class=\"66927\" href=\"https:\/\/archive.classiccar-auctions.com\/de\/category\/66927\/\">66927<\/a><\/span><a class=\"entire-meta-link\" href=\"https:\/\/archive.classiccar-auctions.com\/de\/yamaha-r1\/\" ><span class=\"screen-reader-text\">Yamaha R1<\/span><\/a>\n            <div class=\"article-content-wrap\">\n              <div class=\"post-header\">\n                <span class=\"meta\"> 14. September 2022 <\/span>\n                <h3 class=\"title\">Yamaha R1<\/h3>\n              <\/div><!--\/post-header-->\n              <div class=\"excerpt\">\n                66927-25 | 4.500\u20135.500 \u20ac | Weiterlesen              <\/div>\n            <\/div>\n\n            <div class=\"post-meta\">\n              <span class=\"meta-author\"> <a href=\"https:\/\/archive.classiccar-auctions.com\/de\/author\/administrator\/\"> <i class=\"icon-default-style icon-salient-m-user\"><\/i> Administrator<\/a> <\/span>\n\n              \n              <div class=\"nectar-love-wrap\">\n                <a href=\"#\" class=\"nectar-love\" id=\"nectar-love-451774\" title=\"liebe das\"> <i class=\"icon-salient-heart-2\"><\/i><span class=\"love-text\">Liebe<\/span><span class=\"total_loves\"><span class=\"nectar-love-count\">0<\/span><\/span><\/a>              <\/div><!--\/nectar-love-wrap-->\n            <\/div>\n\n          <\/div>\n\n        \n      <\/div><!--\/col-->\n\n      \n      <div class=\"col span_4 post-451776 post type-post status-publish format-standard has-post-thumbnail category-614\" >\n\n        \n            <div class=\"inner-wrap post-451776 post type-post status-publish format-standard has-post-thumbnail category-614\">\n\n            <a href=\"https:\/\/archive.classiccar-auctions.com\/de\/beijing-bj175zh-2005-3\/\"  class=\"img-link\"><span class=\"post-featured-img\"><img loading=\"lazy\" decoding=\"async\" width=\"1600\" height=\"1197\" src=\"https:\/\/archive.classiccar-auctions.com\/wp-content\/uploads\/2022\/09\/2022-E5-18-1.jpg\" class=\"attachment-portfolio-thumb size-portfolio-thumb wp-post-image\" alt=\"\" title=\"\" sizes=\"auto, (min-width: 1300px) 33vw, (min-width: 1000px) 33vw, (min-width: 690px) 100vw, 100vw\" \/><\/span><\/a><span class=\"meta-category\"><a class=\"66927\" href=\"https:\/\/archive.classiccar-auctions.com\/de\/category\/66927\/\">66927<\/a><\/span><a class=\"entire-meta-link\" href=\"https:\/\/archive.classiccar-auctions.com\/de\/beijing-bj175zh-2005-3\/\" ><span class=\"screen-reader-text\">Peking BJ175ZH 2005<\/span><\/a>\n            <div class=\"article-content-wrap\">\n              <div class=\"post-header\">\n                <span class=\"meta\"> 14. September 2022 <\/span>\n                <h3 class=\"title\">Peking BJ175ZH 2005<\/h3>\n              <\/div><!--\/post-header-->\n              <div class=\"excerpt\">\n                66927-26 | 3.500\u20134.500 \u20ac | Weiterlesen              <\/div>\n            <\/div>\n\n            <div class=\"post-meta\">\n              <span class=\"meta-author\"> <a href=\"https:\/\/archive.classiccar-auctions.com\/de\/author\/administrator\/\"> <i class=\"icon-default-style icon-salient-m-user\"><\/i> Administrator<\/a> <\/span>\n\n              \n              <div class=\"nectar-love-wrap\">\n                <a href=\"#\" class=\"nectar-love\" id=\"nectar-love-451776\" title=\"liebe das\"> <i class=\"icon-salient-heart-2\"><\/i><span class=\"love-text\">Liebe<\/span><span class=\"total_loves\"><span class=\"nectar-love-count\">0<\/span><\/span><\/a>              <\/div><!--\/nectar-love-wrap-->\n            <\/div>\n\n          <\/div>\n\n        \n      <\/div><!--\/col-->\n\n      \n      <div class=\"col span_4 post-451778 post type-post status-publish format-standard has-post-thumbnail category-614\" >\n\n        \n            <div class=\"inner-wrap post-451778 post type-post status-publish format-standard has-post-thumbnail category-614\">\n\n            <a href=\"https:\/\/archive.classiccar-auctions.com\/de\/piaggio-ape-city-2021-4\/\"  class=\"img-link\"><span class=\"post-featured-img\"><img loading=\"lazy\" decoding=\"async\" width=\"1600\" height=\"1197\" src=\"https:\/\/archive.classiccar-auctions.com\/wp-content\/uploads\/2022\/09\/2022-E4-4-1.jpg\" class=\"attachment-portfolio-thumb size-portfolio-thumb wp-post-image\" alt=\"\" title=\"\" sizes=\"auto, (min-width: 1300px) 33vw, (min-width: 1000px) 33vw, (min-width: 690px) 100vw, 100vw\" \/><\/span><\/a><span class=\"meta-category\"><a class=\"66927\" href=\"https:\/\/archive.classiccar-auctions.com\/de\/category\/66927\/\">66927<\/a><\/span><a class=\"entire-meta-link\" href=\"https:\/\/archive.classiccar-auctions.com\/de\/piaggio-ape-city-2021-4\/\" ><span class=\"screen-reader-text\">Piaggio Ape City 2021<\/span><\/a>\n            <div class=\"article-content-wrap\">\n              <div class=\"post-header\">\n                <span class=\"meta\"> 14. September 2022 <\/span>\n                <h3 class=\"title\">Piaggio Ape City 2021<\/h3>\n              <\/div><!--\/post-header-->\n              <div class=\"excerpt\">\n                66927-27 | 3.900-4.800 \u20ac | Weiterlesen              <\/div>\n            <\/div>\n\n            <div class=\"post-meta\">\n              <span class=\"meta-author\"> <a href=\"https:\/\/archive.classiccar-auctions.com\/de\/author\/administrator\/\"> <i class=\"icon-default-style icon-salient-m-user\"><\/i> Administrator<\/a> <\/span>\n\n              \n              <div class=\"nectar-love-wrap\">\n                <a href=\"#\" class=\"nectar-love\" id=\"nectar-love-451778\" title=\"liebe das\"> <i class=\"icon-salient-heart-2\"><\/i><span class=\"love-text\">Liebe<\/span><span class=\"total_loves\"><span class=\"nectar-love-count\">0<\/span><\/span><\/a>              <\/div><!--\/nectar-love-wrap-->\n            <\/div>\n\n          <\/div>\n\n        \n      <\/div><!--\/col-->\n\n      \n    <\/div><!--\/blog-recent-->\n\n  \n\t\t\t<\/div> \n\t\t<\/div>\n\t<\/div> \n<\/div><\/div>","protected":false},"excerpt":{"rendered":"Piaggio Ape City 2021 Beschreibung Piaggio Ape City 2021Marktwert: \u20ac 3.900-4.800,-Datum der Erstzulassung: 01.07.2021Kraftstoff: BenzinKennzeichen: UnbekanntKarosserie: SonstigesGetriebe: ManuellKm abgelesen. Geschwindigkeit: 34 KmFarbe: RotLotart: MarginFahrzustand: Ja Lotnummer 66927-27...","protected":false},"author":1,"featured_media":0,"parent":0,"menu_order":0,"comment_status":"closed","ping_status":"closed","template":"","meta":{"footnotes":""},"class_list":["post-451415","page","type-page","status-publish"],"_links":{"self":[{"href":"https:\/\/archive.classiccar-auctions.com\/de\/wp-json\/wp\/v2\/pages\/451415","targetHints":{"allow":["GET"]}}],"collection":[{"href":"https:\/\/archive.classiccar-auctions.com\/de\/wp-json\/wp\/v2\/pages"}],"about":[{"href":"https:\/\/archive.classiccar-auctions.com\/de\/wp-json\/wp\/v2\/types\/page"}],"author":[{"embeddable":true,"href":"https:\/\/archive.classiccar-auctions.com\/de\/wp-json\/wp\/v2\/users\/1"}],"replies":[{"embeddable":true,"href":"https:\/\/archive.classiccar-auctions.com\/de\/wp-json\/wp\/v2\/comments?post=451415"}],"version-history":[{"count":0,"href":"https:\/\/archive.classiccar-auctions.com\/de\/wp-json\/wp\/v2\/pages\/451415\/revisions"}],"wp:attachment":[{"href":"https:\/\/archive.classiccar-auctions.com\/de\/wp-json\/wp\/v2\/media?parent=451415"}],"curies":[{"name":"wp","href":"https:\/\/api.w.org\/{rel}","templated":true}]}}